{"id":18238,"date":"2025-05-15T16:38:53","date_gmt":"2025-05-15T16:38:53","guid":{"rendered":"https:\/\/cedthu.rwpstaging.site\/?page_id=18238"},"modified":"2025-05-15T16:40:41","modified_gmt":"2025-05-15T16:40:41","slug":"xxiv-ifju-koreografusok-foruma-barna-krisztian-daboczi-david","status":"publish","type":"page","link":"https:\/\/cedthu.rwpstaging.site\/de\/xxiv-ifju-koreografusok-foruma-barna-krisztian-daboczi-david\/","title":{"rendered":"XXIV. Forum junger Choreographen - KRISZTI\u00c1N BARNA \/ D\u00c1VID DAB\u00d3CZI"},"content":{"rendered":"<div data-elementor-type=\"wp-page\" data-elementor-id=\"18238\" class=\"elementor elementor-18238\" data-elementor-post-type=\"page\">\n\t\t\t\t\t\t<section class=\"elementor-section elementor-top-section elementor-element elementor-element-752ee972 elementor-section-boxed elementor-section-height-default elementor-section-height-default\" data-id=\"752ee972\" data-element_type=\"section\" data-settings=\"{&quot;background_background&quot;:&quot;classic&quot;}\">\n\t\t\t\t\t\t<div class=\"elementor-container elementor-column-gap-default\">\n\t\t\t\t\t<div class=\"elementor-column elementor-col-100 elementor-top-column elementor-element elementor-element-56eacd5\" data-id=\"56eacd5\" data-element_type=\"column\">\n\t\t\t<div class=\"elementor-widget-wrap elementor-element-populated\">\n\t\t\t\t\t\t<div class=\"elementor-element elementor-element-29111095 elementor-widget elementor-widget-image\" data-id=\"29111095\" data-element_type=\"widget\" data-widget_type=\"image.default\">\n\t\t\t\t<div class=\"elementor-widget-container\">\n\t\t\t\t\t\t\t\t\t\t\t\t\t\t\t<img fetchpriority=\"high\" decoding=\"async\" width=\"2083\" height=\"1667\" src=\"https:\/\/cedthu.rwpstaging.site\/wp-content\/uploads\/2024\/11\/default500x400image.png\" class=\"attachment-full size-full wp-image-16159\" alt=\"\" srcset=\"https:\/\/cedthu.rwpstaging.site\/wp-content\/uploads\/2024\/11\/default500x400image.png 2083w, https:\/\/cedthu.rwpstaging.site\/wp-content\/uploads\/2024\/11\/default500x400image-300x240.png 300w, https:\/\/cedthu.rwpstaging.site\/wp-content\/uploads\/2024\/11\/default500x400image-1024x819.png 1024w, https:\/\/cedthu.rwpstaging.site\/wp-content\/uploads\/2024\/11\/default500x400image-768x615.png 768w, https:\/\/cedthu.rwpstaging.site\/wp-content\/uploads\/2024\/11\/default500x400image-1536x1229.png 1536w, https:\/\/cedthu.rwpstaging.site\/wp-content\/uploads\/2024\/11\/default500x400image-2048x1639.png 2048w\" sizes=\"(max-width: 2083px) 100vw, 2083px\" \/>\t\t\t\t\t\t\t\t\t\t\t\t\t\t\t<\/div>\n\t\t\t\t<\/div>\n\t\t\t\t<div class=\"elementor-element elementor-element-6711fa47 elementor-widget elementor-widget-text-editor\" data-id=\"6711fa47\" data-element_type=\"widget\" data-widget_type=\"text-editor.default\">\n\t\t\t\t<div class=\"elementor-widget-container\">\n\t\t\t\t\t\t\t\t\t<div class=\"x11i5rnm xat24cr x1mh8g0r x1vvkbs xtlvy1s\"><div class=\"show-description\"><p>Eine Vorf\u00fchrung von Kriszti\u00e1n Barna und D\u00e1vid Dab\u00f3czi, Tanzk\u00fcnstler des Central European Dance Theatre, die zum ersten Mal f\u00fcr ihre eigene Kompanie choreografieren.<\/p><p>-------<\/p><p>Dichotomie<\/p><p>\"Was sollen wir also w\u00e4hlen? Das Harte oder das Leichte? (...) Die ganze Welt ist in Gegensatzpaare eingeteilt: Licht-Dunkelheit, Feinheit-Rauheit, W\u00e4rme-K\u00e4lte, Sein-Nichts. Ein Pol des Gegensatzpaares galt als positiv (Licht, W\u00e4rme, Feinheit, Sein), der andere als negativ. Eine solche Aufteilung in negative und positive Pole k\u00f6nnte man als Kinderspiel bezeichnen. (...) Nur eines ist sicher: Der Gegensatz zwischen schwer und leicht ist der offensichtlichste und klarste aller Gegens\u00e4tze.\" \/Milan Kundera: Die unertr\u00e4gliche Leichtigkeit des Seins\/<\/p><p>Wie sieht die gleiche Bewegung mit entgegengesetzten Ladungen aus, k\u00f6nnen diese Energien \u00fcberhaupt Gegens\u00e4tze sein? Oder getrennt, k\u00f6nnte die eine nicht ohne die andere existieren?<\/p><p>-------<\/p><p>HIM<\/p><p>So wie jeder Mann weibliche Energie hat, hat jede Frau m\u00e4nnliche Energie. Mit diesem Gedanken im Hinterkopf hatte ich eine einfache Idee. Geben wir dem Zuschauer einen Titel: 'HIM' (englisches Pronomen, Singular 3. Person, m\u00e4nnliches Geschlecht, Objektfall). Wenn er dann zur Auff\u00fchrung kommt, zeigen wir ihm die Geschichte von vier M\u00e4dchen. Was wird er denken? Womit wird er assoziieren? Wo ist dieser Junge? Worum wird es in der Auff\u00fchrung gehen? Geht es um einen Mann oder eine Frau? Beide oder keine?<\/p><\/div><\/div>\t\t\t\t\t\t\t\t<\/div>\n\t\t\t\t<\/div>\n\t\t\t\t<div class=\"elementor-element elementor-element-19a0f211 elementor-widget elementor-widget-heading\" data-id=\"19a0f211\" data-element_type=\"widget\" data-widget_type=\"heading.default\">\n\t\t\t\t<div class=\"elementor-widget-container\">\n\t\t\t\t\t<h2 class=\"elementor-heading-title elementor-size-default\">Sch\u00f6pfer<\/h2>\t\t\t\t<\/div>\n\t\t\t\t<\/div>\n\t\t\t\t<div class=\"elementor-element elementor-element-3866c548 elementor-widget-divider--view-line elementor-widget elementor-widget-divider\" data-id=\"3866c548\" data-element_type=\"widget\" data-widget_type=\"divider.default\">\n\t\t\t\t<div class=\"elementor-widget-container\">\n\t\t\t\t\t\t\t<div class=\"elementor-divider\">\n\t\t\t<span class=\"elementor-divider-separator\">\n\t\t\t\t\t\t<\/span>\n\t\t<\/div>\n\t\t\t\t\t\t<\/div>\n\t\t\t\t<\/div>\n\t\t\t\t<div class=\"elementor-element elementor-element-3517cbc0 elementor-widget elementor-widget-text-editor\" data-id=\"3517cbc0\" data-element_type=\"widget\" data-widget_type=\"text-editor.default\">\n\t\t\t\t<div class=\"elementor-widget-container\">\n\t\t\t\t\t\t\t\t\t<div class=\"show-actors\"><div id=\"nested-actors\"><div class=\"show-actors\"><div id=\"nested-actors\"><div><h3>Dichotomie<\/h3><\/div><div><h3>Choreograph<\/h3><ul><li>Kriszti\u00e1n Barna<\/li><\/ul><\/div><div><h3>Musik-Editor<\/h3><ul><li>madla<\/li><\/ul><\/div><div><h3>Licht<\/h3><ul><li>Zolt\u00e1n Fogarasi<\/li><\/ul><\/div><div><h3>Tanzk\u00fcnstler<\/h3><ul><li>Kriszti\u00e1n Barna<\/li><li>L\u00e9na Horv\u00e1th<\/li><li>Edmond Kisbakonyi<\/li><li>G\u00e1bor Kindl<\/li><li>Mohai Cintia<\/li><li>Sinka L\u00eddia<\/li><\/ul><\/div><div><h3>&#8212;&#8212;&#8212;&#8212;&#8212;-<\/h3><\/div><div><h3>HIM<\/h3><\/div><div><h3>Choreograph<\/h3><ul><li>D\u00e1vid Dab\u00f3czi<\/li><\/ul><\/div><div><h3>Musik-Editor<\/h3><ul><li>madla<\/li><\/ul><\/div><div><h3>Licht<\/h3><ul><li>Zolt\u00e1n Fogarasi<\/li><\/ul><\/div><div><h3>Tanzk\u00fcnstler<\/h3><ul><li>R\u00e9ka Gyevn\u00e1r<\/li><li>L\u00e9na Horv\u00e1th<\/li><li>Mohai Cintia<\/li><li>Sinka L\u00eddia<\/li><\/ul><\/div><\/div><\/div><\/div><\/div>\t\t\t\t\t\t\t\t<\/div>\n\t\t\t\t<\/div>\n\t\t\t\t<div class=\"elementor-element elementor-element-70907595 elementor-widget elementor-widget-gallery\" data-id=\"70907595\" data-element_type=\"widget\" data-settings=\"{&quot;columns&quot;:3,&quot;lazyload&quot;:&quot;yes&quot;,&quot;gallery_layout&quot;:&quot;grid&quot;,&quot;columns_tablet&quot;:2,&quot;columns_mobile&quot;:1,&quot;gap&quot;:{&quot;unit&quot;:&quot;px&quot;,&quot;size&quot;:10,&quot;sizes&quot;:[]},&quot;gap_tablet&quot;:{&quot;unit&quot;:&quot;px&quot;,&quot;size&quot;:10,&quot;sizes&quot;:[]},&quot;gap_mobile&quot;:{&quot;unit&quot;:&quot;px&quot;,&quot;size&quot;:10,&quot;sizes&quot;:[]},&quot;link_to&quot;:&quot;file&quot;,&quot;aspect_ratio&quot;:&quot;3:2&quot;,&quot;overlay_background&quot;:&quot;yes&quot;,&quot;content_hover_animation&quot;:&quot;fade-in&quot;}\" data-widget_type=\"gallery.default\">\n\t\t\t\t<div class=\"elementor-widget-container\">\n\t\t\t\t\t\t\t<div class=\"elementor-gallery__container\">\n\t\t\t\t\t\t\t<a class=\"e-gallery-item elementor-gallery-item elementor-animated-content\" href=\"https:\/\/cedthu.rwpstaging.site\/wp-content\/uploads\/2022\/11\/Dich_079.jpg\" data-elementor-open-lightbox=\"yes\" data-elementor-lightbox-slideshow=\"70907595\" data-elementor-lightbox-title=\"Dich_079\" data-e-action-hash=\"#elementor-action%3Aaction%3Dlightbox%26settings%3DeyJpZCI6MTAxNzIsInVybCI6Imh0dHBzOlwvXC9jZWR0aHUucndwc3RhZ2luZy5zaXRlXC93cC1jb250ZW50XC91cGxvYWRzXC8yMDIyXC8xMVwvRGljaF8wNzkuanBnIiwic2xpZGVzaG93IjoiNzA5MDc1OTUifQ%3D%3D\">\n\t\t\t\t\t<div class=\"e-gallery-image elementor-gallery-item__image\" data-thumbnail=\"https:\/\/cedthu.rwpstaging.site\/wp-content\/uploads\/2022\/11\/Dich_079-300x200.jpg\" data-width=\"300\" data-height=\"200\" aria-label=\"\" role=\"img\" ><\/div>\n\t\t\t\t\t\t\t\t\t\t\t<div class=\"elementor-gallery-item__overlay\"><\/div>\n\t\t\t\t\t\t\t\t\t\t\t\t\t\t<\/a>\n\t\t\t\t\t\t\t<a class=\"e-gallery-item elementor-gallery-item elementor-animated-content\" href=\"https:\/\/cedthu.rwpstaging.site\/wp-content\/uploads\/2022\/11\/Dich_131.jpg\" data-elementor-open-lightbox=\"yes\" data-elementor-lightbox-slideshow=\"70907595\" data-elementor-lightbox-title=\"Dich_131\" data-e-action-hash=\"#elementor-action%3Aaction%3Dlightbox%26settings%3DeyJpZCI6MTAxNzQsInVybCI6Imh0dHBzOlwvXC9jZWR0aHUucndwc3RhZ2luZy5zaXRlXC93cC1jb250ZW50XC91cGxvYWRzXC8yMDIyXC8xMVwvRGljaF8xMzEuanBnIiwic2xpZGVzaG93IjoiNzA5MDc1OTUifQ%3D%3D\">\n\t\t\t\t\t<div class=\"e-gallery-image elementor-gallery-item__image\" data-thumbnail=\"https:\/\/cedthu.rwpstaging.site\/wp-content\/uploads\/2022\/11\/Dich_131-300x200.jpg\" data-width=\"300\" data-height=\"200\" aria-label=\"\" role=\"img\" ><\/div>\n\t\t\t\t\t\t\t\t\t\t\t<div class=\"elementor-gallery-item__overlay\"><\/div>\n\t\t\t\t\t\t\t\t\t\t\t\t\t\t<\/a>\n\t\t\t\t\t\t\t<a class=\"e-gallery-item elementor-gallery-item elementor-animated-content\" href=\"https:\/\/cedthu.rwpstaging.site\/wp-content\/uploads\/2022\/11\/Dich_142.jpg\" data-elementor-open-lightbox=\"yes\" data-elementor-lightbox-slideshow=\"70907595\" data-elementor-lightbox-title=\"Dich_142\" data-e-action-hash=\"#elementor-action%3Aaction%3Dlightbox%26settings%3DeyJpZCI6MTAxNzYsInVybCI6Imh0dHBzOlwvXC9jZWR0aHUucndwc3RhZ2luZy5zaXRlXC93cC1jb250ZW50XC91cGxvYWRzXC8yMDIyXC8xMVwvRGljaF8xNDIuanBnIiwic2xpZGVzaG93IjoiNzA5MDc1OTUifQ%3D%3D\">\n\t\t\t\t\t<div class=\"e-gallery-image elementor-gallery-item__image\" data-thumbnail=\"https:\/\/cedthu.rwpstaging.site\/wp-content\/uploads\/2022\/11\/Dich_142-300x200.jpg\" data-width=\"300\" data-height=\"200\" aria-label=\"\" role=\"img\" ><\/div>\n\t\t\t\t\t\t\t\t\t\t\t<div class=\"elementor-gallery-item__overlay\"><\/div>\n\t\t\t\t\t\t\t\t\t\t\t\t\t\t<\/a>\n\t\t\t\t\t<\/div>\n\t\t\t\t\t<\/div>\n\t\t\t\t<\/div>\n\t\t\t\t\t<\/div>\n\t\t<\/div>\n\t\t\t\t\t<\/div>\n\t\t<\/section>\n\t\t\t\t<\/div>","protected":false},"excerpt":{"rendered":"<p>Barna Kriszti\u00e1n \u00e9s Dab\u00f3czi D\u00e1vid, a K\u00f6z\u00e9p-Eur\u00f3pa T\u00e1ncs\u00ednh\u00e1z t\u00e1ncm\u0171v\u00e9szeinek demonstr\u00e1ci\u00f3ja, ahol els\u0151 alkalommal koreograf\u00e1lnak saj\u00e1t t\u00e1rsulatuknak. \u2014\u2014\u2014\u2014\u2014\u2014- Dichot\u00f3mia \u201eAkkor h\u00e1t mit v\u00e1lasszunk ? A nehezet vagy a k\u00f6nny\u0171t? (\u2026) Az eg\u00e9sz vil\u00e1g ellent\u00e9tp\u00e1rokra van felosztva: f\u00e9ny-s\u00f6t\u00e9ts\u00e9g, finoms\u00e1g-durvas\u00e1g, meleg-hideg, l\u00e9t-neml\u00e9t. Az ellent\u00e9tp\u00e1r egyik p\u00f3lus\u00e1t pozit\u00edvnak tartotta (f\u00e9ny, meleg, finoms\u00e1g, l\u00e9t), a m\u00e1sikat negat\u00edvnak. Az eff\u00e9le negat\u00edv [&hellip;]<\/p>","protected":false},"author":1,"featured_media":0,"parent":0,"menu_order":0,"comment_status":"closed","ping_status":"closed","template":"elementor_header_footer","meta":{"footnotes":""},"class_list":["post-18238","page","type-page","status-publish","hentry"],"yoast_head":"<!-- This site is optimized with the Yoast SEO plugin v26.0 - https:\/\/yoast.com\/wordpress\/plugins\/seo\/ -->\n<title>XXIV. Ifj\u00fa Koreogr\u00e1fusok F\u00f3ruma \u2013 BARNA KRISZTI\u00c1N \/ DAB\u00d3CZI D\u00c1VID - KET<\/title>\n<meta name=\"robots\" content=\"index, follow, max-snippet:-1, max-image-preview:large, max-video-preview:-1\" \/>\n<link rel=\"canonical\" href=\"https:\/\/cedthu.rwpstaging.site\/de\/xxiv-ifju-koreografusok-foruma-barna-krisztian-daboczi-david\/\" \/>\n<meta name=\"twitter:card\" content=\"summary_large_image\" \/>\n<meta name=\"twitter:title\" content=\"XXIV. Ifj\u00fa Koreogr\u00e1fusok F\u00f3ruma \u2013 BARNA KRISZTI\u00c1N \/ DAB\u00d3CZI D\u00c1VID - KET\" \/>\n<meta name=\"twitter:description\" content=\"Barna Kriszti\u00e1n \u00e9s Dab\u00f3czi D\u00e1vid, a K\u00f6z\u00e9p-Eur\u00f3pa T\u00e1ncs\u00ednh\u00e1z t\u00e1ncm\u0171v\u00e9szeinek demonstr\u00e1ci\u00f3ja, ahol els\u0151 alkalommal koreograf\u00e1lnak saj\u00e1t t\u00e1rsulatuknak. \u2014\u2014\u2014\u2014\u2014\u2014- Dichot\u00f3mia \u201eAkkor h\u00e1t mit v\u00e1lasszunk ? A nehezet vagy a k\u00f6nny\u0171t? (\u2026) Az eg\u00e9sz vil\u00e1g ellent\u00e9tp\u00e1rokra van felosztva: f\u00e9ny-s\u00f6t\u00e9ts\u00e9g, finoms\u00e1g-durvas\u00e1g, meleg-hideg, l\u00e9t-neml\u00e9t. Az ellent\u00e9tp\u00e1r egyik p\u00f3lus\u00e1t pozit\u00edvnak tartotta (f\u00e9ny, meleg, finoms\u00e1g, l\u00e9t), a m\u00e1sikat negat\u00edvnak. Az eff\u00e9le negat\u00edv [&hellip;]\" \/>\n<meta name=\"twitter:image\" content=\"https:\/\/cedthu.rwpstaging.site\/wp-content\/uploads\/2024\/11\/default500x400image.png\" \/>\n<meta name=\"twitter:label1\" content=\"Gesch\u00e4tzte Lesezeit\" \/>\n\t<meta name=\"twitter:data1\" content=\"2\u00a0Minuten\" \/>\n<script type=\"application\/ld+json\" class=\"yoast-schema-graph\">{\"@context\":\"https:\/\/schema.org\",\"@graph\":[{\"@type\":\"WebPage\",\"@id\":\"https:\/\/cedthu.rwpstaging.site\/xxiv-ifju-koreografusok-foruma-barna-krisztian-daboczi-david\/\",\"url\":\"https:\/\/cedthu.rwpstaging.site\/xxiv-ifju-koreografusok-foruma-barna-krisztian-daboczi-david\/\",\"name\":\"XXIV. Ifj\u00fa Koreogr\u00e1fusok F\u00f3ruma \u2013 BARNA KRISZTI\u00c1N \/ DAB\u00d3CZI D\u00c1VID - KET\",\"isPartOf\":{\"@id\":\"https:\/\/cedthu.rwpstaging.site\/#website\"},\"primaryImageOfPage\":{\"@id\":\"https:\/\/cedthu.rwpstaging.site\/xxiv-ifju-koreografusok-foruma-barna-krisztian-daboczi-david\/#primaryimage\"},\"image\":{\"@id\":\"https:\/\/cedthu.rwpstaging.site\/xxiv-ifju-koreografusok-foruma-barna-krisztian-daboczi-david\/#primaryimage\"},\"thumbnailUrl\":\"https:\/\/cedthu.rwpstaging.site\/wp-content\/uploads\/2024\/11\/default500x400image.png\",\"datePublished\":\"2025-05-15T16:38:53+00:00\",\"dateModified\":\"2025-05-15T16:40:41+00:00\",\"breadcrumb\":{\"@id\":\"https:\/\/cedthu.rwpstaging.site\/xxiv-ifju-koreografusok-foruma-barna-krisztian-daboczi-david\/#breadcrumb\"},\"inLanguage\":\"de\",\"potentialAction\":[{\"@type\":\"ReadAction\",\"target\":[\"https:\/\/cedthu.rwpstaging.site\/xxiv-ifju-koreografusok-foruma-barna-krisztian-daboczi-david\/\"]}]},{\"@type\":\"ImageObject\",\"inLanguage\":\"de\",\"@id\":\"https:\/\/cedthu.rwpstaging.site\/xxiv-ifju-koreografusok-foruma-barna-krisztian-daboczi-david\/#primaryimage\",\"url\":\"https:\/\/cedthu.rwpstaging.site\/wp-content\/uploads\/2024\/11\/default500x400image.png\",\"contentUrl\":\"https:\/\/cedthu.rwpstaging.site\/wp-content\/uploads\/2024\/11\/default500x400image.png\"},{\"@type\":\"BreadcrumbList\",\"@id\":\"https:\/\/cedthu.rwpstaging.site\/xxiv-ifju-koreografusok-foruma-barna-krisztian-daboczi-david\/#breadcrumb\",\"itemListElement\":[{\"@type\":\"ListItem\",\"position\":1,\"name\":\"Home\",\"item\":\"https:\/\/cedthu.rwpstaging.site\/\"},{\"@type\":\"ListItem\",\"position\":2,\"name\":\"XXIV. Ifj\u00fa Koreogr\u00e1fusok F\u00f3ruma \u2013 BARNA KRISZTI\u00c1N \/ DAB\u00d3CZI D\u00c1VID\"}]},{\"@type\":\"WebSite\",\"@id\":\"https:\/\/cedthu.rwpstaging.site\/#website\",\"url\":\"https:\/\/cedthu.rwpstaging.site\/\",\"name\":\"KET\",\"description\":\"K\u00f6z\u00e9p-Eur\u00f3pa T\u00e1ncsz\u00ednh\u00e1z\",\"publisher\":{\"@id\":\"https:\/\/cedthu.rwpstaging.site\/#organization\"},\"potentialAction\":[{\"@type\":\"SearchAction\",\"target\":{\"@type\":\"EntryPoint\",\"urlTemplate\":\"https:\/\/cedthu.rwpstaging.site\/?s={search_term_string}\"},\"query-input\":{\"@type\":\"PropertyValueSpecification\",\"valueRequired\":true,\"valueName\":\"search_term_string\"}}],\"inLanguage\":\"de\"},{\"@type\":\"Organization\",\"@id\":\"https:\/\/cedthu.rwpstaging.site\/#organization\",\"name\":\"KET\",\"url\":\"https:\/\/cedthu.rwpstaging.site\/\",\"logo\":{\"@type\":\"ImageObject\",\"inLanguage\":\"de\",\"@id\":\"https:\/\/cedthu.rwpstaging.site\/#\/schema\/logo\/image\/\",\"url\":\"https:\/\/cedthu.rwpstaging.site\/wp-content\/uploads\/2024\/03\/cropped-KET-NYomda-logo2.png\",\"contentUrl\":\"https:\/\/cedthu.rwpstaging.site\/wp-content\/uploads\/2024\/03\/cropped-KET-NYomda-logo2.png\",\"width\":300,\"height\":326,\"caption\":\"KET\"},\"image\":{\"@id\":\"https:\/\/cedthu.rwpstaging.site\/#\/schema\/logo\/image\/\"}}]}<\/script>\n<!-- \/ Yoast SEO plugin. -->","yoast_head_json":{"title":"XXIV. Ifj\u00fa Koreogr\u00e1fusok F\u00f3ruma \u2013 BARNA KRISZTI\u00c1N \/ DAB\u00d3CZI D\u00c1VID - KET","robots":{"index":"index","follow":"follow","max-snippet":"max-snippet:-1","max-image-preview":"max-image-preview:large","max-video-preview":"max-video-preview:-1"},"canonical":"https:\/\/cedthu.rwpstaging.site\/de\/xxiv-ifju-koreografusok-foruma-barna-krisztian-daboczi-david\/","twitter_card":"summary_large_image","twitter_title":"XXIV. Ifj\u00fa Koreogr\u00e1fusok F\u00f3ruma \u2013 BARNA KRISZTI\u00c1N \/ DAB\u00d3CZI D\u00c1VID - KET","twitter_description":"Barna Kriszti\u00e1n \u00e9s Dab\u00f3czi D\u00e1vid, a K\u00f6z\u00e9p-Eur\u00f3pa T\u00e1ncs\u00ednh\u00e1z t\u00e1ncm\u0171v\u00e9szeinek demonstr\u00e1ci\u00f3ja, ahol els\u0151 alkalommal koreograf\u00e1lnak saj\u00e1t t\u00e1rsulatuknak. \u2014\u2014\u2014\u2014\u2014\u2014- Dichot\u00f3mia \u201eAkkor h\u00e1t mit v\u00e1lasszunk ? A nehezet vagy a k\u00f6nny\u0171t? (\u2026) Az eg\u00e9sz vil\u00e1g ellent\u00e9tp\u00e1rokra van felosztva: f\u00e9ny-s\u00f6t\u00e9ts\u00e9g, finoms\u00e1g-durvas\u00e1g, meleg-hideg, l\u00e9t-neml\u00e9t. Az ellent\u00e9tp\u00e1r egyik p\u00f3lus\u00e1t pozit\u00edvnak tartotta (f\u00e9ny, meleg, finoms\u00e1g, l\u00e9t), a m\u00e1sikat negat\u00edvnak. Az eff\u00e9le negat\u00edv [&hellip;]","twitter_image":"https:\/\/cedthu.rwpstaging.site\/wp-content\/uploads\/2024\/11\/default500x400image.png","twitter_misc":{"Gesch\u00e4tzte Lesezeit":"2\u00a0Minuten"},"schema":{"@context":"https:\/\/schema.org","@graph":[{"@type":"WebPage","@id":"https:\/\/cedthu.rwpstaging.site\/xxiv-ifju-koreografusok-foruma-barna-krisztian-daboczi-david\/","url":"https:\/\/cedthu.rwpstaging.site\/xxiv-ifju-koreografusok-foruma-barna-krisztian-daboczi-david\/","name":"XXIV. Ifj\u00fa Koreogr\u00e1fusok F\u00f3ruma \u2013 BARNA KRISZTI\u00c1N \/ DAB\u00d3CZI D\u00c1VID - KET","isPartOf":{"@id":"https:\/\/cedthu.rwpstaging.site\/#website"},"primaryImageOfPage":{"@id":"https:\/\/cedthu.rwpstaging.site\/xxiv-ifju-koreografusok-foruma-barna-krisztian-daboczi-david\/#primaryimage"},"image":{"@id":"https:\/\/cedthu.rwpstaging.site\/xxiv-ifju-koreografusok-foruma-barna-krisztian-daboczi-david\/#primaryimage"},"thumbnailUrl":"https:\/\/cedthu.rwpstaging.site\/wp-content\/uploads\/2024\/11\/default500x400image.png","datePublished":"2025-05-15T16:38:53+00:00","dateModified":"2025-05-15T16:40:41+00:00","breadcrumb":{"@id":"https:\/\/cedthu.rwpstaging.site\/xxiv-ifju-koreografusok-foruma-barna-krisztian-daboczi-david\/#breadcrumb"},"inLanguage":"de","potentialAction":[{"@type":"ReadAction","target":["https:\/\/cedthu.rwpstaging.site\/xxiv-ifju-koreografusok-foruma-barna-krisztian-daboczi-david\/"]}]},{"@type":"ImageObject","inLanguage":"de","@id":"https:\/\/cedthu.rwpstaging.site\/xxiv-ifju-koreografusok-foruma-barna-krisztian-daboczi-david\/#primaryimage","url":"https:\/\/cedthu.rwpstaging.site\/wp-content\/uploads\/2024\/11\/default500x400image.png","contentUrl":"https:\/\/cedthu.rwpstaging.site\/wp-content\/uploads\/2024\/11\/default500x400image.png"},{"@type":"BreadcrumbList","@id":"https:\/\/cedthu.rwpstaging.site\/xxiv-ifju-koreografusok-foruma-barna-krisztian-daboczi-david\/#breadcrumb","itemListElement":[{"@type":"ListItem","position":1,"name":"Home","item":"https:\/\/cedthu.rwpstaging.site\/"},{"@type":"ListItem","position":2,"name":"XXIV. Ifj\u00fa Koreogr\u00e1fusok F\u00f3ruma \u2013 BARNA KRISZTI\u00c1N \/ DAB\u00d3CZI D\u00c1VID"}]},{"@type":"WebSite","@id":"https:\/\/cedthu.rwpstaging.site\/#website","url":"https:\/\/cedthu.rwpstaging.site\/","name":"KET","description":"Tanztheater Mitteleuropa","publisher":{"@id":"https:\/\/cedthu.rwpstaging.site\/#organization"},"potentialAction":[{"@type":"SearchAction","target":{"@type":"EntryPoint","urlTemplate":"https:\/\/cedthu.rwpstaging.site\/?s={search_term_string}"},"query-input":{"@type":"PropertyValueSpecification","valueRequired":true,"valueName":"search_term_string"}}],"inLanguage":"de"},{"@type":"Organization","@id":"https:\/\/cedthu.rwpstaging.site\/#organization","name":"KET","url":"https:\/\/cedthu.rwpstaging.site\/","logo":{"@type":"ImageObject","inLanguage":"de","@id":"https:\/\/cedthu.rwpstaging.site\/#\/schema\/logo\/image\/","url":"https:\/\/cedthu.rwpstaging.site\/wp-content\/uploads\/2024\/03\/cropped-KET-NYomda-logo2.png","contentUrl":"https:\/\/cedthu.rwpstaging.site\/wp-content\/uploads\/2024\/03\/cropped-KET-NYomda-logo2.png","width":300,"height":326,"caption":"KET"},"image":{"@id":"https:\/\/cedthu.rwpstaging.site\/#\/schema\/logo\/image\/"}}]}},"_links":{"self":[{"href":"https:\/\/cedthu.rwpstaging.site\/de\/wp-json\/wp\/v2\/pages\/18238","targetHints":{"allow":["GET"]}}],"collection":[{"href":"https:\/\/cedthu.rwpstaging.site\/de\/wp-json\/wp\/v2\/pages"}],"about":[{"href":"https:\/\/cedthu.rwpstaging.site\/de\/wp-json\/wp\/v2\/types\/page"}],"author":[{"embeddable":true,"href":"https:\/\/cedthu.rwpstaging.site\/de\/wp-json\/wp\/v2\/users\/1"}],"replies":[{"embeddable":true,"href":"https:\/\/cedthu.rwpstaging.site\/de\/wp-json\/wp\/v2\/comments?post=18238"}],"version-history":[{"count":4,"href":"https:\/\/cedthu.rwpstaging.site\/de\/wp-json\/wp\/v2\/pages\/18238\/revisions"}],"predecessor-version":[{"id":18261,"href":"https:\/\/cedthu.rwpstaging.site\/de\/wp-json\/wp\/v2\/pages\/18238\/revisions\/18261"}],"wp:attachment":[{"href":"https:\/\/cedthu.rwpstaging.site\/de\/wp-json\/wp\/v2\/media?parent=18238"}],"curies":[{"name":"wp","href":"https:\/\/api.w.org\/{rel}","templated":true}]}}