{"id":18337,"date":"2025-05-15T16:51:08","date_gmt":"2025-05-15T16:51:08","guid":{"rendered":"https:\/\/cedthu.rwpstaging.site\/?page_id=18337"},"modified":"2025-05-15T16:52:00","modified_gmt":"2025-05-15T16:52:00","slug":"xxi-ikf-tehetsegprogram-gobi-rita","status":"publish","type":"page","link":"https:\/\/cedthu.rwpstaging.site\/de\/xxi-ikf-tehetsegprogram-gobi-rita\/","title":{"rendered":"XXI. IKF+ TALENTPROGRAMM - G\u00d3BI RITA"},"content":{"rendered":"<div data-elementor-type=\"wp-page\" data-elementor-id=\"18337\" class=\"elementor elementor-18337\" data-elementor-post-type=\"page\">\n\t\t\t\t\t\t<section class=\"elementor-section elementor-top-section elementor-element elementor-element-8157ce3 elementor-section-boxed elementor-section-height-default elementor-section-height-default\" data-id=\"8157ce3\" data-element_type=\"section\" data-settings=\"{&quot;background_background&quot;:&quot;classic&quot;}\">\n\t\t\t\t\t\t<div class=\"elementor-container elementor-column-gap-default\">\n\t\t\t\t\t<div class=\"elementor-column elementor-col-100 elementor-top-column elementor-element elementor-element-3cbf5779\" data-id=\"3cbf5779\" data-element_type=\"column\">\n\t\t\t<div class=\"elementor-widget-wrap elementor-element-populated\">\n\t\t\t\t\t\t<div class=\"elementor-element elementor-element-56d806f elementor-widget elementor-widget-image\" data-id=\"56d806f\" data-element_type=\"widget\" data-widget_type=\"image.default\">\n\t\t\t\t<div class=\"elementor-widget-container\">\n\t\t\t\t\t\t\t\t\t\t\t\t\t\t\t<img fetchpriority=\"high\" decoding=\"async\" width=\"1706\" height=\"2048\" src=\"https:\/\/cedthu.rwpstaging.site\/wp-content\/uploads\/2021\/05\/G\u00f3bi-Rita-portr\u00e9-Piti-Marcell_ff.jpg\" class=\"attachment-full size-full wp-image-7716\" alt=\"\" srcset=\"https:\/\/cedthu.rwpstaging.site\/wp-content\/uploads\/2021\/05\/G\u00f3bi-Rita-portr\u00e9-Piti-Marcell_ff.jpg 1706w, https:\/\/cedthu.rwpstaging.site\/wp-content\/uploads\/2021\/05\/G\u00f3bi-Rita-portr\u00e9-Piti-Marcell_ff-250x300.jpg 250w, https:\/\/cedthu.rwpstaging.site\/wp-content\/uploads\/2021\/05\/G\u00f3bi-Rita-portr\u00e9-Piti-Marcell_ff-853x1024.jpg 853w, https:\/\/cedthu.rwpstaging.site\/wp-content\/uploads\/2021\/05\/G\u00f3bi-Rita-portr\u00e9-Piti-Marcell_ff-768x922.jpg 768w, https:\/\/cedthu.rwpstaging.site\/wp-content\/uploads\/2021\/05\/G\u00f3bi-Rita-portr\u00e9-Piti-Marcell_ff-1280x1536.jpg 1280w, https:\/\/cedthu.rwpstaging.site\/wp-content\/uploads\/2021\/05\/G\u00f3bi-Rita-portr\u00e9-Piti-Marcell_ff-333x400.jpg 333w, https:\/\/cedthu.rwpstaging.site\/wp-content\/uploads\/2021\/05\/G\u00f3bi-Rita-portr\u00e9-Piti-Marcell_ff-17x20.jpg 17w\" sizes=\"(max-width: 1706px) 100vw, 1706px\" \/>\t\t\t\t\t\t\t\t\t\t\t\t\t\t\t<\/div>\n\t\t\t\t<\/div>\n\t\t\t\t<div class=\"elementor-element elementor-element-4ebb2fa5 elementor-widget elementor-widget-text-editor\" data-id=\"4ebb2fa5\" data-element_type=\"widget\" data-widget_type=\"text-editor.default\">\n\t\t\t\t<div class=\"elementor-widget-container\">\n\t\t\t\t\t\t\t\t\t<div class=\"x11i5rnm xat24cr x1mh8g0r x1vvkbs xtlvy1s\"><div class=\"show-description\"><p>Falka<\/p><p>\u00a0<\/p><p>In den letzten Jahren hat sich Rita G\u00f3bi vor allem nach innen gewandt. Ihre Einzelvortr\u00e4ge befassten sich mit dem Individuum, seinen k\u00f6rperlichen M\u00f6glichkeiten und seiner Beziehung zu sich selbst. In Fortsetzung dieser Reise nach innen untersucht sie dieses Mal die Beziehung zwischen dem Einzelnen und der Gemeinschaft. Was bedeutet es, in einer Gemeinschaft zu leben? Warum sucht der Einzelne die Gemeinschaft? Warum nimmt eine Gemeinschaft eine Person auf und schlie\u00dft andere aus? Wollen wir aus Egoismus oder aus Altruismus in einer Gemeinschaft leben? Wie weit haben wir uns von der alten Rudelmentalit\u00e4t entfernt?<\/p><p>Rita G\u00f3bi ist eine Tanzk\u00fcnstlerin, Choreografin und Tanzlehrerin, die den spezifischen Teil der Tanzsprache erforscht. Sie wurde in Novi Sad, Vojvodina, geboren, wo sie ihr Tanzstudium begann und an der Ungarischen Tanzakademie in Budapest abschloss. Sie begann ihre Karriere beim P\u00e9cs Ballet, tanzte\" dann in der freien Tanzszene - sie tanzte bei der Yvette Bozsik Company, R\u00e9ka Szab\u00f3s T\u00fcnetEgypsie, dem Andax\u00ednh\u00e1z, dem Natural Nests Collective und der \u00c9va Duda Company. 2006 gr\u00fcndete sie die Rita G\u00f3bi Company. Sie hat mehrere abendf\u00fcllende Choreografien geschaffen, in den letzten Jahren mit ausl\u00e4ndischen Partnern.<\/p><p>In den letzten Jahren habe ich haupts\u00e4chlich Solo- und Duett-Performances choreografiert, aber ich habe schon lange den Wunsch, mit Gruppendynamik zu arbeiten. Als unabh\u00e4ngiger Sch\u00f6pfer kann ich keine gro\u00dfe Gruppe oder Auff\u00fchrung aufrechterhalten; ich kann choreografische Bearbeitungen in gro\u00dfem Ma\u00dfstab nur durch Unterrichten ein\u00fcben. Daher betrachte ich die M\u00f6glichkeit, die das Central European Dance Theatre bietet, als eine gro\u00dfe Chance.<\/p><p>Die Produktion wurde von EMMI unterst\u00fctzt.<\/p><\/div><\/div>\t\t\t\t\t\t\t\t<\/div>\n\t\t\t\t<\/div>\n\t\t\t\t<div class=\"elementor-element elementor-element-27675599 elementor-widget elementor-widget-heading\" data-id=\"27675599\" data-element_type=\"widget\" data-widget_type=\"heading.default\">\n\t\t\t\t<div class=\"elementor-widget-container\">\n\t\t\t\t\t<h2 class=\"elementor-heading-title elementor-size-default\">Sch\u00f6pfer<\/h2>\t\t\t\t<\/div>\n\t\t\t\t<\/div>\n\t\t\t\t<div class=\"elementor-element elementor-element-8d39f40 elementor-widget-divider--view-line elementor-widget elementor-widget-divider\" data-id=\"8d39f40\" data-element_type=\"widget\" data-widget_type=\"divider.default\">\n\t\t\t\t<div class=\"elementor-widget-container\">\n\t\t\t\t\t\t\t<div class=\"elementor-divider\">\n\t\t\t<span class=\"elementor-divider-separator\">\n\t\t\t\t\t\t<\/span>\n\t\t<\/div>\n\t\t\t\t\t\t<\/div>\n\t\t\t\t<\/div>\n\t\t\t\t<div class=\"elementor-element elementor-element-6f04a1a7 elementor-widget elementor-widget-text-editor\" data-id=\"6f04a1a7\" data-element_type=\"widget\" data-widget_type=\"text-editor.default\">\n\t\t\t\t<div class=\"elementor-widget-container\">\n\t\t\t\t\t\t\t\t\t<div class=\"show-actors\"><div id=\"nested-actors\"><div class=\"show-actors\"><div id=\"nested-actors\"><div><h3>Vortragende<\/h3><ul><li>Kriszti\u00e1n Barna<\/li><li>Lili\u00e1na Bozs\u00e1nyi<\/li><li>R\u00e9ka Gyevn\u00e1r<\/li><li>Adrienn Horv\u00e1th<\/li><li>Ren\u00e1ta Jo\u00f3<\/li><li>Kriszti\u00e1n Ungi<\/li><\/ul><\/div><div><h3>Licht<\/h3><ul><li>Zolt\u00e1n Fogarasi<\/li><\/ul><\/div><div><h3>Musik<\/h3><ul><li>L\u00e1szl\u00f3 M\u00e1di<\/li><\/ul><\/div><div><h3>Dramaturg<\/h3><ul><li>Tam\u00e1s Somogyi<\/li><\/ul><\/div><div><h3>Kost\u00fcm<\/h3><ul><li>Petra M\u00e1k<\/li><\/ul><\/div><div><h3>Choreograph<\/h3><ul><li>Rita G\u00f3bi<\/li><\/ul><\/div><div><h3>Portr\u00e4t<\/h3><ul><li>Piti Marcell<\/li><\/ul><\/div><\/div><\/div><\/div><\/div>\t\t\t\t\t\t\t\t<\/div>\n\t\t\t\t<\/div>\n\t\t\t\t\t<\/div>\n\t\t<\/div>\n\t\t\t\t\t<\/div>\n\t\t<\/section>\n\t\t\t\t<\/div>","protected":false},"excerpt":{"rendered":"<p>Falka \u00a0 Go\u0301bi Rita az uto\u0301bbi e\u0301vekben fo\u030bleg befele\u0301 fo\u0301kusza\u0301lt, szo\u0301lo\u0301 elo\u030bada\u0301saiban az egye\u0301nnel, annak fizikai leheto\u030bse\u0301geivel e\u0301s o\u0308nmaga\u0301hoz valo\u0301 viszonya\u0301val foglalkozott. Ennek a belso\u030b u\u0301tnak a folytata\u0301sake\u0301nt, ezu\u0301ttal az individuum e\u0301s a ko\u0308zo\u0308sse\u0301g viszonya\u0301t vizsga\u0301lja. Mit jelent ko\u0308zo\u0308sse\u0301gben e\u0301lni? Mie\u0301rt ce\u0301lja az egye\u0301nnek az, hogy ko\u0308zo\u0308sse\u0301get tala\u0301ljon? Mie\u0301rt enged be valakit maga\u0301ba egy ko\u0308zo\u0308sse\u0301g, [&hellip;]<\/p>","protected":false},"author":1,"featured_media":0,"parent":0,"menu_order":0,"comment_status":"closed","ping_status":"closed","template":"elementor_header_footer","meta":{"footnotes":""},"class_list":["post-18337","page","type-page","status-publish","hentry"],"yoast_head":"<!-- This site is optimized with the Yoast SEO plugin v26.0 - https:\/\/yoast.com\/wordpress\/plugins\/seo\/ -->\n<title>XXI. IKF+ TEHETS\u00c9GPROGRAM \u2013 G\u00d3BI RITA - KET<\/title>\n<meta name=\"robots\" content=\"index, follow, max-snippet:-1, max-image-preview:large, max-video-preview:-1\" \/>\n<link rel=\"canonical\" href=\"https:\/\/cedthu.rwpstaging.site\/de\/xxi-ikf-tehetsegprogram-gobi-rita\/\" \/>\n<meta name=\"twitter:card\" content=\"summary_large_image\" \/>\n<meta name=\"twitter:title\" content=\"XXI. IKF+ TEHETS\u00c9GPROGRAM \u2013 G\u00d3BI RITA - KET\" \/>\n<meta name=\"twitter:description\" content=\"Falka \u00a0 Go\u0301bi Rita az uto\u0301bbi e\u0301vekben fo\u030bleg befele\u0301 fo\u0301kusza\u0301lt, szo\u0301lo\u0301 elo\u030bada\u0301saiban az egye\u0301nnel, annak fizikai leheto\u030bse\u0301geivel e\u0301s o\u0308nmaga\u0301hoz valo\u0301 viszonya\u0301val foglalkozott. Ennek a belso\u030b u\u0301tnak a folytata\u0301sake\u0301nt, ezu\u0301ttal az individuum e\u0301s a ko\u0308zo\u0308sse\u0301g viszonya\u0301t vizsga\u0301lja. Mit jelent ko\u0308zo\u0308sse\u0301gben e\u0301lni? Mie\u0301rt ce\u0301lja az egye\u0301nnek az, hogy ko\u0308zo\u0308sse\u0301get tala\u0301ljon? Mie\u0301rt enged be valakit maga\u0301ba egy ko\u0308zo\u0308sse\u0301g, [&hellip;]\" \/>\n<meta name=\"twitter:label1\" content=\"Gesch\u00e4tzte Lesezeit\" \/>\n\t<meta name=\"twitter:data1\" content=\"2\u00a0Minuten\" \/>\n<script type=\"application\/ld+json\" class=\"yoast-schema-graph\">{\"@context\":\"https:\/\/schema.org\",\"@graph\":[{\"@type\":\"WebPage\",\"@id\":\"https:\/\/cedthu.rwpstaging.site\/xxi-ikf-tehetsegprogram-gobi-rita\/\",\"url\":\"https:\/\/cedthu.rwpstaging.site\/xxi-ikf-tehetsegprogram-gobi-rita\/\",\"name\":\"XXI. IKF+ TEHETS\u00c9GPROGRAM \u2013 G\u00d3BI RITA - KET\",\"isPartOf\":{\"@id\":\"https:\/\/cedthu.rwpstaging.site\/#website\"},\"datePublished\":\"2025-05-15T16:51:08+00:00\",\"dateModified\":\"2025-05-15T16:52:00+00:00\",\"breadcrumb\":{\"@id\":\"https:\/\/cedthu.rwpstaging.site\/xxi-ikf-tehetsegprogram-gobi-rita\/#breadcrumb\"},\"inLanguage\":\"de\",\"potentialAction\":[{\"@type\":\"ReadAction\",\"target\":[\"https:\/\/cedthu.rwpstaging.site\/xxi-ikf-tehetsegprogram-gobi-rita\/\"]}]},{\"@type\":\"BreadcrumbList\",\"@id\":\"https:\/\/cedthu.rwpstaging.site\/xxi-ikf-tehetsegprogram-gobi-rita\/#breadcrumb\",\"itemListElement\":[{\"@type\":\"ListItem\",\"position\":1,\"name\":\"Home\",\"item\":\"https:\/\/cedthu.rwpstaging.site\/\"},{\"@type\":\"ListItem\",\"position\":2,\"name\":\"XXI. IKF+ TEHETS\u00c9GPROGRAM \u2013 G\u00d3BI RITA\"}]},{\"@type\":\"WebSite\",\"@id\":\"https:\/\/cedthu.rwpstaging.site\/#website\",\"url\":\"https:\/\/cedthu.rwpstaging.site\/\",\"name\":\"KET\",\"description\":\"K\u00f6z\u00e9p-Eur\u00f3pa T\u00e1ncsz\u00ednh\u00e1z\",\"publisher\":{\"@id\":\"https:\/\/cedthu.rwpstaging.site\/#organization\"},\"potentialAction\":[{\"@type\":\"SearchAction\",\"target\":{\"@type\":\"EntryPoint\",\"urlTemplate\":\"https:\/\/cedthu.rwpstaging.site\/?s={search_term_string}\"},\"query-input\":{\"@type\":\"PropertyValueSpecification\",\"valueRequired\":true,\"valueName\":\"search_term_string\"}}],\"inLanguage\":\"de\"},{\"@type\":\"Organization\",\"@id\":\"https:\/\/cedthu.rwpstaging.site\/#organization\",\"name\":\"KET\",\"url\":\"https:\/\/cedthu.rwpstaging.site\/\",\"logo\":{\"@type\":\"ImageObject\",\"inLanguage\":\"de\",\"@id\":\"https:\/\/cedthu.rwpstaging.site\/#\/schema\/logo\/image\/\",\"url\":\"https:\/\/cedthu.rwpstaging.site\/wp-content\/uploads\/2024\/03\/cropped-KET-NYomda-logo2.png\",\"contentUrl\":\"https:\/\/cedthu.rwpstaging.site\/wp-content\/uploads\/2024\/03\/cropped-KET-NYomda-logo2.png\",\"width\":300,\"height\":326,\"caption\":\"KET\"},\"image\":{\"@id\":\"https:\/\/cedthu.rwpstaging.site\/#\/schema\/logo\/image\/\"}}]}<\/script>\n<!-- \/ Yoast SEO plugin. -->","yoast_head_json":{"title":"XXI. IKF+ TEHETS\u00c9GPROGRAM \u2013 G\u00d3BI RITA - KET","robots":{"index":"index","follow":"follow","max-snippet":"max-snippet:-1","max-image-preview":"max-image-preview:large","max-video-preview":"max-video-preview:-1"},"canonical":"https:\/\/cedthu.rwpstaging.site\/de\/xxi-ikf-tehetsegprogram-gobi-rita\/","twitter_card":"summary_large_image","twitter_title":"XXI. IKF+ TEHETS\u00c9GPROGRAM \u2013 G\u00d3BI RITA - KET","twitter_description":"Falka \u00a0 Go\u0301bi Rita az uto\u0301bbi e\u0301vekben fo\u030bleg befele\u0301 fo\u0301kusza\u0301lt, szo\u0301lo\u0301 elo\u030bada\u0301saiban az egye\u0301nnel, annak fizikai leheto\u030bse\u0301geivel e\u0301s o\u0308nmaga\u0301hoz valo\u0301 viszonya\u0301val foglalkozott. Ennek a belso\u030b u\u0301tnak a folytata\u0301sake\u0301nt, ezu\u0301ttal az individuum e\u0301s a ko\u0308zo\u0308sse\u0301g viszonya\u0301t vizsga\u0301lja. Mit jelent ko\u0308zo\u0308sse\u0301gben e\u0301lni? Mie\u0301rt ce\u0301lja az egye\u0301nnek az, hogy ko\u0308zo\u0308sse\u0301get tala\u0301ljon? Mie\u0301rt enged be valakit maga\u0301ba egy ko\u0308zo\u0308sse\u0301g, [&hellip;]","twitter_misc":{"Gesch\u00e4tzte Lesezeit":"2\u00a0Minuten"},"schema":{"@context":"https:\/\/schema.org","@graph":[{"@type":"WebPage","@id":"https:\/\/cedthu.rwpstaging.site\/xxi-ikf-tehetsegprogram-gobi-rita\/","url":"https:\/\/cedthu.rwpstaging.site\/xxi-ikf-tehetsegprogram-gobi-rita\/","name":"XXI. IKF+ TEHETS\u00c9GPROGRAM \u2013 G\u00d3BI RITA - KET","isPartOf":{"@id":"https:\/\/cedthu.rwpstaging.site\/#website"},"datePublished":"2025-05-15T16:51:08+00:00","dateModified":"2025-05-15T16:52:00+00:00","breadcrumb":{"@id":"https:\/\/cedthu.rwpstaging.site\/xxi-ikf-tehetsegprogram-gobi-rita\/#breadcrumb"},"inLanguage":"de","potentialAction":[{"@type":"ReadAction","target":["https:\/\/cedthu.rwpstaging.site\/xxi-ikf-tehetsegprogram-gobi-rita\/"]}]},{"@type":"BreadcrumbList","@id":"https:\/\/cedthu.rwpstaging.site\/xxi-ikf-tehetsegprogram-gobi-rita\/#breadcrumb","itemListElement":[{"@type":"ListItem","position":1,"name":"Home","item":"https:\/\/cedthu.rwpstaging.site\/"},{"@type":"ListItem","position":2,"name":"XXI. IKF+ TEHETS\u00c9GPROGRAM \u2013 G\u00d3BI RITA"}]},{"@type":"WebSite","@id":"https:\/\/cedthu.rwpstaging.site\/#website","url":"https:\/\/cedthu.rwpstaging.site\/","name":"KET","description":"Tanztheater Mitteleuropa","publisher":{"@id":"https:\/\/cedthu.rwpstaging.site\/#organization"},"potentialAction":[{"@type":"SearchAction","target":{"@type":"EntryPoint","urlTemplate":"https:\/\/cedthu.rwpstaging.site\/?s={search_term_string}"},"query-input":{"@type":"PropertyValueSpecification","valueRequired":true,"valueName":"search_term_string"}}],"inLanguage":"de"},{"@type":"Organization","@id":"https:\/\/cedthu.rwpstaging.site\/#organization","name":"KET","url":"https:\/\/cedthu.rwpstaging.site\/","logo":{"@type":"ImageObject","inLanguage":"de","@id":"https:\/\/cedthu.rwpstaging.site\/#\/schema\/logo\/image\/","url":"https:\/\/cedthu.rwpstaging.site\/wp-content\/uploads\/2024\/03\/cropped-KET-NYomda-logo2.png","contentUrl":"https:\/\/cedthu.rwpstaging.site\/wp-content\/uploads\/2024\/03\/cropped-KET-NYomda-logo2.png","width":300,"height":326,"caption":"KET"},"image":{"@id":"https:\/\/cedthu.rwpstaging.site\/#\/schema\/logo\/image\/"}}]}},"_links":{"self":[{"href":"https:\/\/cedthu.rwpstaging.site\/de\/wp-json\/wp\/v2\/pages\/18337","targetHints":{"allow":["GET"]}}],"collection":[{"href":"https:\/\/cedthu.rwpstaging.site\/de\/wp-json\/wp\/v2\/pages"}],"about":[{"href":"https:\/\/cedthu.rwpstaging.site\/de\/wp-json\/wp\/v2\/types\/page"}],"author":[{"embeddable":true,"href":"https:\/\/cedthu.rwpstaging.site\/de\/wp-json\/wp\/v2\/users\/1"}],"replies":[{"embeddable":true,"href":"https:\/\/cedthu.rwpstaging.site\/de\/wp-json\/wp\/v2\/comments?post=18337"}],"version-history":[{"count":5,"href":"https:\/\/cedthu.rwpstaging.site\/de\/wp-json\/wp\/v2\/pages\/18337\/revisions"}],"predecessor-version":[{"id":18363,"href":"https:\/\/cedthu.rwpstaging.site\/de\/wp-json\/wp\/v2\/pages\/18337\/revisions\/18363"}],"wp:attachment":[{"href":"https:\/\/cedthu.rwpstaging.site\/de\/wp-json\/wp\/v2\/media?parent=18337"}],"curies":[{"name":"wp","href":"https:\/\/api.w.org\/{rel}","templated":true}]}}