{"id":18704,"date":"2025-05-15T17:30:53","date_gmt":"2025-05-15T17:30:53","guid":{"rendered":"https:\/\/cedthu.rwpstaging.site\/?page_id=18704"},"modified":"2025-05-15T17:31:25","modified_gmt":"2025-05-15T17:31:25","slug":"ix-ikf-tehetsegprogram-szamosi-judit","status":"publish","type":"page","link":"https:\/\/cedthu.rwpstaging.site\/de\/ix-ikf-tehetsegprogram-szamosi-judit\/","title":{"rendered":"IX IKF-Talentprogramm - Judit Szamosi"},"content":{"rendered":"<div data-elementor-type=\"wp-page\" data-elementor-id=\"18704\" class=\"elementor elementor-18704\" data-elementor-post-type=\"page\">\n\t\t\t\t\t\t<section class=\"elementor-section elementor-top-section elementor-element elementor-element-78846129 elementor-section-boxed elementor-section-height-default elementor-section-height-default\" data-id=\"78846129\" data-element_type=\"section\" data-settings=\"{&quot;background_background&quot;:&quot;classic&quot;}\">\n\t\t\t\t\t\t<div class=\"elementor-container elementor-column-gap-default\">\n\t\t\t\t\t<div class=\"elementor-column elementor-col-100 elementor-top-column elementor-element elementor-element-18a69553\" data-id=\"18a69553\" data-element_type=\"column\">\n\t\t\t<div class=\"elementor-widget-wrap elementor-element-populated\">\n\t\t\t\t\t\t<div class=\"elementor-element elementor-element-61c4dafb elementor-widget elementor-widget-image\" data-id=\"61c4dafb\" data-element_type=\"widget\" data-widget_type=\"image.default\">\n\t\t\t\t<div class=\"elementor-widget-container\">\n\t\t\t\t\t\t\t\t\t\t\t\t\t\t\t<img fetchpriority=\"high\" decoding=\"async\" width=\"300\" height=\"278\" src=\"https:\/\/cedthu.rwpstaging.site\/wp-content\/uploads\/2017\/02\/pic_71-1.jpg\" class=\"attachment-full size-full wp-image-4319\" alt=\"\" srcset=\"https:\/\/cedthu.rwpstaging.site\/wp-content\/uploads\/2017\/02\/pic_71-1.jpg 300w, https:\/\/cedthu.rwpstaging.site\/wp-content\/uploads\/2017\/02\/pic_71-1-20x20.jpg 20w\" sizes=\"(max-width: 300px) 100vw, 300px\" \/>\t\t\t\t\t\t\t\t\t\t\t\t\t\t\t<\/div>\n\t\t\t\t<\/div>\n\t\t\t\t<div class=\"elementor-element elementor-element-705a6dc4 elementor-widget elementor-widget-text-editor\" data-id=\"705a6dc4\" data-element_type=\"widget\" data-widget_type=\"text-editor.default\">\n\t\t\t\t<div class=\"elementor-widget-container\">\n\t\t\t\t\t\t\t\t\t<div class=\"x11i5rnm xat24cr x1mh8g0r x1vvkbs xtlvy1s\"><div class=\"show-description\"><p>Judit Szamosi schloss 2013 ihr Studium an der Ungarischen Tanzschule ab und nahm dank eines Stipendiums auch am Ponderosa Tanzland-Praktikumsprogramm teil. Ihr St\u00fcck We are two gewann den Publikumspreis des Solo Duo Festivals 2014.<\/p><p>\"Ich stelle fest, dass die Bewegung in uns Menschen lebendig ist. Wir k\u00f6nnen nicht aufh\u00f6ren, uns zu bewegen. Nicht wir machen den Tanz, sondern der Tanz macht uns... Oft geschieht dies, ohne dass wir uns dessen bewusst sind. Nach meiner Interpretation ist diese Bewegung in uns die K\u00f6rpersprache selbst, die keinen Unterschied zwischen uns macht: Unabh\u00e4ngig von Geschlecht, Kultur, sozialem Hintergrund, Religion, bewegt sie uns alle jeden Tag.<br \/>Ich m\u00f6chte besser verstehen, was uns als Menschen auf dieser nonverbalen Ebene miteinander verbindet. Durch ein tieferes Verst\u00e4ndnis und die Erforschung der Welt der K\u00f6rpersprache m\u00f6chte ich die Hauptmotivation hinter unseren Bewegungen finden. Ich finde es faszinierend und inspirierend, dass dieser Tanz in uns lebt, ob wir es wissen oder nicht.\" (Judit Szamosi)<\/p><p><br \/>Unterst\u00fctzt durch das Imre-Zolt\u00e1n-Programm des Nationalen Kulturfonds.<\/p><p>\u00a0<\/p><\/div><\/div>\t\t\t\t\t\t\t\t<\/div>\n\t\t\t\t<\/div>\n\t\t\t\t<div class=\"elementor-element elementor-element-180bc47f elementor-widget elementor-widget-heading\" data-id=\"180bc47f\" data-element_type=\"widget\" data-widget_type=\"heading.default\">\n\t\t\t\t<div class=\"elementor-widget-container\">\n\t\t\t\t\t<h2 class=\"elementor-heading-title elementor-size-default\">Sch\u00f6pfer<\/h2>\t\t\t\t<\/div>\n\t\t\t\t<\/div>\n\t\t\t\t<div class=\"elementor-element elementor-element-444c2de4 elementor-widget-divider--view-line elementor-widget elementor-widget-divider\" data-id=\"444c2de4\" data-element_type=\"widget\" data-widget_type=\"divider.default\">\n\t\t\t\t<div class=\"elementor-widget-container\">\n\t\t\t\t\t\t\t<div class=\"elementor-divider\">\n\t\t\t<span class=\"elementor-divider-separator\">\n\t\t\t\t\t\t<\/span>\n\t\t<\/div>\n\t\t\t\t\t\t<\/div>\n\t\t\t\t<\/div>\n\t\t\t\t<div class=\"elementor-element elementor-element-358c0fc9 elementor-widget elementor-widget-text-editor\" data-id=\"358c0fc9\" data-element_type=\"widget\" data-widget_type=\"text-editor.default\">\n\t\t\t\t<div class=\"elementor-widget-container\">\n\t\t\t\t\t\t\t\t\t<div class=\"show-actors\"><div id=\"nested-actors\"><div class=\"show-actors\"><div id=\"nested-actors\"><div class=\"show-actors\"><div id=\"nested-actors\"><div><h3>Choreograph<\/h3><ul><li>Judit Szamosi<\/li><\/ul><\/div><div><h3>Licht<\/h3><ul><li>Zolt\u00e1n Fogarasi<\/li><\/ul><\/div><div><h3>Pr\u00e4sentation<\/h3><ul><li>Zsanett Jakab<\/li><li>Mariann Hargitai<\/li><li>Adrienn Horv\u00e1th<\/li><li>G\u00e1bor Ivanov<\/li><li>P\u00e9ter Kov\u00e1cs<\/li><li>L\u00e1szl\u00f3 M\u00e1di<\/li><li>Andr\u00e1s Szab\u00f3<\/li><li>Dalma Weringer<\/li><\/ul><\/div><\/div><\/div><div class=\"show-images\"><div class=\"row no-margin\"><div class=\"col-md-12 no-padding\">\u00a0<\/div><\/div><\/div><\/div><\/div><\/div><\/div>\t\t\t\t\t\t\t\t<\/div>\n\t\t\t\t<\/div>\n\t\t\t\t<div class=\"elementor-element elementor-element-436a8e84 elementor-widget elementor-widget-heading\" data-id=\"436a8e84\" data-element_type=\"widget\" data-widget_type=\"heading.default\">\n\t\t\t\t<div class=\"elementor-widget-container\">\n\t\t\t\t\t<h2 class=\"elementor-heading-title elementor-size-default\">IX IKF-Talentprogramm - Judit Szamosi<\/h2>\t\t\t\t<\/div>\n\t\t\t\t<\/div>\n\t\t\t\t<div class=\"elementor-element elementor-element-613428af elementor-widget elementor-widget-gallery\" data-id=\"613428af\" data-element_type=\"widget\" data-settings=\"{&quot;columns&quot;:3,&quot;lazyload&quot;:&quot;yes&quot;,&quot;gallery_layout&quot;:&quot;grid&quot;,&quot;columns_tablet&quot;:2,&quot;columns_mobile&quot;:1,&quot;gap&quot;:{&quot;unit&quot;:&quot;px&quot;,&quot;size&quot;:10,&quot;sizes&quot;:[]},&quot;gap_tablet&quot;:{&quot;unit&quot;:&quot;px&quot;,&quot;size&quot;:10,&quot;sizes&quot;:[]},&quot;gap_mobile&quot;:{&quot;unit&quot;:&quot;px&quot;,&quot;size&quot;:10,&quot;sizes&quot;:[]},&quot;link_to&quot;:&quot;file&quot;,&quot;aspect_ratio&quot;:&quot;3:2&quot;,&quot;overlay_background&quot;:&quot;yes&quot;,&quot;content_hover_animation&quot;:&quot;fade-in&quot;}\" data-widget_type=\"gallery.default\">\n\t\t\t\t<div class=\"elementor-widget-container\">\n\t\t\t\t\t\t\t<div class=\"elementor-gallery__container\">\n\t\t\t\t\t\t\t<a class=\"e-gallery-item elementor-gallery-item elementor-animated-content\" href=\"https:\/\/cedthu.rwpstaging.site\/wp-content\/uploads\/2017\/02\/IKF_szj_foto_Dusa_G\u00e1bor-2.jpg\" data-elementor-open-lightbox=\"yes\" data-elementor-lightbox-slideshow=\"613428af\" data-elementor-lightbox-title=\"IKF_szj_foto_Dusa_G\u00e1bor (2)\" data-e-action-hash=\"#elementor-action%3Aaction%3Dlightbox%26settings%3DeyJpZCI6NTI0MywidXJsIjoiaHR0cHM6XC9cL2NlZHRodS5yd3BzdGFnaW5nLnNpdGVcL3dwLWNvbnRlbnRcL3VwbG9hZHNcLzIwMTdcLzAyXC9JS0Zfc3pqX2ZvdG9fRHVzYV9HXHUwMGUxYm9yLTIuanBnIiwic2xpZGVzaG93IjoiNjEzNDI4YWYifQ%3D%3D\">\n\t\t\t\t\t<div class=\"e-gallery-image elementor-gallery-item__image\" data-thumbnail=\"https:\/\/cedthu.rwpstaging.site\/wp-content\/uploads\/2017\/02\/IKF_szj_foto_Dusa_G\u00e1bor-2-300x200.jpg\" data-width=\"300\" data-height=\"200\" aria-label=\"\" role=\"img\" ><\/div>\n\t\t\t\t\t\t\t\t\t\t\t<div class=\"elementor-gallery-item__overlay\"><\/div>\n\t\t\t\t\t\t\t\t\t\t\t\t\t\t<\/a>\n\t\t\t\t\t\t\t<a class=\"e-gallery-item elementor-gallery-item elementor-animated-content\" href=\"https:\/\/cedthu.rwpstaging.site\/wp-content\/uploads\/2017\/02\/IKF_szj_foto_Dusa_G\u00e1bor-6-scaled.jpg\" data-elementor-open-lightbox=\"yes\" data-elementor-lightbox-slideshow=\"613428af\" data-elementor-lightbox-title=\"IKF_szj_foto_Dusa_G\u00e1bor (6)\" data-e-action-hash=\"#elementor-action%3Aaction%3Dlightbox%26settings%3DeyJpZCI6NTI0NiwidXJsIjoiaHR0cHM6XC9cL2NlZHRodS5yd3BzdGFnaW5nLnNpdGVcL3dwLWNvbnRlbnRcL3VwbG9hZHNcLzIwMTdcLzAyXC9JS0Zfc3pqX2ZvdG9fRHVzYV9HXHUwMGUxYm9yLTYtc2NhbGVkLmpwZyIsInNsaWRlc2hvdyI6IjYxMzQyOGFmIn0%3D\">\n\t\t\t\t\t<div class=\"e-gallery-image elementor-gallery-item__image\" data-thumbnail=\"https:\/\/cedthu.rwpstaging.site\/wp-content\/uploads\/2017\/02\/IKF_szj_foto_Dusa_G\u00e1bor-6-300x150.jpg\" data-width=\"300\" data-height=\"150\" aria-label=\"\" role=\"img\" ><\/div>\n\t\t\t\t\t\t\t\t\t\t\t<div class=\"elementor-gallery-item__overlay\"><\/div>\n\t\t\t\t\t\t\t\t\t\t\t\t\t\t<\/a>\n\t\t\t\t\t\t\t<a class=\"e-gallery-item elementor-gallery-item elementor-animated-content\" href=\"https:\/\/cedthu.rwpstaging.site\/wp-content\/uploads\/2017\/02\/IKF_szj_foto_Dusa_G\u00e1bor-8.jpg\" data-elementor-open-lightbox=\"yes\" data-elementor-lightbox-slideshow=\"613428af\" data-elementor-lightbox-title=\"IKF_szj_foto_Dusa_G\u00e1bor (8)\" data-e-action-hash=\"#elementor-action%3Aaction%3Dlightbox%26settings%3DeyJpZCI6NTI0NywidXJsIjoiaHR0cHM6XC9cL2NlZHRodS5yd3BzdGFnaW5nLnNpdGVcL3dwLWNvbnRlbnRcL3VwbG9hZHNcLzIwMTdcLzAyXC9JS0Zfc3pqX2ZvdG9fRHVzYV9HXHUwMGUxYm9yLTguanBnIiwic2xpZGVzaG93IjoiNjEzNDI4YWYifQ%3D%3D\">\n\t\t\t\t\t<div class=\"e-gallery-image elementor-gallery-item__image\" data-thumbnail=\"https:\/\/cedthu.rwpstaging.site\/wp-content\/uploads\/2017\/02\/IKF_szj_foto_Dusa_G\u00e1bor-8-300x200.jpg\" data-width=\"300\" data-height=\"200\" aria-label=\"\" role=\"img\" ><\/div>\n\t\t\t\t\t\t\t\t\t\t\t<div class=\"elementor-gallery-item__overlay\"><\/div>\n\t\t\t\t\t\t\t\t\t\t\t\t\t\t<\/a>\n\t\t\t\t\t<\/div>\n\t\t\t\t\t<\/div>\n\t\t\t\t<\/div>\n\t\t\t\t\t<\/div>\n\t\t<\/div>\n\t\t\t\t\t<\/div>\n\t\t<\/section>\n\t\t\t\t<\/div>","protected":false},"excerpt":{"rendered":"<p>Szamosi Judit 2013-ban v\u00e9gzett a Magyar T\u00e1ncm\u0171v\u00e9szeti F\u0151sikol\u00e1n, egy \u00f6szt\u00f6nd\u00edjnak k\u00f6sz\u00f6nhet\u0151en a Ponderosa Tanzland gyakornoki programj\u00e1ban is r\u00e9szt vett. Mi ketten vagyunk c\u00edm\u0171 alkot\u00e1sa a 2014-es Sz\u00f3l\u00f3Du\u00f3 Fesztiv\u00e1l k\u00f6z\u00f6ns\u00e9gd\u00edjasa volt. \u201eAzt tapasztalom, hogy a mozg\u00e1s benn\u00fcnk emberekben \u00f6sz\u00f6n\u00f6sen \u00e9l. Nem tudunk nem mozogni. Nem mi j\u00e1rjuk a t\u00e1ncot, hanem a t\u00e1nc j\u00e1r minket\u2026 Sokszor mindez [&hellip;]<\/p>","protected":false},"author":1,"featured_media":0,"parent":0,"menu_order":0,"comment_status":"closed","ping_status":"closed","template":"elementor_header_footer","meta":{"footnotes":""},"class_list":["post-18704","page","type-page","status-publish","hentry"],"yoast_head":"<!-- This site is optimized with the Yoast SEO plugin v26.0 - https:\/\/yoast.com\/wordpress\/plugins\/seo\/ -->\n<title>IX. IKF Tehets\u00e9gprogram \u2013 Szamosi Judit - KET<\/title>\n<meta name=\"robots\" content=\"index, follow, max-snippet:-1, max-image-preview:large, max-video-preview:-1\" \/>\n<link rel=\"canonical\" href=\"https:\/\/cedthu.rwpstaging.site\/de\/ix-ikf-tehetsegprogram-szamosi-judit\/\" \/>\n<meta name=\"twitter:card\" content=\"summary_large_image\" \/>\n<meta name=\"twitter:title\" content=\"IX. IKF Tehets\u00e9gprogram \u2013 Szamosi Judit - KET\" \/>\n<meta name=\"twitter:description\" content=\"Szamosi Judit 2013-ban v\u00e9gzett a Magyar T\u00e1ncm\u0171v\u00e9szeti F\u0151sikol\u00e1n, egy \u00f6szt\u00f6nd\u00edjnak k\u00f6sz\u00f6nhet\u0151en a Ponderosa Tanzland gyakornoki programj\u00e1ban is r\u00e9szt vett. Mi ketten vagyunk c\u00edm\u0171 alkot\u00e1sa a 2014-es Sz\u00f3l\u00f3Du\u00f3 Fesztiv\u00e1l k\u00f6z\u00f6ns\u00e9gd\u00edjasa volt. \u201eAzt tapasztalom, hogy a mozg\u00e1s benn\u00fcnk emberekben \u00f6sz\u00f6n\u00f6sen \u00e9l. Nem tudunk nem mozogni. Nem mi j\u00e1rjuk a t\u00e1ncot, hanem a t\u00e1nc j\u00e1r minket\u2026 Sokszor mindez [&hellip;]\" \/>\n<meta name=\"twitter:image\" content=\"https:\/\/cedthu.rwpstaging.site\/wp-content\/uploads\/2017\/02\/pic_71-1.jpg\" \/>\n<meta name=\"twitter:label1\" content=\"Gesch\u00e4tzte Lesezeit\" \/>\n\t<meta name=\"twitter:data1\" content=\"2\u00a0Minuten\" \/>\n<script type=\"application\/ld+json\" class=\"yoast-schema-graph\">{\"@context\":\"https:\/\/schema.org\",\"@graph\":[{\"@type\":\"WebPage\",\"@id\":\"https:\/\/cedthu.rwpstaging.site\/ix-ikf-tehetsegprogram-szamosi-judit\/\",\"url\":\"https:\/\/cedthu.rwpstaging.site\/ix-ikf-tehetsegprogram-szamosi-judit\/\",\"name\":\"IX. IKF Tehets\u00e9gprogram \u2013 Szamosi Judit - KET\",\"isPartOf\":{\"@id\":\"https:\/\/cedthu.rwpstaging.site\/#website\"},\"primaryImageOfPage\":{\"@id\":\"https:\/\/cedthu.rwpstaging.site\/ix-ikf-tehetsegprogram-szamosi-judit\/#primaryimage\"},\"image\":{\"@id\":\"https:\/\/cedthu.rwpstaging.site\/ix-ikf-tehetsegprogram-szamosi-judit\/#primaryimage\"},\"thumbnailUrl\":\"https:\/\/cedthu.rwpstaging.site\/wp-content\/uploads\/2017\/02\/pic_71-1.jpg\",\"datePublished\":\"2025-05-15T17:30:53+00:00\",\"dateModified\":\"2025-05-15T17:31:25+00:00\",\"breadcrumb\":{\"@id\":\"https:\/\/cedthu.rwpstaging.site\/ix-ikf-tehetsegprogram-szamosi-judit\/#breadcrumb\"},\"inLanguage\":\"de\",\"potentialAction\":[{\"@type\":\"ReadAction\",\"target\":[\"https:\/\/cedthu.rwpstaging.site\/ix-ikf-tehetsegprogram-szamosi-judit\/\"]}]},{\"@type\":\"ImageObject\",\"inLanguage\":\"de\",\"@id\":\"https:\/\/cedthu.rwpstaging.site\/ix-ikf-tehetsegprogram-szamosi-judit\/#primaryimage\",\"url\":\"https:\/\/cedthu.rwpstaging.site\/wp-content\/uploads\/2017\/02\/pic_71-1.jpg\",\"contentUrl\":\"https:\/\/cedthu.rwpstaging.site\/wp-content\/uploads\/2017\/02\/pic_71-1.jpg\"},{\"@type\":\"BreadcrumbList\",\"@id\":\"https:\/\/cedthu.rwpstaging.site\/ix-ikf-tehetsegprogram-szamosi-judit\/#breadcrumb\",\"itemListElement\":[{\"@type\":\"ListItem\",\"position\":1,\"name\":\"Home\",\"item\":\"https:\/\/cedthu.rwpstaging.site\/\"},{\"@type\":\"ListItem\",\"position\":2,\"name\":\"IX. IKF Tehets\u00e9gprogram \u2013 Szamosi Judit\"}]},{\"@type\":\"WebSite\",\"@id\":\"https:\/\/cedthu.rwpstaging.site\/#website\",\"url\":\"https:\/\/cedthu.rwpstaging.site\/\",\"name\":\"KET\",\"description\":\"K\u00f6z\u00e9p-Eur\u00f3pa T\u00e1ncsz\u00ednh\u00e1z\",\"publisher\":{\"@id\":\"https:\/\/cedthu.rwpstaging.site\/#organization\"},\"potentialAction\":[{\"@type\":\"SearchAction\",\"target\":{\"@type\":\"EntryPoint\",\"urlTemplate\":\"https:\/\/cedthu.rwpstaging.site\/?s={search_term_string}\"},\"query-input\":{\"@type\":\"PropertyValueSpecification\",\"valueRequired\":true,\"valueName\":\"search_term_string\"}}],\"inLanguage\":\"de\"},{\"@type\":\"Organization\",\"@id\":\"https:\/\/cedthu.rwpstaging.site\/#organization\",\"name\":\"KET\",\"url\":\"https:\/\/cedthu.rwpstaging.site\/\",\"logo\":{\"@type\":\"ImageObject\",\"inLanguage\":\"de\",\"@id\":\"https:\/\/cedthu.rwpstaging.site\/#\/schema\/logo\/image\/\",\"url\":\"https:\/\/cedthu.rwpstaging.site\/wp-content\/uploads\/2024\/03\/cropped-KET-NYomda-logo2.png\",\"contentUrl\":\"https:\/\/cedthu.rwpstaging.site\/wp-content\/uploads\/2024\/03\/cropped-KET-NYomda-logo2.png\",\"width\":300,\"height\":326,\"caption\":\"KET\"},\"image\":{\"@id\":\"https:\/\/cedthu.rwpstaging.site\/#\/schema\/logo\/image\/\"}}]}<\/script>\n<!-- \/ Yoast SEO plugin. -->","yoast_head_json":{"title":"IX. IKF Tehets\u00e9gprogram \u2013 Szamosi Judit - KET","robots":{"index":"index","follow":"follow","max-snippet":"max-snippet:-1","max-image-preview":"max-image-preview:large","max-video-preview":"max-video-preview:-1"},"canonical":"https:\/\/cedthu.rwpstaging.site\/de\/ix-ikf-tehetsegprogram-szamosi-judit\/","twitter_card":"summary_large_image","twitter_title":"IX. IKF Tehets\u00e9gprogram \u2013 Szamosi Judit - KET","twitter_description":"Szamosi Judit 2013-ban v\u00e9gzett a Magyar T\u00e1ncm\u0171v\u00e9szeti F\u0151sikol\u00e1n, egy \u00f6szt\u00f6nd\u00edjnak k\u00f6sz\u00f6nhet\u0151en a Ponderosa Tanzland gyakornoki programj\u00e1ban is r\u00e9szt vett. Mi ketten vagyunk c\u00edm\u0171 alkot\u00e1sa a 2014-es Sz\u00f3l\u00f3Du\u00f3 Fesztiv\u00e1l k\u00f6z\u00f6ns\u00e9gd\u00edjasa volt. \u201eAzt tapasztalom, hogy a mozg\u00e1s benn\u00fcnk emberekben \u00f6sz\u00f6n\u00f6sen \u00e9l. Nem tudunk nem mozogni. Nem mi j\u00e1rjuk a t\u00e1ncot, hanem a t\u00e1nc j\u00e1r minket\u2026 Sokszor mindez [&hellip;]","twitter_image":"https:\/\/cedthu.rwpstaging.site\/wp-content\/uploads\/2017\/02\/pic_71-1.jpg","twitter_misc":{"Gesch\u00e4tzte Lesezeit":"2\u00a0Minuten"},"schema":{"@context":"https:\/\/schema.org","@graph":[{"@type":"WebPage","@id":"https:\/\/cedthu.rwpstaging.site\/ix-ikf-tehetsegprogram-szamosi-judit\/","url":"https:\/\/cedthu.rwpstaging.site\/ix-ikf-tehetsegprogram-szamosi-judit\/","name":"IX. IKF Tehets\u00e9gprogram \u2013 Szamosi Judit - KET","isPartOf":{"@id":"https:\/\/cedthu.rwpstaging.site\/#website"},"primaryImageOfPage":{"@id":"https:\/\/cedthu.rwpstaging.site\/ix-ikf-tehetsegprogram-szamosi-judit\/#primaryimage"},"image":{"@id":"https:\/\/cedthu.rwpstaging.site\/ix-ikf-tehetsegprogram-szamosi-judit\/#primaryimage"},"thumbnailUrl":"https:\/\/cedthu.rwpstaging.site\/wp-content\/uploads\/2017\/02\/pic_71-1.jpg","datePublished":"2025-05-15T17:30:53+00:00","dateModified":"2025-05-15T17:31:25+00:00","breadcrumb":{"@id":"https:\/\/cedthu.rwpstaging.site\/ix-ikf-tehetsegprogram-szamosi-judit\/#breadcrumb"},"inLanguage":"de","potentialAction":[{"@type":"ReadAction","target":["https:\/\/cedthu.rwpstaging.site\/ix-ikf-tehetsegprogram-szamosi-judit\/"]}]},{"@type":"ImageObject","inLanguage":"de","@id":"https:\/\/cedthu.rwpstaging.site\/ix-ikf-tehetsegprogram-szamosi-judit\/#primaryimage","url":"https:\/\/cedthu.rwpstaging.site\/wp-content\/uploads\/2017\/02\/pic_71-1.jpg","contentUrl":"https:\/\/cedthu.rwpstaging.site\/wp-content\/uploads\/2017\/02\/pic_71-1.jpg"},{"@type":"BreadcrumbList","@id":"https:\/\/cedthu.rwpstaging.site\/ix-ikf-tehetsegprogram-szamosi-judit\/#breadcrumb","itemListElement":[{"@type":"ListItem","position":1,"name":"Home","item":"https:\/\/cedthu.rwpstaging.site\/"},{"@type":"ListItem","position":2,"name":"IX. IKF Tehets\u00e9gprogram \u2013 Szamosi Judit"}]},{"@type":"WebSite","@id":"https:\/\/cedthu.rwpstaging.site\/#website","url":"https:\/\/cedthu.rwpstaging.site\/","name":"KET","description":"Tanztheater Mitteleuropa","publisher":{"@id":"https:\/\/cedthu.rwpstaging.site\/#organization"},"potentialAction":[{"@type":"SearchAction","target":{"@type":"EntryPoint","urlTemplate":"https:\/\/cedthu.rwpstaging.site\/?s={search_term_string}"},"query-input":{"@type":"PropertyValueSpecification","valueRequired":true,"valueName":"search_term_string"}}],"inLanguage":"de"},{"@type":"Organization","@id":"https:\/\/cedthu.rwpstaging.site\/#organization","name":"KET","url":"https:\/\/cedthu.rwpstaging.site\/","logo":{"@type":"ImageObject","inLanguage":"de","@id":"https:\/\/cedthu.rwpstaging.site\/#\/schema\/logo\/image\/","url":"https:\/\/cedthu.rwpstaging.site\/wp-content\/uploads\/2024\/03\/cropped-KET-NYomda-logo2.png","contentUrl":"https:\/\/cedthu.rwpstaging.site\/wp-content\/uploads\/2024\/03\/cropped-KET-NYomda-logo2.png","width":300,"height":326,"caption":"KET"},"image":{"@id":"https:\/\/cedthu.rwpstaging.site\/#\/schema\/logo\/image\/"}}]}},"_links":{"self":[{"href":"https:\/\/cedthu.rwpstaging.site\/de\/wp-json\/wp\/v2\/pages\/18704","targetHints":{"allow":["GET"]}}],"collection":[{"href":"https:\/\/cedthu.rwpstaging.site\/de\/wp-json\/wp\/v2\/pages"}],"about":[{"href":"https:\/\/cedthu.rwpstaging.site\/de\/wp-json\/wp\/v2\/types\/page"}],"author":[{"embeddable":true,"href":"https:\/\/cedthu.rwpstaging.site\/de\/wp-json\/wp\/v2\/users\/1"}],"replies":[{"embeddable":true,"href":"https:\/\/cedthu.rwpstaging.site\/de\/wp-json\/wp\/v2\/comments?post=18704"}],"version-history":[{"count":4,"href":"https:\/\/cedthu.rwpstaging.site\/de\/wp-json\/wp\/v2\/pages\/18704\/revisions"}],"predecessor-version":[{"id":18729,"href":"https:\/\/cedthu.rwpstaging.site\/de\/wp-json\/wp\/v2\/pages\/18704\/revisions\/18729"}],"wp:attachment":[{"href":"https:\/\/cedthu.rwpstaging.site\/de\/wp-json\/wp\/v2\/media?parent=18704"}],"curies":[{"name":"wp","href":"https:\/\/api.w.org\/{rel}","templated":true}]}}