{"id":18791,"date":"2025-05-15T17:39:42","date_gmt":"2025-05-15T17:39:42","guid":{"rendered":"https:\/\/cedthu.rwpstaging.site\/?page_id=18791"},"modified":"2025-05-15T17:41:39","modified_gmt":"2025-05-15T17:41:39","slug":"vi-ikf-tehetsegprogram-varga-kinga","status":"publish","type":"page","link":"https:\/\/cedthu.rwpstaging.site\/de\/vi-ikf-tehetsegprogram-varga-kinga\/","title":{"rendered":"VI. IKF-Talentprogramm - VARGA KINGA"},"content":{"rendered":"<div data-elementor-type=\"wp-page\" data-elementor-id=\"18791\" class=\"elementor elementor-18791\" data-elementor-post-type=\"page\">\n\t\t\t\t\t\t<section class=\"elementor-section elementor-top-section elementor-element elementor-element-63e73df4 elementor-section-boxed elementor-section-height-default elementor-section-height-default\" data-id=\"63e73df4\" data-element_type=\"section\" data-settings=\"{&quot;background_background&quot;:&quot;classic&quot;}\">\n\t\t\t\t\t\t<div class=\"elementor-container elementor-column-gap-default\">\n\t\t\t\t\t<div class=\"elementor-column elementor-col-100 elementor-top-column elementor-element elementor-element-6e5e4a8f\" data-id=\"6e5e4a8f\" data-element_type=\"column\">\n\t\t\t<div class=\"elementor-widget-wrap elementor-element-populated\">\n\t\t\t\t\t\t<div class=\"elementor-element elementor-element-6e158ebc elementor-widget elementor-widget-image\" data-id=\"6e158ebc\" data-element_type=\"widget\" data-widget_type=\"image.default\">\n\t\t\t\t<div class=\"elementor-widget-container\">\n\t\t\t\t\t\t\t\t\t\t\t\t\t\t\t<img fetchpriority=\"high\" decoding=\"async\" width=\"300\" height=\"289\" src=\"https:\/\/cedthu.rwpstaging.site\/wp-content\/uploads\/2017\/02\/pic_63.jpg\" class=\"attachment-full size-full wp-image-2170\" alt=\"\" srcset=\"https:\/\/cedthu.rwpstaging.site\/wp-content\/uploads\/2017\/02\/pic_63.jpg 300w, https:\/\/cedthu.rwpstaging.site\/wp-content\/uploads\/2017\/02\/pic_63-20x20.jpg 20w\" sizes=\"(max-width: 300px) 100vw, 300px\" \/>\t\t\t\t\t\t\t\t\t\t\t\t\t\t\t<\/div>\n\t\t\t\t<\/div>\n\t\t\t\t<div class=\"elementor-element elementor-element-3f670847 elementor-widget elementor-widget-text-editor\" data-id=\"3f670847\" data-element_type=\"widget\" data-widget_type=\"text-editor.default\">\n\t\t\t\t<div class=\"elementor-widget-container\">\n\t\t\t\t\t\t\t\t\t<div class=\"x11i5rnm xat24cr x1mh8g0r x1vvkbs xtlvy1s\"><div class=\"show-description\"><p>Nach ihrem Abschluss an der Ungarischen Tanzakademie war Kinga Varga Mitglied des Budpester Tanztheaters und der PR-Evolution Dance Company. Ihre Choreografien wurden am Nationalen Tanztheater und am Opernhaus von Tirana aufgef\u00fchrt.<\/p><p><br \/>Unterst\u00fctzt durch das Imre-Zolt\u00e1n-Programm des Nationalen Kulturfonds.<\/p><\/div><\/div>\t\t\t\t\t\t\t\t<\/div>\n\t\t\t\t<\/div>\n\t\t\t\t<div class=\"elementor-element elementor-element-101bdd0d elementor-widget elementor-widget-heading\" data-id=\"101bdd0d\" data-element_type=\"widget\" data-widget_type=\"heading.default\">\n\t\t\t\t<div class=\"elementor-widget-container\">\n\t\t\t\t\t<h2 class=\"elementor-heading-title elementor-size-default\">Sch\u00f6pfer<\/h2>\t\t\t\t<\/div>\n\t\t\t\t<\/div>\n\t\t\t\t<div class=\"elementor-element elementor-element-3024149 elementor-widget-divider--view-line elementor-widget elementor-widget-divider\" data-id=\"3024149\" data-element_type=\"widget\" data-widget_type=\"divider.default\">\n\t\t\t\t<div class=\"elementor-widget-container\">\n\t\t\t\t\t\t\t<div class=\"elementor-divider\">\n\t\t\t<span class=\"elementor-divider-separator\">\n\t\t\t\t\t\t<\/span>\n\t\t<\/div>\n\t\t\t\t\t\t<\/div>\n\t\t\t\t<\/div>\n\t\t\t\t<div class=\"elementor-element elementor-element-73579032 elementor-widget elementor-widget-text-editor\" data-id=\"73579032\" data-element_type=\"widget\" data-widget_type=\"text-editor.default\">\n\t\t\t\t<div class=\"elementor-widget-container\">\n\t\t\t\t\t\t\t\t\t<div class=\"show-actors\"><div id=\"nested-actors\"><div class=\"show-actors\"><div id=\"nested-actors\"><div><h3>Choreograph<\/h3><ul><li>Varga Kinga<\/li><\/ul><\/div><div><h3>Assoziierter Choreograph<\/h3><ul><li>Emese Nagy<\/li><\/ul><\/div><div><h3>Licht<\/h3><ul><li>Zolt\u00e1n Fogarasi<\/li><\/ul><\/div><div><h3>Berater<\/h3><ul><li>Als Attila<\/li><\/ul><\/div><div><h3>Vortragende<\/h3><ul><li>Mariann Hargitai<\/li><li>Adrienn Horv\u00e1th<\/li><li>Zsanett Jakab<\/li><li>N\u00f3ra Palcs\u00f3<\/li><li>\u00c1d\u00e1m Frigy<\/li><li>G\u00e1bor Ivanov<\/li><li>P\u00e9ter Kov\u00e1cs<\/li><li>L\u00e1szl\u00f3 M\u00e1di<\/li><\/ul><\/div><\/div><\/div><\/div><\/div>\t\t\t\t\t\t\t\t<\/div>\n\t\t\t\t<\/div>\n\t\t\t\t<div class=\"elementor-element elementor-element-255e19a9 elementor-widget elementor-widget-heading\" data-id=\"255e19a9\" data-element_type=\"widget\" data-widget_type=\"heading.default\">\n\t\t\t\t<div class=\"elementor-widget-container\">\n\t\t\t\t\t<h2 class=\"elementor-heading-title elementor-size-default\">VI. IKF-Talentprogramm - VARGA KINGA<\/h2>\t\t\t\t<\/div>\n\t\t\t\t<\/div>\n\t\t\t\t<div class=\"elementor-element elementor-element-16c860e2 elementor-widget elementor-widget-gallery\" data-id=\"16c860e2\" data-element_type=\"widget\" data-settings=\"{&quot;columns&quot;:3,&quot;lazyload&quot;:&quot;yes&quot;,&quot;gallery_layout&quot;:&quot;grid&quot;,&quot;columns_tablet&quot;:2,&quot;columns_mobile&quot;:1,&quot;gap&quot;:{&quot;unit&quot;:&quot;px&quot;,&quot;size&quot;:10,&quot;sizes&quot;:[]},&quot;gap_tablet&quot;:{&quot;unit&quot;:&quot;px&quot;,&quot;size&quot;:10,&quot;sizes&quot;:[]},&quot;gap_mobile&quot;:{&quot;unit&quot;:&quot;px&quot;,&quot;size&quot;:10,&quot;sizes&quot;:[]},&quot;link_to&quot;:&quot;file&quot;,&quot;aspect_ratio&quot;:&quot;3:2&quot;,&quot;overlay_background&quot;:&quot;yes&quot;,&quot;content_hover_animation&quot;:&quot;fade-in&quot;}\" data-widget_type=\"gallery.default\">\n\t\t\t\t<div class=\"elementor-widget-container\">\n\t\t\t\t\t\t\t<div class=\"elementor-gallery__container\">\n\t\t\t\t\t\t\t<a class=\"e-gallery-item elementor-gallery-item elementor-animated-content\" href=\"https:\/\/cedthu.rwpstaging.site\/wp-content\/uploads\/2017\/02\/foto_995.jpg\" data-elementor-open-lightbox=\"yes\" data-elementor-lightbox-slideshow=\"16c860e2\" data-elementor-lightbox-title=\"foto_995\" data-elementor-lightbox-description=\"Dusa G\u00e1bor\/ Gabor Dusa\" data-e-action-hash=\"#elementor-action%3Aaction%3Dlightbox%26settings%3DeyJpZCI6MjE2NSwidXJsIjoiaHR0cHM6XC9cL2NlZHRodS5yd3BzdGFnaW5nLnNpdGVcL3dwLWNvbnRlbnRcL3VwbG9hZHNcLzIwMTdcLzAyXC9mb3RvXzk5NS5qcGciLCJzbGlkZXNob3ciOiIxNmM4NjBlMiJ9\">\n\t\t\t\t\t<div class=\"e-gallery-image elementor-gallery-item__image\" data-thumbnail=\"https:\/\/cedthu.rwpstaging.site\/wp-content\/uploads\/2017\/02\/foto_995-300x200.jpg\" data-width=\"300\" data-height=\"200\" aria-label=\"\" role=\"img\" ><\/div>\n\t\t\t\t\t\t\t\t\t\t\t<div class=\"elementor-gallery-item__overlay\"><\/div>\n\t\t\t\t\t\t\t\t\t\t\t\t\t\t<\/a>\n\t\t\t\t\t\t\t<a class=\"e-gallery-item elementor-gallery-item elementor-animated-content\" href=\"https:\/\/cedthu.rwpstaging.site\/wp-content\/uploads\/2017\/02\/foto_991.jpg\" data-elementor-open-lightbox=\"yes\" data-elementor-lightbox-slideshow=\"16c860e2\" data-elementor-lightbox-title=\"foto_991\" data-elementor-lightbox-description=\"Dusa G\u00e1bor\/ Gabor Dusa\" data-e-action-hash=\"#elementor-action%3Aaction%3Dlightbox%26settings%3DeyJpZCI6MjE2NiwidXJsIjoiaHR0cHM6XC9cL2NlZHRodS5yd3BzdGFnaW5nLnNpdGVcL3dwLWNvbnRlbnRcL3VwbG9hZHNcLzIwMTdcLzAyXC9mb3RvXzk5MS5qcGciLCJzbGlkZXNob3ciOiIxNmM4NjBlMiJ9\">\n\t\t\t\t\t<div class=\"e-gallery-image elementor-gallery-item__image\" data-thumbnail=\"https:\/\/cedthu.rwpstaging.site\/wp-content\/uploads\/2017\/02\/foto_991-300x200.jpg\" data-width=\"300\" data-height=\"200\" aria-label=\"\" role=\"img\" ><\/div>\n\t\t\t\t\t\t\t\t\t\t\t<div class=\"elementor-gallery-item__overlay\"><\/div>\n\t\t\t\t\t\t\t\t\t\t\t\t\t\t<\/a>\n\t\t\t\t\t\t\t<a class=\"e-gallery-item elementor-gallery-item elementor-animated-content\" href=\"https:\/\/cedthu.rwpstaging.site\/wp-content\/uploads\/2017\/02\/foto_992.jpg\" data-elementor-open-lightbox=\"yes\" data-elementor-lightbox-slideshow=\"16c860e2\" data-elementor-lightbox-title=\"foto_992\" data-elementor-lightbox-description=\"Dusa G\u00e1bor\/ Gabor Dusa\" data-e-action-hash=\"#elementor-action%3Aaction%3Dlightbox%26settings%3DeyJpZCI6MjE2NywidXJsIjoiaHR0cHM6XC9cL2NlZHRodS5yd3BzdGFnaW5nLnNpdGVcL3dwLWNvbnRlbnRcL3VwbG9hZHNcLzIwMTdcLzAyXC9mb3RvXzk5Mi5qcGciLCJzbGlkZXNob3ciOiIxNmM4NjBlMiJ9\">\n\t\t\t\t\t<div class=\"e-gallery-image elementor-gallery-item__image\" data-thumbnail=\"https:\/\/cedthu.rwpstaging.site\/wp-content\/uploads\/2017\/02\/foto_992-199x300.jpg\" data-width=\"199\" data-height=\"300\" aria-label=\"\" role=\"img\" ><\/div>\n\t\t\t\t\t\t\t\t\t\t\t<div class=\"elementor-gallery-item__overlay\"><\/div>\n\t\t\t\t\t\t\t\t\t\t\t\t\t\t<\/a>\n\t\t\t\t\t<\/div>\n\t\t\t\t\t<\/div>\n\t\t\t\t<\/div>\n\t\t\t\t<div class=\"elementor-element elementor-element-515cdae1 elementor-widget elementor-widget-heading\" data-id=\"515cdae1\" data-element_type=\"widget\" data-widget_type=\"heading.default\">\n\t\t\t\t<div class=\"elementor-widget-container\">\n\t\t\t\t\t<h2 class=\"elementor-heading-title elementor-size-default\">Verwandte Pressemitteilungen<\/h2>\t\t\t\t<\/div>\n\t\t\t\t<\/div>\n\t\t\t\t<div class=\"elementor-element elementor-element-2f45c661 elementor-widget-divider--view-line elementor-widget elementor-widget-divider\" data-id=\"2f45c661\" data-element_type=\"widget\" data-widget_type=\"divider.default\">\n\t\t\t\t<div class=\"elementor-widget-container\">\n\t\t\t\t\t\t\t<div class=\"elementor-divider\">\n\t\t\t<span class=\"elementor-divider-separator\">\n\t\t\t\t\t\t<\/span>\n\t\t<\/div>\n\t\t\t\t\t\t<\/div>\n\t\t\t\t<\/div>\n\t\t\t\t<div class=\"elementor-element elementor-element-6bc8cc74 elementor-widget elementor-widget-text-editor\" data-id=\"6bc8cc74\" data-element_type=\"widget\" data-widget_type=\"text-editor.default\">\n\t\t\t\t<div class=\"elementor-widget-container\">\n\t\t\t\t\t\t\t\t\t<div class=\"pressauthor\"><div class=\"pressauthor\"><div class=\"pressauthor\">Csaba Kutszegi:\u00a0<a href=\"http:\/\/www.tanckritika.hu\/index.php?option=com_content&amp;view=article&amp;id=659:kutszegi-csaba-a-fuegges-fazisaban&amp;catid=5:jegyzet&amp;Itemid=4\">In der Suchtphase\u00a0 <\/a>(t\u00e1nckritika.hu) <span style=\"font-family: -apple-system, BlinkMacSystemFont, 'Segoe UI', Roboto, 'Helvetica Neue', Arial, 'Noto Sans', sans-serif, 'Apple Color Emoji', 'Segoe UI Emoji', 'Segoe UI Symbol', 'Noto Color Emoji';\">&#8211; 03\/10\/2014 <\/span><span style=\"font-family: -apple-system, BlinkMacSystemFont, 'Segoe UI', Roboto, 'Helvetica Neue', Arial, 'Noto Sans', sans-serif, 'Apple Color Emoji', 'Segoe UI Emoji', 'Segoe UI Symbol', 'Noto Color Emoji';\">\"...er bewegt professionelle und vorbildliche (k\u00fcnstlerisch) bescheidene T\u00e4nzer mit gro\u00dfem Enthusiasmus, und er findet auch das Wesentliche: er kann k\u00fcnstlerische Spannung erzeugen, indem er regelm\u00e4\u00dfig freie Bewegungen setzt, die die Regeln brechen...\"<\/span><\/div><\/div><\/div>\t\t\t\t\t\t\t\t<\/div>\n\t\t\t\t<\/div>\n\t\t\t\t\t<\/div>\n\t\t<\/div>\n\t\t\t\t\t<\/div>\n\t\t<\/section>\n\t\t\t\t<\/div>","protected":false},"excerpt":{"rendered":"<p>Varga Kinga a Magyar T\u00e1ncm\u0171v\u00e9szeti F\u0151iskola balettm\u0171v\u00e9sz szak\u00e1nak elv\u00e9gz\u00e9se ut\u00e1n a Budpest T\u00e1ncsz\u00ednh\u00e1z \u00e9s a PR-Evolution Dance Company tagja is volt. Eddigi koreogr\u00e1fi\u00e1it a Nemzeti T\u00e1ncsz\u00ednh\u00e1z, a Tiranai Operah\u00e1z sz\u00ednpad\u00e1n is bemutatt\u00e1k m\u00e1r. A Nemzeti Kultur\u00e1lis Alap Imre Zolt\u00e1n Program t\u00e1mogat\u00e1s\u00e1val. alkot\u00f3k Koreogr\u00e1fus Varga Kinga Koreogr\u00e1fus munkat\u00e1rs Nagy Emese F\u00e9ny Fogarasi Zolt\u00e1n Konzult\u00e1ns Kun Attila [&hellip;]<\/p>","protected":false},"author":1,"featured_media":0,"parent":0,"menu_order":0,"comment_status":"closed","ping_status":"closed","template":"elementor_header_footer","meta":{"footnotes":""},"class_list":["post-18791","page","type-page","status-publish","hentry"],"yoast_head":"<!-- This site is optimized with the Yoast SEO plugin v26.0 - https:\/\/yoast.com\/wordpress\/plugins\/seo\/ -->\n<title>VI. IKF Tehets\u00e9gprogram \u2013 VARGA KINGA - KET<\/title>\n<meta name=\"robots\" content=\"index, follow, max-snippet:-1, max-image-preview:large, max-video-preview:-1\" \/>\n<link rel=\"canonical\" href=\"https:\/\/cedthu.rwpstaging.site\/de\/vi-ikf-tehetsegprogram-varga-kinga\/\" \/>\n<meta name=\"twitter:card\" content=\"summary_large_image\" \/>\n<meta name=\"twitter:title\" content=\"VI. IKF Tehets\u00e9gprogram \u2013 VARGA KINGA - KET\" \/>\n<meta name=\"twitter:description\" content=\"Varga Kinga a Magyar T\u00e1ncm\u0171v\u00e9szeti F\u0151iskola balettm\u0171v\u00e9sz szak\u00e1nak elv\u00e9gz\u00e9se ut\u00e1n a Budpest T\u00e1ncsz\u00ednh\u00e1z \u00e9s a PR-Evolution Dance Company tagja is volt. Eddigi koreogr\u00e1fi\u00e1it a Nemzeti T\u00e1ncsz\u00ednh\u00e1z, a Tiranai Operah\u00e1z sz\u00ednpad\u00e1n is bemutatt\u00e1k m\u00e1r. A Nemzeti Kultur\u00e1lis Alap Imre Zolt\u00e1n Program t\u00e1mogat\u00e1s\u00e1val. alkot\u00f3k Koreogr\u00e1fus Varga Kinga Koreogr\u00e1fus munkat\u00e1rs Nagy Emese F\u00e9ny Fogarasi Zolt\u00e1n Konzult\u00e1ns Kun Attila [&hellip;]\" \/>\n<meta name=\"twitter:image\" content=\"https:\/\/cedthu.rwpstaging.site\/wp-content\/uploads\/2017\/02\/pic_63.jpg\" \/>\n<meta name=\"twitter:label1\" content=\"Gesch\u00e4tzte Lesezeit\" \/>\n\t<meta name=\"twitter:data1\" content=\"1\u00a0Minute\" \/>\n<script type=\"application\/ld+json\" class=\"yoast-schema-graph\">{\"@context\":\"https:\/\/schema.org\",\"@graph\":[{\"@type\":\"WebPage\",\"@id\":\"https:\/\/cedthu.rwpstaging.site\/vi-ikf-tehetsegprogram-varga-kinga\/\",\"url\":\"https:\/\/cedthu.rwpstaging.site\/vi-ikf-tehetsegprogram-varga-kinga\/\",\"name\":\"VI. IKF Tehets\u00e9gprogram \u2013 VARGA KINGA - KET\",\"isPartOf\":{\"@id\":\"https:\/\/cedthu.rwpstaging.site\/#website\"},\"primaryImageOfPage\":{\"@id\":\"https:\/\/cedthu.rwpstaging.site\/vi-ikf-tehetsegprogram-varga-kinga\/#primaryimage\"},\"image\":{\"@id\":\"https:\/\/cedthu.rwpstaging.site\/vi-ikf-tehetsegprogram-varga-kinga\/#primaryimage\"},\"thumbnailUrl\":\"https:\/\/cedthu.rwpstaging.site\/wp-content\/uploads\/2017\/02\/pic_63.jpg\",\"datePublished\":\"2025-05-15T17:39:42+00:00\",\"dateModified\":\"2025-05-15T17:41:39+00:00\",\"breadcrumb\":{\"@id\":\"https:\/\/cedthu.rwpstaging.site\/vi-ikf-tehetsegprogram-varga-kinga\/#breadcrumb\"},\"inLanguage\":\"de\",\"potentialAction\":[{\"@type\":\"ReadAction\",\"target\":[\"https:\/\/cedthu.rwpstaging.site\/vi-ikf-tehetsegprogram-varga-kinga\/\"]}]},{\"@type\":\"ImageObject\",\"inLanguage\":\"de\",\"@id\":\"https:\/\/cedthu.rwpstaging.site\/vi-ikf-tehetsegprogram-varga-kinga\/#primaryimage\",\"url\":\"https:\/\/cedthu.rwpstaging.site\/wp-content\/uploads\/2017\/02\/pic_63.jpg\",\"contentUrl\":\"https:\/\/cedthu.rwpstaging.site\/wp-content\/uploads\/2017\/02\/pic_63.jpg\"},{\"@type\":\"BreadcrumbList\",\"@id\":\"https:\/\/cedthu.rwpstaging.site\/vi-ikf-tehetsegprogram-varga-kinga\/#breadcrumb\",\"itemListElement\":[{\"@type\":\"ListItem\",\"position\":1,\"name\":\"Home\",\"item\":\"https:\/\/cedthu.rwpstaging.site\/\"},{\"@type\":\"ListItem\",\"position\":2,\"name\":\"VI. IKF Tehets\u00e9gprogram \u2013 VARGA KINGA\"}]},{\"@type\":\"WebSite\",\"@id\":\"https:\/\/cedthu.rwpstaging.site\/#website\",\"url\":\"https:\/\/cedthu.rwpstaging.site\/\",\"name\":\"KET\",\"description\":\"K\u00f6z\u00e9p-Eur\u00f3pa T\u00e1ncsz\u00ednh\u00e1z\",\"publisher\":{\"@id\":\"https:\/\/cedthu.rwpstaging.site\/#organization\"},\"potentialAction\":[{\"@type\":\"SearchAction\",\"target\":{\"@type\":\"EntryPoint\",\"urlTemplate\":\"https:\/\/cedthu.rwpstaging.site\/?s={search_term_string}\"},\"query-input\":{\"@type\":\"PropertyValueSpecification\",\"valueRequired\":true,\"valueName\":\"search_term_string\"}}],\"inLanguage\":\"de\"},{\"@type\":\"Organization\",\"@id\":\"https:\/\/cedthu.rwpstaging.site\/#organization\",\"name\":\"KET\",\"url\":\"https:\/\/cedthu.rwpstaging.site\/\",\"logo\":{\"@type\":\"ImageObject\",\"inLanguage\":\"de\",\"@id\":\"https:\/\/cedthu.rwpstaging.site\/#\/schema\/logo\/image\/\",\"url\":\"https:\/\/cedthu.rwpstaging.site\/wp-content\/uploads\/2024\/03\/cropped-KET-NYomda-logo2.png\",\"contentUrl\":\"https:\/\/cedthu.rwpstaging.site\/wp-content\/uploads\/2024\/03\/cropped-KET-NYomda-logo2.png\",\"width\":300,\"height\":326,\"caption\":\"KET\"},\"image\":{\"@id\":\"https:\/\/cedthu.rwpstaging.site\/#\/schema\/logo\/image\/\"}}]}<\/script>\n<!-- \/ Yoast SEO plugin. -->","yoast_head_json":{"title":"VI. IKF Tehets\u00e9gprogram \u2013 VARGA KINGA - KET","robots":{"index":"index","follow":"follow","max-snippet":"max-snippet:-1","max-image-preview":"max-image-preview:large","max-video-preview":"max-video-preview:-1"},"canonical":"https:\/\/cedthu.rwpstaging.site\/de\/vi-ikf-tehetsegprogram-varga-kinga\/","twitter_card":"summary_large_image","twitter_title":"VI. IKF Tehets\u00e9gprogram \u2013 VARGA KINGA - KET","twitter_description":"Varga Kinga a Magyar T\u00e1ncm\u0171v\u00e9szeti F\u0151iskola balettm\u0171v\u00e9sz szak\u00e1nak elv\u00e9gz\u00e9se ut\u00e1n a Budpest T\u00e1ncsz\u00ednh\u00e1z \u00e9s a PR-Evolution Dance Company tagja is volt. Eddigi koreogr\u00e1fi\u00e1it a Nemzeti T\u00e1ncsz\u00ednh\u00e1z, a Tiranai Operah\u00e1z sz\u00ednpad\u00e1n is bemutatt\u00e1k m\u00e1r. A Nemzeti Kultur\u00e1lis Alap Imre Zolt\u00e1n Program t\u00e1mogat\u00e1s\u00e1val. alkot\u00f3k Koreogr\u00e1fus Varga Kinga Koreogr\u00e1fus munkat\u00e1rs Nagy Emese F\u00e9ny Fogarasi Zolt\u00e1n Konzult\u00e1ns Kun Attila [&hellip;]","twitter_image":"https:\/\/cedthu.rwpstaging.site\/wp-content\/uploads\/2017\/02\/pic_63.jpg","twitter_misc":{"Gesch\u00e4tzte Lesezeit":"1\u00a0Minute"},"schema":{"@context":"https:\/\/schema.org","@graph":[{"@type":"WebPage","@id":"https:\/\/cedthu.rwpstaging.site\/vi-ikf-tehetsegprogram-varga-kinga\/","url":"https:\/\/cedthu.rwpstaging.site\/vi-ikf-tehetsegprogram-varga-kinga\/","name":"VI. IKF Tehets\u00e9gprogram \u2013 VARGA KINGA - KET","isPartOf":{"@id":"https:\/\/cedthu.rwpstaging.site\/#website"},"primaryImageOfPage":{"@id":"https:\/\/cedthu.rwpstaging.site\/vi-ikf-tehetsegprogram-varga-kinga\/#primaryimage"},"image":{"@id":"https:\/\/cedthu.rwpstaging.site\/vi-ikf-tehetsegprogram-varga-kinga\/#primaryimage"},"thumbnailUrl":"https:\/\/cedthu.rwpstaging.site\/wp-content\/uploads\/2017\/02\/pic_63.jpg","datePublished":"2025-05-15T17:39:42+00:00","dateModified":"2025-05-15T17:41:39+00:00","breadcrumb":{"@id":"https:\/\/cedthu.rwpstaging.site\/vi-ikf-tehetsegprogram-varga-kinga\/#breadcrumb"},"inLanguage":"de","potentialAction":[{"@type":"ReadAction","target":["https:\/\/cedthu.rwpstaging.site\/vi-ikf-tehetsegprogram-varga-kinga\/"]}]},{"@type":"ImageObject","inLanguage":"de","@id":"https:\/\/cedthu.rwpstaging.site\/vi-ikf-tehetsegprogram-varga-kinga\/#primaryimage","url":"https:\/\/cedthu.rwpstaging.site\/wp-content\/uploads\/2017\/02\/pic_63.jpg","contentUrl":"https:\/\/cedthu.rwpstaging.site\/wp-content\/uploads\/2017\/02\/pic_63.jpg"},{"@type":"BreadcrumbList","@id":"https:\/\/cedthu.rwpstaging.site\/vi-ikf-tehetsegprogram-varga-kinga\/#breadcrumb","itemListElement":[{"@type":"ListItem","position":1,"name":"Home","item":"https:\/\/cedthu.rwpstaging.site\/"},{"@type":"ListItem","position":2,"name":"VI. IKF Tehets\u00e9gprogram \u2013 VARGA KINGA"}]},{"@type":"WebSite","@id":"https:\/\/cedthu.rwpstaging.site\/#website","url":"https:\/\/cedthu.rwpstaging.site\/","name":"KET","description":"Tanztheater Mitteleuropa","publisher":{"@id":"https:\/\/cedthu.rwpstaging.site\/#organization"},"potentialAction":[{"@type":"SearchAction","target":{"@type":"EntryPoint","urlTemplate":"https:\/\/cedthu.rwpstaging.site\/?s={search_term_string}"},"query-input":{"@type":"PropertyValueSpecification","valueRequired":true,"valueName":"search_term_string"}}],"inLanguage":"de"},{"@type":"Organization","@id":"https:\/\/cedthu.rwpstaging.site\/#organization","name":"KET","url":"https:\/\/cedthu.rwpstaging.site\/","logo":{"@type":"ImageObject","inLanguage":"de","@id":"https:\/\/cedthu.rwpstaging.site\/#\/schema\/logo\/image\/","url":"https:\/\/cedthu.rwpstaging.site\/wp-content\/uploads\/2024\/03\/cropped-KET-NYomda-logo2.png","contentUrl":"https:\/\/cedthu.rwpstaging.site\/wp-content\/uploads\/2024\/03\/cropped-KET-NYomda-logo2.png","width":300,"height":326,"caption":"KET"},"image":{"@id":"https:\/\/cedthu.rwpstaging.site\/#\/schema\/logo\/image\/"}}]}},"_links":{"self":[{"href":"https:\/\/cedthu.rwpstaging.site\/de\/wp-json\/wp\/v2\/pages\/18791","targetHints":{"allow":["GET"]}}],"collection":[{"href":"https:\/\/cedthu.rwpstaging.site\/de\/wp-json\/wp\/v2\/pages"}],"about":[{"href":"https:\/\/cedthu.rwpstaging.site\/de\/wp-json\/wp\/v2\/types\/page"}],"author":[{"embeddable":true,"href":"https:\/\/cedthu.rwpstaging.site\/de\/wp-json\/wp\/v2\/users\/1"}],"replies":[{"embeddable":true,"href":"https:\/\/cedthu.rwpstaging.site\/de\/wp-json\/wp\/v2\/comments?post=18791"}],"version-history":[{"count":5,"href":"https:\/\/cedthu.rwpstaging.site\/de\/wp-json\/wp\/v2\/pages\/18791\/revisions"}],"predecessor-version":[{"id":18818,"href":"https:\/\/cedthu.rwpstaging.site\/de\/wp-json\/wp\/v2\/pages\/18791\/revisions\/18818"}],"wp:attachment":[{"href":"https:\/\/cedthu.rwpstaging.site\/de\/wp-json\/wp\/v2\/media?parent=18791"}],"curies":[{"name":"wp","href":"https:\/\/api.w.org\/{rel}","templated":true}]}}