{"id":18884,"date":"2025-05-15T17:47:35","date_gmt":"2025-05-15T17:47:35","guid":{"rendered":"https:\/\/cedthu.rwpstaging.site\/?page_id=18884"},"modified":"2025-05-15T17:49:05","modified_gmt":"2025-05-15T17:49:05","slug":"iii-ikf-tehetsegprogram-palfi-gabriella","status":"publish","type":"page","link":"https:\/\/cedthu.rwpstaging.site\/de\/iii-ikf-tehetsegprogram-palfi-gabriella\/","title":{"rendered":"III. IKF-Talentprogramm - Gabriella P\u00e1lfi"},"content":{"rendered":"<div data-elementor-type=\"wp-page\" data-elementor-id=\"18884\" class=\"elementor elementor-18884\" data-elementor-post-type=\"page\">\n\t\t\t\t\t\t<section class=\"elementor-section elementor-top-section elementor-element elementor-element-25835cd0 elementor-section-boxed elementor-section-height-default elementor-section-height-default\" data-id=\"25835cd0\" data-element_type=\"section\" data-settings=\"{&quot;background_background&quot;:&quot;classic&quot;}\">\n\t\t\t\t\t\t<div class=\"elementor-container elementor-column-gap-default\">\n\t\t\t\t\t<div class=\"elementor-column elementor-col-100 elementor-top-column elementor-element elementor-element-2d9d4900\" data-id=\"2d9d4900\" data-element_type=\"column\">\n\t\t\t<div class=\"elementor-widget-wrap elementor-element-populated\">\n\t\t\t\t\t\t<div class=\"elementor-element elementor-element-6c068f90 elementor-widget elementor-widget-image\" data-id=\"6c068f90\" data-element_type=\"widget\" data-widget_type=\"image.default\">\n\t\t\t\t<div class=\"elementor-widget-container\">\n\t\t\t\t\t\t\t\t\t\t\t\t\t\t\t<img fetchpriority=\"high\" decoding=\"async\" width=\"607\" height=\"478\" src=\"https:\/\/cedthu.rwpstaging.site\/wp-content\/uploads\/2017\/02\/Palfi-Gabriella.jpg\" class=\"attachment-full size-full wp-image-4323\" alt=\"\" srcset=\"https:\/\/cedthu.rwpstaging.site\/wp-content\/uploads\/2017\/02\/Palfi-Gabriella.jpg 607w, https:\/\/cedthu.rwpstaging.site\/wp-content\/uploads\/2017\/02\/Palfi-Gabriella-300x236.jpg 300w, https:\/\/cedthu.rwpstaging.site\/wp-content\/uploads\/2017\/02\/Palfi-Gabriella-400x315.jpg 400w, https:\/\/cedthu.rwpstaging.site\/wp-content\/uploads\/2017\/02\/Palfi-Gabriella-20x16.jpg 20w\" sizes=\"(max-width: 607px) 100vw, 607px\" \/>\t\t\t\t\t\t\t\t\t\t\t\t\t\t\t<\/div>\n\t\t\t\t<\/div>\n\t\t\t\t<div class=\"elementor-element elementor-element-1a7c807b elementor-widget elementor-widget-text-editor\" data-id=\"1a7c807b\" data-element_type=\"widget\" data-widget_type=\"text-editor.default\">\n\t\t\t\t<div class=\"elementor-widget-container\">\n\t\t\t\t\t\t\t\t\t<div class=\"x11i5rnm xat24cr x1mh8g0r x1vvkbs xtlvy1s\"><div class=\"show-description\"><div class=\"show-description\"><p>Das IKF (Forum junger Choreographen) ist ein neues Talententwicklungs- und Forschungsprogramm, das in erster Linie darauf abzielt, die M\u00f6glichkeiten f\u00fcr junge Choreographen zu verbessern und junge Choreographen zu st\u00e4rken. J\u00fcngste Erfahrungen zeigen, dass K\u00fcnstler, die sich f\u00fcr ihr erstes St\u00fcck bewerben, weniger oder gar keine Unterst\u00fctzung erhalten als fr\u00fcher.<\/p><p>Das Mitteleurop\u00e4ische Tanztheater hat eine neue Strategie eingeschlagen, um die Arbeit mit den j\u00fcngsten K\u00fcnstlern fortzusetzen. Der offene Wettbewerb der IKF bietet jungen Choreographen die M\u00f6glichkeit zu kreieren. Die Gewinner haben die M\u00f6glichkeit, eine Woche lang mit den T\u00e4nzern des KET zu arbeiten, gefolgt von einer \u00f6ffentlichen Auff\u00fchrung und Vorf\u00fchrung in einem Theater am Ende der Woche.<\/p><p>Gabriella P\u00e1lfi hat den Showcase Herbst 2013 gewonnen.<\/p><p>In ihrem St\u00fcck erforscht Gabriella P\u00e1lfi menschliche Beziehungen und die moralischen Fragen des Lebens, bei denen es nicht um die \u00fcbliche Mann-Frau-Beziehung geht, sondern um die Tatsache, dass alle Menschen schizophren sind, dass wir uns alle nach Freiheit von der t\u00e4glichen Tretm\u00fchle sehnen oder dass wir alle vor Ver\u00e4nderungen weglaufen. Manchen Menschen wird der Weg zur Ver\u00e4nderung leicht gemacht und sie nehmen ihn, aber es gibt auch diejenigen, die den einfachen Weg gehen und nicht in der Lage sind, dem Mantel der Erwartungen und Prinzipien zu entkommen, die ihnen auferlegt werden.<\/p><p>Unterst\u00fctzt durch das Imre-Zolt\u00e1n-Programm des Nationalen Kulturfonds.<\/p><\/div><\/div><\/div>\t\t\t\t\t\t\t\t<\/div>\n\t\t\t\t<\/div>\n\t\t\t\t<div class=\"elementor-element elementor-element-436ed688 elementor-widget elementor-widget-heading\" data-id=\"436ed688\" data-element_type=\"widget\" data-widget_type=\"heading.default\">\n\t\t\t\t<div class=\"elementor-widget-container\">\n\t\t\t\t\t<h2 class=\"elementor-heading-title elementor-size-default\">Sch\u00f6pfer<\/h2>\t\t\t\t<\/div>\n\t\t\t\t<\/div>\n\t\t\t\t<div class=\"elementor-element elementor-element-15ca9e17 elementor-widget-divider--view-line elementor-widget elementor-widget-divider\" data-id=\"15ca9e17\" data-element_type=\"widget\" data-widget_type=\"divider.default\">\n\t\t\t\t<div class=\"elementor-widget-container\">\n\t\t\t\t\t\t\t<div class=\"elementor-divider\">\n\t\t\t<span class=\"elementor-divider-separator\">\n\t\t\t\t\t\t<\/span>\n\t\t<\/div>\n\t\t\t\t\t\t<\/div>\n\t\t\t\t<\/div>\n\t\t\t\t<div class=\"elementor-element elementor-element-34dd82a4 elementor-widget elementor-widget-text-editor\" data-id=\"34dd82a4\" data-element_type=\"widget\" data-widget_type=\"text-editor.default\">\n\t\t\t\t<div class=\"elementor-widget-container\">\n\t\t\t\t\t\t\t\t\t<div class=\"show-actors\"><div id=\"nested-actors\"><div class=\"show-actors\"><div id=\"nested-actors\"><div class=\"show-actors\"><div id=\"nested-actors\"><div><h3>Choreograph<\/h3><ul><li>Gabriella P\u00e1lfi<\/li><\/ul><\/div><div><h3>Licht<\/h3><ul><li>Zolt\u00e1n Fogarasi<\/li><\/ul><\/div><div><h3>Vortragende<\/h3><ul><li>Adrienn Horv\u00e1th<\/li><li>N\u00f3ra Palcs\u00f3<\/li><li>Zsanett Jakab<\/li><li>\u00c1d\u00e1m Frigy<\/li><\/ul><\/div><\/div><\/div><div class=\"show-images\"><div class=\"row no-margin\"><div class=\"col-md-12 no-padding\">\u00a0<\/div><\/div><\/div><\/div><\/div><\/div><\/div>\t\t\t\t\t\t\t\t<\/div>\n\t\t\t\t<\/div>\n\t\t\t\t<div class=\"elementor-element elementor-element-696cb0fd elementor-widget elementor-widget-heading\" data-id=\"696cb0fd\" data-element_type=\"widget\" data-widget_type=\"heading.default\">\n\t\t\t\t<div class=\"elementor-widget-container\">\n\t\t\t\t\t<h2 class=\"elementor-heading-title elementor-size-default\">III. IKF-Talentprogramm - Gabriella P\u00e1lfi<\/h2>\t\t\t\t<\/div>\n\t\t\t\t<\/div>\n\t\t\t\t<div class=\"elementor-element elementor-element-6ab7f009 elementor-widget elementor-widget-gallery\" data-id=\"6ab7f009\" data-element_type=\"widget\" data-settings=\"{&quot;columns&quot;:3,&quot;lazyload&quot;:&quot;yes&quot;,&quot;gallery_layout&quot;:&quot;grid&quot;,&quot;columns_tablet&quot;:2,&quot;columns_mobile&quot;:1,&quot;gap&quot;:{&quot;unit&quot;:&quot;px&quot;,&quot;size&quot;:10,&quot;sizes&quot;:[]},&quot;gap_tablet&quot;:{&quot;unit&quot;:&quot;px&quot;,&quot;size&quot;:10,&quot;sizes&quot;:[]},&quot;gap_mobile&quot;:{&quot;unit&quot;:&quot;px&quot;,&quot;size&quot;:10,&quot;sizes&quot;:[]},&quot;link_to&quot;:&quot;file&quot;,&quot;aspect_ratio&quot;:&quot;3:2&quot;,&quot;overlay_background&quot;:&quot;yes&quot;,&quot;content_hover_animation&quot;:&quot;fade-in&quot;}\" data-widget_type=\"gallery.default\">\n\t\t\t\t<div class=\"elementor-widget-container\">\n\t\t\t\t\t\t\t<div class=\"elementor-gallery__container\">\n\t\t\t\t\t\t\t<a class=\"e-gallery-item elementor-gallery-item elementor-animated-content\" href=\"https:\/\/cedthu.rwpstaging.site\/wp-content\/uploads\/2017\/02\/pic_51.jpg\" data-elementor-open-lightbox=\"yes\" data-elementor-lightbox-slideshow=\"6ab7f009\" data-elementor-lightbox-title=\"pic_51\" data-e-action-hash=\"#elementor-action%3Aaction%3Dlightbox%26settings%3DeyJpZCI6MTg2MCwidXJsIjoiaHR0cHM6XC9cL2NlZHRodS5yd3BzdGFnaW5nLnNpdGVcL3dwLWNvbnRlbnRcL3VwbG9hZHNcLzIwMTdcLzAyXC9waWNfNTEuanBnIiwic2xpZGVzaG93IjoiNmFiN2YwMDkifQ%3D%3D\">\n\t\t\t\t\t<div class=\"e-gallery-image elementor-gallery-item__image\" data-thumbnail=\"https:\/\/cedthu.rwpstaging.site\/wp-content\/uploads\/2017\/02\/pic_51-300x199.jpg\" data-width=\"300\" data-height=\"199\" aria-label=\"\" role=\"img\" ><\/div>\n\t\t\t\t\t\t\t\t\t\t\t<div class=\"elementor-gallery-item__overlay\"><\/div>\n\t\t\t\t\t\t\t\t\t\t\t\t\t\t<\/a>\n\t\t\t\t\t\t\t<a class=\"e-gallery-item elementor-gallery-item elementor-animated-content\" href=\"https:\/\/cedthu.rwpstaging.site\/wp-content\/uploads\/2017\/02\/foto_645.jpg\" data-elementor-open-lightbox=\"yes\" data-elementor-lightbox-slideshow=\"6ab7f009\" data-elementor-lightbox-title=\"foto_645\" data-e-action-hash=\"#elementor-action%3Aaction%3Dlightbox%26settings%3DeyJpZCI6MTg3MSwidXJsIjoiaHR0cHM6XC9cL2NlZHRodS5yd3BzdGFnaW5nLnNpdGVcL3dwLWNvbnRlbnRcL3VwbG9hZHNcLzIwMTdcLzAyXC9mb3RvXzY0NS5qcGciLCJzbGlkZXNob3ciOiI2YWI3ZjAwOSJ9\">\n\t\t\t\t\t<div class=\"e-gallery-image elementor-gallery-item__image\" data-thumbnail=\"https:\/\/cedthu.rwpstaging.site\/wp-content\/uploads\/2017\/02\/foto_645-300x192.jpg\" data-width=\"300\" data-height=\"192\" aria-label=\"\" role=\"img\" ><\/div>\n\t\t\t\t\t\t\t\t\t\t\t<div class=\"elementor-gallery-item__overlay\"><\/div>\n\t\t\t\t\t\t\t\t\t\t\t\t\t\t<\/a>\n\t\t\t\t\t\t\t<a class=\"e-gallery-item elementor-gallery-item elementor-animated-content\" href=\"https:\/\/cedthu.rwpstaging.site\/wp-content\/uploads\/2017\/02\/foto_646.jpg\" data-elementor-open-lightbox=\"yes\" data-elementor-lightbox-slideshow=\"6ab7f009\" data-elementor-lightbox-title=\"foto_646\" data-elementor-lightbox-description=\"Dusa G\u00e1bor \/ G\u00e1bor Dusa\" data-e-action-hash=\"#elementor-action%3Aaction%3Dlightbox%26settings%3DeyJpZCI6MTg3MiwidXJsIjoiaHR0cHM6XC9cL2NlZHRodS5yd3BzdGFnaW5nLnNpdGVcL3dwLWNvbnRlbnRcL3VwbG9hZHNcLzIwMTdcLzAyXC9mb3RvXzY0Ni5qcGciLCJzbGlkZXNob3ciOiI2YWI3ZjAwOSJ9\">\n\t\t\t\t\t<div class=\"e-gallery-image elementor-gallery-item__image\" data-thumbnail=\"https:\/\/cedthu.rwpstaging.site\/wp-content\/uploads\/2017\/02\/foto_646-300x200.jpg\" data-width=\"300\" data-height=\"200\" aria-label=\"\" role=\"img\" ><\/div>\n\t\t\t\t\t\t\t\t\t\t\t<div class=\"elementor-gallery-item__overlay\"><\/div>\n\t\t\t\t\t\t\t\t\t\t\t\t\t\t<\/a>\n\t\t\t\t\t<\/div>\n\t\t\t\t\t<\/div>\n\t\t\t\t<\/div>\n\t\t\t\t\t<\/div>\n\t\t<\/div>\n\t\t\t\t\t<\/div>\n\t\t<\/section>\n\t\t\t\t<\/div>","protected":false},"excerpt":{"rendered":"<p>Az IKF (Ifj\u00fa Koreogr\u00e1fusok F\u00f3ruma) egy \u00faj tehets\u00e9ggondoz\u00f3- \u00e9s kutat\u00f3program, melynek els\u00f5dleges c\u00e9lja a koreogr\u00e1fusi ut\u00e1np\u00f3tl\u00e1s lehet\u00f5s\u00e9geinek jav\u00edt\u00e1sa, a fiatal koreogr\u00e1fusok helyzetbehoz\u00e1sa. A k\u00f6zelm\u00falt tapasztalatai azt mutatj\u00e1k, hogy az els\u00f5 darabjukra p\u00e1ly\u00e1z\u00f3 alkot\u00f3k a kor\u00e1bbin\u00e1l is kevesebb t\u00e1mogat\u00e1st kapnak, ha kapnak egy\u00e1ltal\u00e1n. A K\u00f6z\u00e9p-Eur\u00f3pa T\u00e1ncsz\u00ednh\u00e1z \u00faj strat\u00e9gia kidolgoz\u00e1s\u00e1ra v\u00e1llalkozott, hogy folytathassa a legfiatalabb alkot\u00f3kkal val\u00f3 [&hellip;]<\/p>","protected":false},"author":1,"featured_media":0,"parent":0,"menu_order":0,"comment_status":"closed","ping_status":"closed","template":"elementor_header_footer","meta":{"footnotes":""},"class_list":["post-18884","page","type-page","status-publish","hentry"],"yoast_head":"<!-- This site is optimized with the Yoast SEO plugin v26.0 - https:\/\/yoast.com\/wordpress\/plugins\/seo\/ -->\n<title>III. IKF Tehets\u00e9gprogram \u2013 P\u00e1lfi Gabriella - KET<\/title>\n<meta name=\"robots\" content=\"index, follow, max-snippet:-1, max-image-preview:large, max-video-preview:-1\" \/>\n<link rel=\"canonical\" href=\"https:\/\/cedthu.rwpstaging.site\/de\/iii-ikf-tehetsegprogram-palfi-gabriella\/\" \/>\n<meta name=\"twitter:card\" content=\"summary_large_image\" \/>\n<meta name=\"twitter:title\" content=\"III. IKF Tehets\u00e9gprogram \u2013 P\u00e1lfi Gabriella - KET\" \/>\n<meta name=\"twitter:description\" content=\"Az IKF (Ifj\u00fa Koreogr\u00e1fusok F\u00f3ruma) egy \u00faj tehets\u00e9ggondoz\u00f3- \u00e9s kutat\u00f3program, melynek els\u00f5dleges c\u00e9lja a koreogr\u00e1fusi ut\u00e1np\u00f3tl\u00e1s lehet\u00f5s\u00e9geinek jav\u00edt\u00e1sa, a fiatal koreogr\u00e1fusok helyzetbehoz\u00e1sa. A k\u00f6zelm\u00falt tapasztalatai azt mutatj\u00e1k, hogy az els\u00f5 darabjukra p\u00e1ly\u00e1z\u00f3 alkot\u00f3k a kor\u00e1bbin\u00e1l is kevesebb t\u00e1mogat\u00e1st kapnak, ha kapnak egy\u00e1ltal\u00e1n. A K\u00f6z\u00e9p-Eur\u00f3pa T\u00e1ncsz\u00ednh\u00e1z \u00faj strat\u00e9gia kidolgoz\u00e1s\u00e1ra v\u00e1llalkozott, hogy folytathassa a legfiatalabb alkot\u00f3kkal val\u00f3 [&hellip;]\" \/>\n<meta name=\"twitter:image\" content=\"https:\/\/cedthu.rwpstaging.site\/wp-content\/uploads\/2017\/02\/Palfi-Gabriella.jpg\" \/>\n<meta name=\"twitter:label1\" content=\"Gesch\u00e4tzte Lesezeit\" \/>\n\t<meta name=\"twitter:data1\" content=\"2\u00a0Minuten\" \/>\n<script type=\"application\/ld+json\" class=\"yoast-schema-graph\">{\"@context\":\"https:\/\/schema.org\",\"@graph\":[{\"@type\":\"WebPage\",\"@id\":\"https:\/\/cedthu.rwpstaging.site\/iii-ikf-tehetsegprogram-palfi-gabriella\/\",\"url\":\"https:\/\/cedthu.rwpstaging.site\/iii-ikf-tehetsegprogram-palfi-gabriella\/\",\"name\":\"III. IKF Tehets\u00e9gprogram \u2013 P\u00e1lfi Gabriella - KET\",\"isPartOf\":{\"@id\":\"https:\/\/cedthu.rwpstaging.site\/#website\"},\"primaryImageOfPage\":{\"@id\":\"https:\/\/cedthu.rwpstaging.site\/iii-ikf-tehetsegprogram-palfi-gabriella\/#primaryimage\"},\"image\":{\"@id\":\"https:\/\/cedthu.rwpstaging.site\/iii-ikf-tehetsegprogram-palfi-gabriella\/#primaryimage\"},\"thumbnailUrl\":\"https:\/\/cedthu.rwpstaging.site\/wp-content\/uploads\/2017\/02\/Palfi-Gabriella.jpg\",\"datePublished\":\"2025-05-15T17:47:35+00:00\",\"dateModified\":\"2025-05-15T17:49:05+00:00\",\"breadcrumb\":{\"@id\":\"https:\/\/cedthu.rwpstaging.site\/iii-ikf-tehetsegprogram-palfi-gabriella\/#breadcrumb\"},\"inLanguage\":\"de\",\"potentialAction\":[{\"@type\":\"ReadAction\",\"target\":[\"https:\/\/cedthu.rwpstaging.site\/iii-ikf-tehetsegprogram-palfi-gabriella\/\"]}]},{\"@type\":\"ImageObject\",\"inLanguage\":\"de\",\"@id\":\"https:\/\/cedthu.rwpstaging.site\/iii-ikf-tehetsegprogram-palfi-gabriella\/#primaryimage\",\"url\":\"https:\/\/cedthu.rwpstaging.site\/wp-content\/uploads\/2017\/02\/Palfi-Gabriella.jpg\",\"contentUrl\":\"https:\/\/cedthu.rwpstaging.site\/wp-content\/uploads\/2017\/02\/Palfi-Gabriella.jpg\"},{\"@type\":\"BreadcrumbList\",\"@id\":\"https:\/\/cedthu.rwpstaging.site\/iii-ikf-tehetsegprogram-palfi-gabriella\/#breadcrumb\",\"itemListElement\":[{\"@type\":\"ListItem\",\"position\":1,\"name\":\"Home\",\"item\":\"https:\/\/cedthu.rwpstaging.site\/\"},{\"@type\":\"ListItem\",\"position\":2,\"name\":\"III. IKF Tehets\u00e9gprogram \u2013 P\u00e1lfi Gabriella\"}]},{\"@type\":\"WebSite\",\"@id\":\"https:\/\/cedthu.rwpstaging.site\/#website\",\"url\":\"https:\/\/cedthu.rwpstaging.site\/\",\"name\":\"KET\",\"description\":\"K\u00f6z\u00e9p-Eur\u00f3pa T\u00e1ncsz\u00ednh\u00e1z\",\"publisher\":{\"@id\":\"https:\/\/cedthu.rwpstaging.site\/#organization\"},\"potentialAction\":[{\"@type\":\"SearchAction\",\"target\":{\"@type\":\"EntryPoint\",\"urlTemplate\":\"https:\/\/cedthu.rwpstaging.site\/?s={search_term_string}\"},\"query-input\":{\"@type\":\"PropertyValueSpecification\",\"valueRequired\":true,\"valueName\":\"search_term_string\"}}],\"inLanguage\":\"de\"},{\"@type\":\"Organization\",\"@id\":\"https:\/\/cedthu.rwpstaging.site\/#organization\",\"name\":\"KET\",\"url\":\"https:\/\/cedthu.rwpstaging.site\/\",\"logo\":{\"@type\":\"ImageObject\",\"inLanguage\":\"de\",\"@id\":\"https:\/\/cedthu.rwpstaging.site\/#\/schema\/logo\/image\/\",\"url\":\"https:\/\/cedthu.rwpstaging.site\/wp-content\/uploads\/2024\/03\/cropped-KET-NYomda-logo2.png\",\"contentUrl\":\"https:\/\/cedthu.rwpstaging.site\/wp-content\/uploads\/2024\/03\/cropped-KET-NYomda-logo2.png\",\"width\":300,\"height\":326,\"caption\":\"KET\"},\"image\":{\"@id\":\"https:\/\/cedthu.rwpstaging.site\/#\/schema\/logo\/image\/\"}}]}<\/script>\n<!-- \/ Yoast SEO plugin. -->","yoast_head_json":{"title":"III. IKF Tehets\u00e9gprogram \u2013 P\u00e1lfi Gabriella - KET","robots":{"index":"index","follow":"follow","max-snippet":"max-snippet:-1","max-image-preview":"max-image-preview:large","max-video-preview":"max-video-preview:-1"},"canonical":"https:\/\/cedthu.rwpstaging.site\/de\/iii-ikf-tehetsegprogram-palfi-gabriella\/","twitter_card":"summary_large_image","twitter_title":"III. IKF Tehets\u00e9gprogram \u2013 P\u00e1lfi Gabriella - KET","twitter_description":"Az IKF (Ifj\u00fa Koreogr\u00e1fusok F\u00f3ruma) egy \u00faj tehets\u00e9ggondoz\u00f3- \u00e9s kutat\u00f3program, melynek els\u00f5dleges c\u00e9lja a koreogr\u00e1fusi ut\u00e1np\u00f3tl\u00e1s lehet\u00f5s\u00e9geinek jav\u00edt\u00e1sa, a fiatal koreogr\u00e1fusok helyzetbehoz\u00e1sa. A k\u00f6zelm\u00falt tapasztalatai azt mutatj\u00e1k, hogy az els\u00f5 darabjukra p\u00e1ly\u00e1z\u00f3 alkot\u00f3k a kor\u00e1bbin\u00e1l is kevesebb t\u00e1mogat\u00e1st kapnak, ha kapnak egy\u00e1ltal\u00e1n. A K\u00f6z\u00e9p-Eur\u00f3pa T\u00e1ncsz\u00ednh\u00e1z \u00faj strat\u00e9gia kidolgoz\u00e1s\u00e1ra v\u00e1llalkozott, hogy folytathassa a legfiatalabb alkot\u00f3kkal val\u00f3 [&hellip;]","twitter_image":"https:\/\/cedthu.rwpstaging.site\/wp-content\/uploads\/2017\/02\/Palfi-Gabriella.jpg","twitter_misc":{"Gesch\u00e4tzte Lesezeit":"2\u00a0Minuten"},"schema":{"@context":"https:\/\/schema.org","@graph":[{"@type":"WebPage","@id":"https:\/\/cedthu.rwpstaging.site\/iii-ikf-tehetsegprogram-palfi-gabriella\/","url":"https:\/\/cedthu.rwpstaging.site\/iii-ikf-tehetsegprogram-palfi-gabriella\/","name":"III. IKF Tehets\u00e9gprogram \u2013 P\u00e1lfi Gabriella - KET","isPartOf":{"@id":"https:\/\/cedthu.rwpstaging.site\/#website"},"primaryImageOfPage":{"@id":"https:\/\/cedthu.rwpstaging.site\/iii-ikf-tehetsegprogram-palfi-gabriella\/#primaryimage"},"image":{"@id":"https:\/\/cedthu.rwpstaging.site\/iii-ikf-tehetsegprogram-palfi-gabriella\/#primaryimage"},"thumbnailUrl":"https:\/\/cedthu.rwpstaging.site\/wp-content\/uploads\/2017\/02\/Palfi-Gabriella.jpg","datePublished":"2025-05-15T17:47:35+00:00","dateModified":"2025-05-15T17:49:05+00:00","breadcrumb":{"@id":"https:\/\/cedthu.rwpstaging.site\/iii-ikf-tehetsegprogram-palfi-gabriella\/#breadcrumb"},"inLanguage":"de","potentialAction":[{"@type":"ReadAction","target":["https:\/\/cedthu.rwpstaging.site\/iii-ikf-tehetsegprogram-palfi-gabriella\/"]}]},{"@type":"ImageObject","inLanguage":"de","@id":"https:\/\/cedthu.rwpstaging.site\/iii-ikf-tehetsegprogram-palfi-gabriella\/#primaryimage","url":"https:\/\/cedthu.rwpstaging.site\/wp-content\/uploads\/2017\/02\/Palfi-Gabriella.jpg","contentUrl":"https:\/\/cedthu.rwpstaging.site\/wp-content\/uploads\/2017\/02\/Palfi-Gabriella.jpg"},{"@type":"BreadcrumbList","@id":"https:\/\/cedthu.rwpstaging.site\/iii-ikf-tehetsegprogram-palfi-gabriella\/#breadcrumb","itemListElement":[{"@type":"ListItem","position":1,"name":"Home","item":"https:\/\/cedthu.rwpstaging.site\/"},{"@type":"ListItem","position":2,"name":"III. IKF Tehets\u00e9gprogram \u2013 P\u00e1lfi Gabriella"}]},{"@type":"WebSite","@id":"https:\/\/cedthu.rwpstaging.site\/#website","url":"https:\/\/cedthu.rwpstaging.site\/","name":"KET","description":"Tanztheater Mitteleuropa","publisher":{"@id":"https:\/\/cedthu.rwpstaging.site\/#organization"},"potentialAction":[{"@type":"SearchAction","target":{"@type":"EntryPoint","urlTemplate":"https:\/\/cedthu.rwpstaging.site\/?s={search_term_string}"},"query-input":{"@type":"PropertyValueSpecification","valueRequired":true,"valueName":"search_term_string"}}],"inLanguage":"de"},{"@type":"Organization","@id":"https:\/\/cedthu.rwpstaging.site\/#organization","name":"KET","url":"https:\/\/cedthu.rwpstaging.site\/","logo":{"@type":"ImageObject","inLanguage":"de","@id":"https:\/\/cedthu.rwpstaging.site\/#\/schema\/logo\/image\/","url":"https:\/\/cedthu.rwpstaging.site\/wp-content\/uploads\/2024\/03\/cropped-KET-NYomda-logo2.png","contentUrl":"https:\/\/cedthu.rwpstaging.site\/wp-content\/uploads\/2024\/03\/cropped-KET-NYomda-logo2.png","width":300,"height":326,"caption":"KET"},"image":{"@id":"https:\/\/cedthu.rwpstaging.site\/#\/schema\/logo\/image\/"}}]}},"_links":{"self":[{"href":"https:\/\/cedthu.rwpstaging.site\/de\/wp-json\/wp\/v2\/pages\/18884","targetHints":{"allow":["GET"]}}],"collection":[{"href":"https:\/\/cedthu.rwpstaging.site\/de\/wp-json\/wp\/v2\/pages"}],"about":[{"href":"https:\/\/cedthu.rwpstaging.site\/de\/wp-json\/wp\/v2\/types\/page"}],"author":[{"embeddable":true,"href":"https:\/\/cedthu.rwpstaging.site\/de\/wp-json\/wp\/v2\/users\/1"}],"replies":[{"embeddable":true,"href":"https:\/\/cedthu.rwpstaging.site\/de\/wp-json\/wp\/v2\/comments?post=18884"}],"version-history":[{"count":5,"href":"https:\/\/cedthu.rwpstaging.site\/de\/wp-json\/wp\/v2\/pages\/18884\/revisions"}],"predecessor-version":[{"id":18912,"href":"https:\/\/cedthu.rwpstaging.site\/de\/wp-json\/wp\/v2\/pages\/18884\/revisions\/18912"}],"wp:attachment":[{"href":"https:\/\/cedthu.rwpstaging.site\/de\/wp-json\/wp\/v2\/media?parent=18884"}],"curies":[{"name":"wp","href":"https:\/\/api.w.org\/{rel}","templated":true}]}}