{"id":18919,"date":"2025-05-15T17:50:44","date_gmt":"2025-05-15T17:50:44","guid":{"rendered":"https:\/\/cedthu.rwpstaging.site\/?page_id=18919"},"modified":"2025-05-15T17:52:48","modified_gmt":"2025-05-15T17:52:48","slug":"ii-ikf-tehetsegprogram-ujvari-milan","status":"publish","type":"page","link":"https:\/\/cedthu.rwpstaging.site\/de\/ii-ikf-tehetsegprogram-ujvari-milan\/","title":{"rendered":"II IKF-Talentprogramm - Mil\u00e1n \u00dajv\u00e1ri"},"content":{"rendered":"<div data-elementor-type=\"wp-page\" data-elementor-id=\"18919\" class=\"elementor elementor-18919\" data-elementor-post-type=\"page\">\n\t\t\t\t\t\t<section class=\"elementor-section elementor-top-section elementor-element elementor-element-74dfcf35 elementor-section-boxed elementor-section-height-default elementor-section-height-default\" data-id=\"74dfcf35\" data-element_type=\"section\" data-settings=\"{&quot;background_background&quot;:&quot;classic&quot;}\">\n\t\t\t\t\t\t<div class=\"elementor-container elementor-column-gap-default\">\n\t\t\t\t\t<div class=\"elementor-column elementor-col-100 elementor-top-column elementor-element elementor-element-aae332c\" data-id=\"aae332c\" data-element_type=\"column\">\n\t\t\t<div class=\"elementor-widget-wrap elementor-element-populated\">\n\t\t\t\t\t\t<div class=\"elementor-element elementor-element-46c0fd7c elementor-widget elementor-widget-image\" data-id=\"46c0fd7c\" data-element_type=\"widget\" data-widget_type=\"image.default\">\n\t\t\t\t<div class=\"elementor-widget-container\">\n\t\t\t\t\t\t\t\t\t\t\t\t\t\t\t<img fetchpriority=\"high\" decoding=\"async\" width=\"768\" height=\"904\" src=\"https:\/\/cedthu.rwpstaging.site\/wp-content\/uploads\/2017\/02\/Ujvari-Mil\u00e1n.jpg\" class=\"attachment-full size-full wp-image-4324\" alt=\"\" srcset=\"https:\/\/cedthu.rwpstaging.site\/wp-content\/uploads\/2017\/02\/Ujvari-Mil\u00e1n.jpg 768w, https:\/\/cedthu.rwpstaging.site\/wp-content\/uploads\/2017\/02\/Ujvari-Mil\u00e1n-255x300.jpg 255w, https:\/\/cedthu.rwpstaging.site\/wp-content\/uploads\/2017\/02\/Ujvari-Mil\u00e1n-340x400.jpg 340w, https:\/\/cedthu.rwpstaging.site\/wp-content\/uploads\/2017\/02\/Ujvari-Mil\u00e1n-17x20.jpg 17w\" sizes=\"(max-width: 768px) 100vw, 768px\" \/>\t\t\t\t\t\t\t\t\t\t\t\t\t\t\t<\/div>\n\t\t\t\t<\/div>\n\t\t\t\t<div class=\"elementor-element elementor-element-3d5c926b elementor-widget elementor-widget-text-editor\" data-id=\"3d5c926b\" data-element_type=\"widget\" data-widget_type=\"text-editor.default\">\n\t\t\t\t<div class=\"elementor-widget-container\">\n\t\t\t\t\t\t\t\t\t<div class=\"x11i5rnm xat24cr x1mh8g0r x1vvkbs xtlvy1s\"><div class=\"show-description\"><div class=\"show-description\"><p>Das IKF (Forum junger Choreographen) ist ein neues Talententwicklungs- und Forschungsprogramm, das in erster Linie darauf abzielt, die M\u00f6glichkeiten f\u00fcr junge Choreographen zu verbessern und junge Choreographen zu st\u00e4rken. J\u00fcngste Erfahrungen zeigen, dass K\u00fcnstler, die sich f\u00fcr ihr erstes St\u00fcck bewerben, weniger oder gar keine Unterst\u00fctzung erhalten als fr\u00fcher.<\/p><p>Das Mitteleurop\u00e4ische Tanztheater hat eine neue Strategie eingeschlagen, um die Arbeit mit den j\u00fcngsten K\u00fcnstlern fortzusetzen. Der offene Wettbewerb der IKF bietet jungen Choreographen die M\u00f6glichkeit zu kreieren. Die Gewinner haben die M\u00f6glichkeit, eine Woche lang mit den T\u00e4nzern des KET zu arbeiten, gefolgt von einer \u00f6ffentlichen Auff\u00fchrung und Vorf\u00fchrung in einem Theater am Ende der Woche.<\/p><p>Die Mai-Chance wurde von Mil\u00e1n \u00dajv\u00e1ri gewonnen.<\/p><p>Unterst\u00fctzt durch das Imre-Zolt\u00e1n-Programm des Nationalen Kulturfonds.<\/p><\/div><\/div><\/div>\t\t\t\t\t\t\t\t<\/div>\n\t\t\t\t<\/div>\n\t\t\t\t<div class=\"elementor-element elementor-element-256484b4 elementor-widget elementor-widget-heading\" data-id=\"256484b4\" data-element_type=\"widget\" data-widget_type=\"heading.default\">\n\t\t\t\t<div class=\"elementor-widget-container\">\n\t\t\t\t\t<h2 class=\"elementor-heading-title elementor-size-default\">Sch\u00f6pfer<\/h2>\t\t\t\t<\/div>\n\t\t\t\t<\/div>\n\t\t\t\t<div class=\"elementor-element elementor-element-354e0360 elementor-widget-divider--view-line elementor-widget elementor-widget-divider\" data-id=\"354e0360\" data-element_type=\"widget\" data-widget_type=\"divider.default\">\n\t\t\t\t<div class=\"elementor-widget-container\">\n\t\t\t\t\t\t\t<div class=\"elementor-divider\">\n\t\t\t<span class=\"elementor-divider-separator\">\n\t\t\t\t\t\t<\/span>\n\t\t<\/div>\n\t\t\t\t\t\t<\/div>\n\t\t\t\t<\/div>\n\t\t\t\t<div class=\"elementor-element elementor-element-2ec9e789 elementor-widget elementor-widget-text-editor\" data-id=\"2ec9e789\" data-element_type=\"widget\" data-widget_type=\"text-editor.default\">\n\t\t\t\t<div class=\"elementor-widget-container\">\n\t\t\t\t\t\t\t\t\t<div class=\"show-actors\"><div id=\"nested-actors\"><div class=\"show-actors\"><div id=\"nested-actors\"><div class=\"show-actors\"><div id=\"nested-actors\"><div><h3>Choreograph<\/h3><ul><li>Mil\u00e1n \u00dajv\u00e1ri<\/li><\/ul><\/div><div><h3>Licht<\/h3><ul><li>Zolt\u00e1n Fogarasi<\/li><\/ul><\/div><div><h3>Vortragende<\/h3><ul><li>Anik\u00f3 F\u00e1bi\u00e1n<\/li><li>Mariann Hargitai<\/li><li>Adrienn Horv\u00e1th<\/li><li>N\u00f3ra Palcs\u00f3<\/li><li>Guszt\u00e1v Eller<\/li><li>\u00c1d\u00e1m Frigy<\/li><li>L\u00e1szl\u00f3 M\u00e1di<\/li><\/ul><\/div><\/div><\/div><div class=\"show-images\"><div class=\"row no-margin\"><div class=\"col-md-12 no-padding\">\u00a0<\/div><\/div><\/div><\/div><\/div><\/div><\/div>\t\t\t\t\t\t\t\t<\/div>\n\t\t\t\t<\/div>\n\t\t\t\t<div class=\"elementor-element elementor-element-18298e55 elementor-widget elementor-widget-heading\" data-id=\"18298e55\" data-element_type=\"widget\" data-widget_type=\"heading.default\">\n\t\t\t\t<div class=\"elementor-widget-container\">\n\t\t\t\t\t<h2 class=\"elementor-heading-title elementor-size-default\">II IKF-Talentprogramm - Mil\u00e1n \u00dajv\u00e1ri<\/h2>\t\t\t\t<\/div>\n\t\t\t\t<\/div>\n\t\t\t\t<div class=\"elementor-element elementor-element-2a0f1828 elementor-widget elementor-widget-gallery\" data-id=\"2a0f1828\" data-element_type=\"widget\" data-settings=\"{&quot;columns&quot;:3,&quot;lazyload&quot;:&quot;yes&quot;,&quot;gallery_layout&quot;:&quot;grid&quot;,&quot;columns_tablet&quot;:2,&quot;columns_mobile&quot;:1,&quot;gap&quot;:{&quot;unit&quot;:&quot;px&quot;,&quot;size&quot;:10,&quot;sizes&quot;:[]},&quot;gap_tablet&quot;:{&quot;unit&quot;:&quot;px&quot;,&quot;size&quot;:10,&quot;sizes&quot;:[]},&quot;gap_mobile&quot;:{&quot;unit&quot;:&quot;px&quot;,&quot;size&quot;:10,&quot;sizes&quot;:[]},&quot;link_to&quot;:&quot;file&quot;,&quot;aspect_ratio&quot;:&quot;3:2&quot;,&quot;overlay_background&quot;:&quot;yes&quot;,&quot;content_hover_animation&quot;:&quot;fade-in&quot;}\" data-widget_type=\"gallery.default\">\n\t\t\t\t<div class=\"elementor-widget-container\">\n\t\t\t\t\t\t\t<div class=\"elementor-gallery__container\">\n\t\t\t\t\t\t\t<a class=\"e-gallery-item elementor-gallery-item elementor-animated-content\" href=\"https:\/\/cedthu.rwpstaging.site\/wp-content\/uploads\/2017\/02\/foto_621.jpg\" data-elementor-open-lightbox=\"yes\" data-elementor-lightbox-slideshow=\"2a0f1828\" data-elementor-lightbox-title=\"foto_621\" data-elementor-lightbox-description=\"Dusa G\u00e1bor\/ Gabor Dusa\" data-e-action-hash=\"#elementor-action%3Aaction%3Dlightbox%26settings%3DeyJpZCI6MjI5MSwidXJsIjoiaHR0cHM6XC9cL2NlZHRodS5yd3BzdGFnaW5nLnNpdGVcL3dwLWNvbnRlbnRcL3VwbG9hZHNcLzIwMTdcLzAyXC9mb3RvXzYyMS5qcGciLCJzbGlkZXNob3ciOiIyYTBmMTgyOCJ9\">\n\t\t\t\t\t<div class=\"e-gallery-image elementor-gallery-item__image\" data-thumbnail=\"https:\/\/cedthu.rwpstaging.site\/wp-content\/uploads\/2017\/02\/foto_621-188x300.jpg\" data-width=\"188\" data-height=\"300\" aria-label=\"\" role=\"img\" ><\/div>\n\t\t\t\t\t\t\t\t\t\t\t<div class=\"elementor-gallery-item__overlay\"><\/div>\n\t\t\t\t\t\t\t\t\t\t\t\t\t\t<\/a>\n\t\t\t\t\t\t\t<a class=\"e-gallery-item elementor-gallery-item elementor-animated-content\" href=\"https:\/\/cedthu.rwpstaging.site\/wp-content\/uploads\/2017\/02\/foto_622.jpg\" data-elementor-open-lightbox=\"yes\" data-elementor-lightbox-slideshow=\"2a0f1828\" data-elementor-lightbox-title=\"foto_622\" data-elementor-lightbox-description=\"Dusa G\u00e1bor\/ Gabor Dusa\" data-e-action-hash=\"#elementor-action%3Aaction%3Dlightbox%26settings%3DeyJpZCI6MjI5MiwidXJsIjoiaHR0cHM6XC9cL2NlZHRodS5yd3BzdGFnaW5nLnNpdGVcL3dwLWNvbnRlbnRcL3VwbG9hZHNcLzIwMTdcLzAyXC9mb3RvXzYyMi5qcGciLCJzbGlkZXNob3ciOiIyYTBmMTgyOCJ9\">\n\t\t\t\t\t<div class=\"e-gallery-image elementor-gallery-item__image\" data-thumbnail=\"https:\/\/cedthu.rwpstaging.site\/wp-content\/uploads\/2017\/02\/foto_622-179x300.jpg\" data-width=\"179\" data-height=\"300\" aria-label=\"\" role=\"img\" ><\/div>\n\t\t\t\t\t\t\t\t\t\t\t<div class=\"elementor-gallery-item__overlay\"><\/div>\n\t\t\t\t\t\t\t\t\t\t\t\t\t\t<\/a>\n\t\t\t\t\t\t\t<a class=\"e-gallery-item elementor-gallery-item elementor-animated-content\" href=\"https:\/\/cedthu.rwpstaging.site\/wp-content\/uploads\/2017\/02\/foto_623.jpg\" data-elementor-open-lightbox=\"yes\" data-elementor-lightbox-slideshow=\"2a0f1828\" data-elementor-lightbox-title=\"foto_623\" data-elementor-lightbox-description=\"Dusa G\u00e1bor\/ Gabor Dusa\" data-e-action-hash=\"#elementor-action%3Aaction%3Dlightbox%26settings%3DeyJpZCI6MjI5MywidXJsIjoiaHR0cHM6XC9cL2NlZHRodS5yd3BzdGFnaW5nLnNpdGVcL3dwLWNvbnRlbnRcL3VwbG9hZHNcLzIwMTdcLzAyXC9mb3RvXzYyMy5qcGciLCJzbGlkZXNob3ciOiIyYTBmMTgyOCJ9\">\n\t\t\t\t\t<div class=\"e-gallery-image elementor-gallery-item__image\" data-thumbnail=\"https:\/\/cedthu.rwpstaging.site\/wp-content\/uploads\/2017\/02\/foto_623-300x198.jpg\" data-width=\"300\" data-height=\"198\" aria-label=\"\" role=\"img\" ><\/div>\n\t\t\t\t\t\t\t\t\t\t\t<div class=\"elementor-gallery-item__overlay\"><\/div>\n\t\t\t\t\t\t\t\t\t\t\t\t\t\t<\/a>\n\t\t\t\t\t<\/div>\n\t\t\t\t\t<\/div>\n\t\t\t\t<\/div>\n\t\t\t\t<div class=\"elementor-element elementor-element-156f1870 elementor-widget elementor-widget-heading\" data-id=\"156f1870\" data-element_type=\"widget\" data-widget_type=\"heading.default\">\n\t\t\t\t<div class=\"elementor-widget-container\">\n\t\t\t\t\t<h2 class=\"elementor-heading-title elementor-size-default\">Verwandte Pressemitteilungen<\/h2>\t\t\t\t<\/div>\n\t\t\t\t<\/div>\n\t\t\t\t<div class=\"elementor-element elementor-element-710219ce elementor-widget-divider--view-line elementor-widget elementor-widget-divider\" data-id=\"710219ce\" data-element_type=\"widget\" data-widget_type=\"divider.default\">\n\t\t\t\t<div class=\"elementor-widget-container\">\n\t\t\t\t\t\t\t<div class=\"elementor-divider\">\n\t\t\t<span class=\"elementor-divider-separator\">\n\t\t\t\t\t\t<\/span>\n\t\t<\/div>\n\t\t\t\t\t\t<\/div>\n\t\t\t\t<\/div>\n\t\t\t\t<div class=\"elementor-element elementor-element-61f226ee elementor-widget elementor-widget-text-editor\" data-id=\"61f226ee\" data-element_type=\"widget\" data-widget_type=\"text-editor.default\">\n\t\t\t\t<div class=\"elementor-widget-container\">\n\t\t\t\t\t\t\t\t\t<div class=\"pressauthor\"><div class=\"pressauthor\"><div class=\"pressauthor\">Andr\u00e1s Fel\u00edcia:\u00a0<a href=\"http:\/\/www.ellenfeny.hu\/tanc\/onallo-produkciok\/jazz-es-kortars-tanc-kozep-europa-tancszinhaz-ujvari-milan\">Jazz und zeitgen\u00f6ssischer Tanz\u00a0 <\/a>(Hintergrundbeleuchtung) <span style=\"font-family: -apple-system, BlinkMacSystemFont, 'Segoe UI', Roboto, 'Helvetica Neue', Arial, 'Noto Sans', sans-serif, 'Apple Color Emoji', 'Segoe UI Emoji', 'Segoe UI Symbol', 'Noto Color Emoji';\">&#8211; 18\/05\/2013 <\/span><span style=\"font-family: -apple-system, BlinkMacSystemFont, 'Segoe UI', Roboto, 'Helvetica Neue', Arial, 'Noto Sans', sans-serif, 'Apple Color Emoji', 'Segoe UI Emoji', 'Segoe UI Symbol', 'Noto Color Emoji';\">Mil\u00e1n \u00dajv\u00e1ri hat viel mehr Ideen, als man von einer solchen Skizze erwarten w\u00fcrde. Vielleicht ist das einer der Nachteile der Auff\u00fchrung. Er h\u00e4uft kreative Ideen und L\u00f6sungen an, aber nat\u00fcrlich kann er keine von ihnen entfalten, er verstrickt sich in alles ein bisschen. Dabei sollte es die geringste Sorge eines Sch\u00f6pfers sein, wenn er sich nicht zwischen seinen immer besseren Ideen entscheiden kann.<\/span><\/div><\/div><\/div>\t\t\t\t\t\t\t\t<\/div>\n\t\t\t\t<\/div>\n\t\t\t\t\t<\/div>\n\t\t<\/div>\n\t\t\t\t\t<\/div>\n\t\t<\/section>\n\t\t\t\t<\/div>","protected":false},"excerpt":{"rendered":"<p>Az IKF (Ifj\u00fa Koreogr\u00e1fusok F\u00f3ruma) egy \u00faj tehets\u00e9ggondoz\u00f3- \u00e9s kutat\u00f3program, melynek els\u00f5dleges c\u00e9lja a koreogr\u00e1fusi ut\u00e1np\u00f3tl\u00e1s lehet\u00f5s\u00e9geinek jav\u00edt\u00e1sa, a fiatal koreogr\u00e1fusok helyzetbehoz\u00e1sa. A k\u00f6zelm\u00falt tapasztalatai azt mutatj\u00e1k, hogy az els\u00f5 darabjukra p\u00e1ly\u00e1z\u00f3 alkot\u00f3k a kor\u00e1bbin\u00e1l is kevesebb t\u00e1mogat\u00e1st kapnak, ha kapnak egy\u00e1ltal\u00e1n. A K\u00f6z\u00e9p-Eur\u00f3pa T\u00e1ncsz\u00ednh\u00e1z \u00faj strat\u00e9gia kidolgoz\u00e1s\u00e1ra v\u00e1llalkozott, hogy folytathassa a legfiatalabb alkot\u00f3kkal val\u00f3 [&hellip;]<\/p>","protected":false},"author":1,"featured_media":0,"parent":0,"menu_order":0,"comment_status":"closed","ping_status":"closed","template":"elementor_header_footer","meta":{"footnotes":""},"class_list":["post-18919","page","type-page","status-publish","hentry"],"yoast_head":"<!-- This site is optimized with the Yoast SEO plugin v26.0 - https:\/\/yoast.com\/wordpress\/plugins\/seo\/ -->\n<title>II. IKF Tehets\u00e9gprogram \u2013 \u00dajv\u00e1ri Mil\u00e1n - KET<\/title>\n<meta name=\"robots\" content=\"index, follow, max-snippet:-1, max-image-preview:large, max-video-preview:-1\" \/>\n<link rel=\"canonical\" href=\"https:\/\/cedthu.rwpstaging.site\/de\/ii-ikf-tehetsegprogram-ujvari-milan\/\" \/>\n<meta name=\"twitter:card\" content=\"summary_large_image\" \/>\n<meta name=\"twitter:title\" content=\"II. IKF Tehets\u00e9gprogram \u2013 \u00dajv\u00e1ri Mil\u00e1n - KET\" \/>\n<meta name=\"twitter:description\" content=\"Az IKF (Ifj\u00fa Koreogr\u00e1fusok F\u00f3ruma) egy \u00faj tehets\u00e9ggondoz\u00f3- \u00e9s kutat\u00f3program, melynek els\u00f5dleges c\u00e9lja a koreogr\u00e1fusi ut\u00e1np\u00f3tl\u00e1s lehet\u00f5s\u00e9geinek jav\u00edt\u00e1sa, a fiatal koreogr\u00e1fusok helyzetbehoz\u00e1sa. A k\u00f6zelm\u00falt tapasztalatai azt mutatj\u00e1k, hogy az els\u00f5 darabjukra p\u00e1ly\u00e1z\u00f3 alkot\u00f3k a kor\u00e1bbin\u00e1l is kevesebb t\u00e1mogat\u00e1st kapnak, ha kapnak egy\u00e1ltal\u00e1n. A K\u00f6z\u00e9p-Eur\u00f3pa T\u00e1ncsz\u00ednh\u00e1z \u00faj strat\u00e9gia kidolgoz\u00e1s\u00e1ra v\u00e1llalkozott, hogy folytathassa a legfiatalabb alkot\u00f3kkal val\u00f3 [&hellip;]\" \/>\n<meta name=\"twitter:label1\" content=\"Gesch\u00e4tzte Lesezeit\" \/>\n\t<meta name=\"twitter:data1\" content=\"2\u00a0Minuten\" \/>\n<script type=\"application\/ld+json\" class=\"yoast-schema-graph\">{\"@context\":\"https:\/\/schema.org\",\"@graph\":[{\"@type\":\"WebPage\",\"@id\":\"https:\/\/cedthu.rwpstaging.site\/ii-ikf-tehetsegprogram-ujvari-milan\/\",\"url\":\"https:\/\/cedthu.rwpstaging.site\/ii-ikf-tehetsegprogram-ujvari-milan\/\",\"name\":\"II. IKF Tehets\u00e9gprogram \u2013 \u00dajv\u00e1ri Mil\u00e1n - KET\",\"isPartOf\":{\"@id\":\"https:\/\/cedthu.rwpstaging.site\/#website\"},\"datePublished\":\"2025-05-15T17:50:44+00:00\",\"dateModified\":\"2025-05-15T17:52:48+00:00\",\"breadcrumb\":{\"@id\":\"https:\/\/cedthu.rwpstaging.site\/ii-ikf-tehetsegprogram-ujvari-milan\/#breadcrumb\"},\"inLanguage\":\"de\",\"potentialAction\":[{\"@type\":\"ReadAction\",\"target\":[\"https:\/\/cedthu.rwpstaging.site\/ii-ikf-tehetsegprogram-ujvari-milan\/\"]}]},{\"@type\":\"BreadcrumbList\",\"@id\":\"https:\/\/cedthu.rwpstaging.site\/ii-ikf-tehetsegprogram-ujvari-milan\/#breadcrumb\",\"itemListElement\":[{\"@type\":\"ListItem\",\"position\":1,\"name\":\"Home\",\"item\":\"https:\/\/cedthu.rwpstaging.site\/\"},{\"@type\":\"ListItem\",\"position\":2,\"name\":\"II. IKF Tehets\u00e9gprogram \u2013 \u00dajv\u00e1ri Mil\u00e1n\"}]},{\"@type\":\"WebSite\",\"@id\":\"https:\/\/cedthu.rwpstaging.site\/#website\",\"url\":\"https:\/\/cedthu.rwpstaging.site\/\",\"name\":\"KET\",\"description\":\"K\u00f6z\u00e9p-Eur\u00f3pa T\u00e1ncsz\u00ednh\u00e1z\",\"publisher\":{\"@id\":\"https:\/\/cedthu.rwpstaging.site\/#organization\"},\"potentialAction\":[{\"@type\":\"SearchAction\",\"target\":{\"@type\":\"EntryPoint\",\"urlTemplate\":\"https:\/\/cedthu.rwpstaging.site\/?s={search_term_string}\"},\"query-input\":{\"@type\":\"PropertyValueSpecification\",\"valueRequired\":true,\"valueName\":\"search_term_string\"}}],\"inLanguage\":\"de\"},{\"@type\":\"Organization\",\"@id\":\"https:\/\/cedthu.rwpstaging.site\/#organization\",\"name\":\"KET\",\"url\":\"https:\/\/cedthu.rwpstaging.site\/\",\"logo\":{\"@type\":\"ImageObject\",\"inLanguage\":\"de\",\"@id\":\"https:\/\/cedthu.rwpstaging.site\/#\/schema\/logo\/image\/\",\"url\":\"https:\/\/cedthu.rwpstaging.site\/wp-content\/uploads\/2024\/03\/cropped-KET-NYomda-logo2.png\",\"contentUrl\":\"https:\/\/cedthu.rwpstaging.site\/wp-content\/uploads\/2024\/03\/cropped-KET-NYomda-logo2.png\",\"width\":300,\"height\":326,\"caption\":\"KET\"},\"image\":{\"@id\":\"https:\/\/cedthu.rwpstaging.site\/#\/schema\/logo\/image\/\"}}]}<\/script>\n<!-- \/ Yoast SEO plugin. -->","yoast_head_json":{"title":"II. IKF Tehets\u00e9gprogram \u2013 \u00dajv\u00e1ri Mil\u00e1n - KET","robots":{"index":"index","follow":"follow","max-snippet":"max-snippet:-1","max-image-preview":"max-image-preview:large","max-video-preview":"max-video-preview:-1"},"canonical":"https:\/\/cedthu.rwpstaging.site\/de\/ii-ikf-tehetsegprogram-ujvari-milan\/","twitter_card":"summary_large_image","twitter_title":"II. IKF Tehets\u00e9gprogram \u2013 \u00dajv\u00e1ri Mil\u00e1n - KET","twitter_description":"Az IKF (Ifj\u00fa Koreogr\u00e1fusok F\u00f3ruma) egy \u00faj tehets\u00e9ggondoz\u00f3- \u00e9s kutat\u00f3program, melynek els\u00f5dleges c\u00e9lja a koreogr\u00e1fusi ut\u00e1np\u00f3tl\u00e1s lehet\u00f5s\u00e9geinek jav\u00edt\u00e1sa, a fiatal koreogr\u00e1fusok helyzetbehoz\u00e1sa. A k\u00f6zelm\u00falt tapasztalatai azt mutatj\u00e1k, hogy az els\u00f5 darabjukra p\u00e1ly\u00e1z\u00f3 alkot\u00f3k a kor\u00e1bbin\u00e1l is kevesebb t\u00e1mogat\u00e1st kapnak, ha kapnak egy\u00e1ltal\u00e1n. A K\u00f6z\u00e9p-Eur\u00f3pa T\u00e1ncsz\u00ednh\u00e1z \u00faj strat\u00e9gia kidolgoz\u00e1s\u00e1ra v\u00e1llalkozott, hogy folytathassa a legfiatalabb alkot\u00f3kkal val\u00f3 [&hellip;]","twitter_misc":{"Gesch\u00e4tzte Lesezeit":"2\u00a0Minuten"},"schema":{"@context":"https:\/\/schema.org","@graph":[{"@type":"WebPage","@id":"https:\/\/cedthu.rwpstaging.site\/ii-ikf-tehetsegprogram-ujvari-milan\/","url":"https:\/\/cedthu.rwpstaging.site\/ii-ikf-tehetsegprogram-ujvari-milan\/","name":"II. IKF Tehets\u00e9gprogram \u2013 \u00dajv\u00e1ri Mil\u00e1n - KET","isPartOf":{"@id":"https:\/\/cedthu.rwpstaging.site\/#website"},"datePublished":"2025-05-15T17:50:44+00:00","dateModified":"2025-05-15T17:52:48+00:00","breadcrumb":{"@id":"https:\/\/cedthu.rwpstaging.site\/ii-ikf-tehetsegprogram-ujvari-milan\/#breadcrumb"},"inLanguage":"de","potentialAction":[{"@type":"ReadAction","target":["https:\/\/cedthu.rwpstaging.site\/ii-ikf-tehetsegprogram-ujvari-milan\/"]}]},{"@type":"BreadcrumbList","@id":"https:\/\/cedthu.rwpstaging.site\/ii-ikf-tehetsegprogram-ujvari-milan\/#breadcrumb","itemListElement":[{"@type":"ListItem","position":1,"name":"Home","item":"https:\/\/cedthu.rwpstaging.site\/"},{"@type":"ListItem","position":2,"name":"II. IKF Tehets\u00e9gprogram \u2013 \u00dajv\u00e1ri Mil\u00e1n"}]},{"@type":"WebSite","@id":"https:\/\/cedthu.rwpstaging.site\/#website","url":"https:\/\/cedthu.rwpstaging.site\/","name":"KET","description":"Tanztheater Mitteleuropa","publisher":{"@id":"https:\/\/cedthu.rwpstaging.site\/#organization"},"potentialAction":[{"@type":"SearchAction","target":{"@type":"EntryPoint","urlTemplate":"https:\/\/cedthu.rwpstaging.site\/?s={search_term_string}"},"query-input":{"@type":"PropertyValueSpecification","valueRequired":true,"valueName":"search_term_string"}}],"inLanguage":"de"},{"@type":"Organization","@id":"https:\/\/cedthu.rwpstaging.site\/#organization","name":"KET","url":"https:\/\/cedthu.rwpstaging.site\/","logo":{"@type":"ImageObject","inLanguage":"de","@id":"https:\/\/cedthu.rwpstaging.site\/#\/schema\/logo\/image\/","url":"https:\/\/cedthu.rwpstaging.site\/wp-content\/uploads\/2024\/03\/cropped-KET-NYomda-logo2.png","contentUrl":"https:\/\/cedthu.rwpstaging.site\/wp-content\/uploads\/2024\/03\/cropped-KET-NYomda-logo2.png","width":300,"height":326,"caption":"KET"},"image":{"@id":"https:\/\/cedthu.rwpstaging.site\/#\/schema\/logo\/image\/"}}]}},"_links":{"self":[{"href":"https:\/\/cedthu.rwpstaging.site\/de\/wp-json\/wp\/v2\/pages\/18919","targetHints":{"allow":["GET"]}}],"collection":[{"href":"https:\/\/cedthu.rwpstaging.site\/de\/wp-json\/wp\/v2\/pages"}],"about":[{"href":"https:\/\/cedthu.rwpstaging.site\/de\/wp-json\/wp\/v2\/types\/page"}],"author":[{"embeddable":true,"href":"https:\/\/cedthu.rwpstaging.site\/de\/wp-json\/wp\/v2\/users\/1"}],"replies":[{"embeddable":true,"href":"https:\/\/cedthu.rwpstaging.site\/de\/wp-json\/wp\/v2\/comments?post=18919"}],"version-history":[{"count":5,"href":"https:\/\/cedthu.rwpstaging.site\/de\/wp-json\/wp\/v2\/pages\/18919\/revisions"}],"predecessor-version":[{"id":18953,"href":"https:\/\/cedthu.rwpstaging.site\/de\/wp-json\/wp\/v2\/pages\/18919\/revisions\/18953"}],"wp:attachment":[{"href":"https:\/\/cedthu.rwpstaging.site\/de\/wp-json\/wp\/v2\/media?parent=18919"}],"curies":[{"name":"wp","href":"https:\/\/api.w.org\/{rel}","templated":true}]}}