{"id":20182,"date":"2025-06-03T09:42:18","date_gmt":"2025-06-03T09:42:18","guid":{"rendered":"https:\/\/cedthu.rwpstaging.site\/?page_id=20182"},"modified":"2025-06-03T09:43:59","modified_gmt":"2025-06-03T09:43:59","slug":"gyevnar-reka-osztonrezdules-xxvi-ifju-koreografusok-foruma","status":"publish","type":"page","link":"https:\/\/cedthu.rwpstaging.site\/de\/gyevnar-reka-osztonrezdules-xxvi-ifju-koreografusok-foruma\/","title":{"rendered":"R\u00e9ka Gyevn\u00e1r: Inspiration (XXVI. Forum junger Choreographen)"},"content":{"rendered":"<div data-elementor-type=\"wp-page\" data-elementor-id=\"20182\" class=\"elementor elementor-20182\" data-elementor-post-type=\"page\">\n\t\t\t\t\t\t<section class=\"elementor-section elementor-top-section elementor-element elementor-element-7a54b357 elementor-section-boxed elementor-section-height-default elementor-section-height-default\" data-id=\"7a54b357\" data-element_type=\"section\" data-settings=\"{&quot;background_background&quot;:&quot;classic&quot;}\">\n\t\t\t\t\t\t<div class=\"elementor-container elementor-column-gap-default\">\n\t\t\t\t\t<div class=\"elementor-column elementor-col-100 elementor-top-column elementor-element elementor-element-33010d20\" data-id=\"33010d20\" data-element_type=\"column\">\n\t\t\t<div class=\"elementor-widget-wrap elementor-element-populated\">\n\t\t\t\t\t\t<div class=\"elementor-element elementor-element-3e8e6b7c elementor-widget elementor-widget-image\" data-id=\"3e8e6b7c\" data-element_type=\"widget\" data-widget_type=\"image.default\">\n\t\t\t\t<div class=\"elementor-widget-container\">\n\t\t\t\t\t\t\t\t\t\t\t\t\t\t\t<img fetchpriority=\"high\" decoding=\"async\" width=\"2083\" height=\"1667\" src=\"https:\/\/cedthu.rwpstaging.site\/wp-content\/uploads\/2024\/11\/default500x400image.png\" class=\"attachment-full size-full wp-image-16159\" alt=\"\" srcset=\"https:\/\/cedthu.rwpstaging.site\/wp-content\/uploads\/2024\/11\/default500x400image.png 2083w, https:\/\/cedthu.rwpstaging.site\/wp-content\/uploads\/2024\/11\/default500x400image-300x240.png 300w, https:\/\/cedthu.rwpstaging.site\/wp-content\/uploads\/2024\/11\/default500x400image-1024x819.png 1024w, https:\/\/cedthu.rwpstaging.site\/wp-content\/uploads\/2024\/11\/default500x400image-768x615.png 768w, https:\/\/cedthu.rwpstaging.site\/wp-content\/uploads\/2024\/11\/default500x400image-1536x1229.png 1536w, https:\/\/cedthu.rwpstaging.site\/wp-content\/uploads\/2024\/11\/default500x400image-2048x1639.png 2048w\" sizes=\"(max-width: 2083px) 100vw, 2083px\" \/>\t\t\t\t\t\t\t\t\t\t\t\t\t\t\t<\/div>\n\t\t\t\t<\/div>\n\t\t\t\t<div class=\"elementor-element elementor-element-5a786747 elementor-widget elementor-widget-text-editor\" data-id=\"5a786747\" data-element_type=\"widget\" data-widget_type=\"text-editor.default\">\n\t\t\t\t<div class=\"elementor-widget-container\">\n\t\t\t\t\t\t\t\t\t<div class=\"x11i5rnm xat24cr x1mh8g0r x1vvkbs xtlvy1s\"><div class=\"show-description\"><p>Maciej Ku\u017ami\u0144skis Vier Jahreszeiten feiert das Leben, das in kaleidoskopartigen Bildern in einer fast hypnotischen und komplexen Tanzkomposition dargestellt wird. Das f\u00fcr eines der \u00e4ltesten Tanztheater Ungarns, das Central Europe Dance Theatre, eine Kompanie aus sieben T\u00e4nzern, geschaffene Werk bringt die charakteristischsten Elemente von Ku\u017ami\u0144skis choreografischem Stil, gemischt mit einer Neuinterpretation von Volkstraditionen, auf die B\u00fchne. In der sich st\u00e4ndig ver\u00e4ndernden Struktur von \"Four Seasons\" sind Natur und Kultur, Wiedergeburt und R\u00fcckkehr miteinander verwoben und werden zu einer umfassenden Metapher f\u00fcr das Leben im Wandel.<\/p><p>Foto: Aleksander Joachimiak<\/p><\/div><\/div>\t\t\t\t\t\t\t\t<\/div>\n\t\t\t\t<\/div>\n\t\t\t\t<div class=\"elementor-element elementor-element-eb3992e elementor-widget elementor-widget-image\" data-id=\"eb3992e\" data-element_type=\"widget\" data-widget_type=\"image.default\">\n\t\t\t\t<div class=\"elementor-widget-container\">\n\t\t\t\t\t\t\t\t\t\t\t\t\t\t\t<img decoding=\"async\" width=\"800\" height=\"450\" src=\"https:\/\/cedthu.rwpstaging.site\/wp-content\/uploads\/2024\/11\/honlap-11-22-ikf-1-1024x576.jpeg\" class=\"attachment-large size-large wp-image-13949\" alt=\"\" srcset=\"https:\/\/cedthu.rwpstaging.site\/wp-content\/uploads\/2024\/11\/honlap-11-22-ikf-1-1024x576.jpeg 1024w, https:\/\/cedthu.rwpstaging.site\/wp-content\/uploads\/2024\/11\/honlap-11-22-ikf-1-300x169.jpeg 300w, https:\/\/cedthu.rwpstaging.site\/wp-content\/uploads\/2024\/11\/honlap-11-22-ikf-1-768x432.jpeg 768w, https:\/\/cedthu.rwpstaging.site\/wp-content\/uploads\/2024\/11\/honlap-11-22-ikf-1-1536x864.jpeg 1536w, https:\/\/cedthu.rwpstaging.site\/wp-content\/uploads\/2024\/11\/honlap-11-22-ikf-1-400x225.jpeg 400w, https:\/\/cedthu.rwpstaging.site\/wp-content\/uploads\/2024\/11\/honlap-11-22-ikf-1-20x11.jpeg 20w, https:\/\/cedthu.rwpstaging.site\/wp-content\/uploads\/2024\/11\/honlap-11-22-ikf-1.jpeg 1600w\" sizes=\"(max-width: 800px) 100vw, 800px\" \/>\t\t\t\t\t\t\t\t\t\t\t\t\t\t\t<\/div>\n\t\t\t\t<\/div>\n\t\t\t\t\t<\/div>\n\t\t<\/div>\n\t\t\t\t\t<\/div>\n\t\t<\/section>\n\t\t\t\t<\/div>","protected":false},"excerpt":{"rendered":"<p>Maciej Ku\u017ami\u0144ski N\u00e9gy \u00e9vszak c\u00edm\u0171 munk\u00e1ja az \u00e9letet \u00fcnnepli, amelyet kaleidoszk\u00f3p-szer\u0171 k\u00e9pekben jelen\u00edt meg egy szinte m\u00e1r hipnotikus \u00e9s \u00f6sszetett t\u00e1nckompoz\u00edci\u00f3ban. Magyarorsz\u00e1g egyik legr\u00e9gebbi t\u00e1ncsz\u00ednh\u00e1za, a K\u00f6z\u00e9p-Eur\u00f3pa T\u00e1ncsz\u00ednh\u00e1z h\u00e9t t\u00e1ncosb\u00f3l \u00e1ll\u00f3 t\u00e1rsulata sz\u00e1m\u00e1ra k\u00e9sz\u00fclt alkot\u00e1s Ku\u017ami\u0144ski koreogr\u00e1fiai st\u00edlus\u00e1nak legjellemz\u0151bb elemeit viszi sz\u00ednpadra, amit a n\u00e9pi hagyom\u00e1nyok \u00fajra\u00e9rtelmez\u00e9s\u00e9vel vegy\u00edt. A N\u00e9gy \u00e9vszak folyamatosan v\u00e1ltoz\u00f3 szerkezet\u00e9ben a [&hellip;]<\/p>","protected":false},"author":1,"featured_media":0,"parent":0,"menu_order":0,"comment_status":"closed","ping_status":"closed","template":"","meta":{"footnotes":""},"class_list":["post-20182","page","type-page","status-publish","hentry"],"yoast_head":"<!-- This site is optimized with the Yoast SEO plugin v26.0 - https:\/\/yoast.com\/wordpress\/plugins\/seo\/ -->\n<title>Gyevn\u00e1r R\u00e9ka: \u00d6szt\u00f6nrezd\u00fcl\u00e9s (XXVI. Ifj\u00fa Koreogr\u00e1fusok F\u00f3ruma) - KET<\/title>\n<meta name=\"robots\" content=\"index, follow, max-snippet:-1, max-image-preview:large, max-video-preview:-1\" \/>\n<link rel=\"canonical\" href=\"https:\/\/cedthu.rwpstaging.site\/de\/gyevnar-reka-osztonrezdules-xxvi-ifju-koreografusok-foruma\/\" \/>\n<meta name=\"twitter:card\" content=\"summary_large_image\" \/>\n<meta name=\"twitter:title\" content=\"Gyevn\u00e1r R\u00e9ka: \u00d6szt\u00f6nrezd\u00fcl\u00e9s (XXVI. Ifj\u00fa Koreogr\u00e1fusok F\u00f3ruma) - KET\" \/>\n<meta name=\"twitter:description\" content=\"Maciej Ku\u017ami\u0144ski N\u00e9gy \u00e9vszak c\u00edm\u0171 munk\u00e1ja az \u00e9letet \u00fcnnepli, amelyet kaleidoszk\u00f3p-szer\u0171 k\u00e9pekben jelen\u00edt meg egy szinte m\u00e1r hipnotikus \u00e9s \u00f6sszetett t\u00e1nckompoz\u00edci\u00f3ban. Magyarorsz\u00e1g egyik legr\u00e9gebbi t\u00e1ncsz\u00ednh\u00e1za, a K\u00f6z\u00e9p-Eur\u00f3pa T\u00e1ncsz\u00ednh\u00e1z h\u00e9t t\u00e1ncosb\u00f3l \u00e1ll\u00f3 t\u00e1rsulata sz\u00e1m\u00e1ra k\u00e9sz\u00fclt alkot\u00e1s Ku\u017ami\u0144ski koreogr\u00e1fiai st\u00edlus\u00e1nak legjellemz\u0151bb elemeit viszi sz\u00ednpadra, amit a n\u00e9pi hagyom\u00e1nyok \u00fajra\u00e9rtelmez\u00e9s\u00e9vel vegy\u00edt. A N\u00e9gy \u00e9vszak folyamatosan v\u00e1ltoz\u00f3 szerkezet\u00e9ben a [&hellip;]\" \/>\n<meta name=\"twitter:image\" content=\"https:\/\/cedthu.rwpstaging.site\/wp-content\/uploads\/2024\/11\/default500x400image.png\" \/>\n<meta name=\"twitter:label1\" content=\"Gesch\u00e4tzte Lesezeit\" \/>\n\t<meta name=\"twitter:data1\" content=\"1\u00a0Minute\" \/>\n<script type=\"application\/ld+json\" class=\"yoast-schema-graph\">{\"@context\":\"https:\/\/schema.org\",\"@graph\":[{\"@type\":\"WebPage\",\"@id\":\"https:\/\/cedthu.rwpstaging.site\/gyevnar-reka-osztonrezdules-xxvi-ifju-koreografusok-foruma\/\",\"url\":\"https:\/\/cedthu.rwpstaging.site\/gyevnar-reka-osztonrezdules-xxvi-ifju-koreografusok-foruma\/\",\"name\":\"Gyevn\u00e1r R\u00e9ka: \u00d6szt\u00f6nrezd\u00fcl\u00e9s (XXVI. Ifj\u00fa Koreogr\u00e1fusok F\u00f3ruma) - KET\",\"isPartOf\":{\"@id\":\"https:\/\/cedthu.rwpstaging.site\/#website\"},\"primaryImageOfPage\":{\"@id\":\"https:\/\/cedthu.rwpstaging.site\/gyevnar-reka-osztonrezdules-xxvi-ifju-koreografusok-foruma\/#primaryimage\"},\"image\":{\"@id\":\"https:\/\/cedthu.rwpstaging.site\/gyevnar-reka-osztonrezdules-xxvi-ifju-koreografusok-foruma\/#primaryimage\"},\"thumbnailUrl\":\"https:\/\/cedthu.rwpstaging.site\/wp-content\/uploads\/2024\/11\/default500x400image.png\",\"datePublished\":\"2025-06-03T09:42:18+00:00\",\"dateModified\":\"2025-06-03T09:43:59+00:00\",\"breadcrumb\":{\"@id\":\"https:\/\/cedthu.rwpstaging.site\/gyevnar-reka-osztonrezdules-xxvi-ifju-koreografusok-foruma\/#breadcrumb\"},\"inLanguage\":\"de\",\"potentialAction\":[{\"@type\":\"ReadAction\",\"target\":[\"https:\/\/cedthu.rwpstaging.site\/gyevnar-reka-osztonrezdules-xxvi-ifju-koreografusok-foruma\/\"]}]},{\"@type\":\"ImageObject\",\"inLanguage\":\"de\",\"@id\":\"https:\/\/cedthu.rwpstaging.site\/gyevnar-reka-osztonrezdules-xxvi-ifju-koreografusok-foruma\/#primaryimage\",\"url\":\"https:\/\/cedthu.rwpstaging.site\/wp-content\/uploads\/2024\/11\/default500x400image.png\",\"contentUrl\":\"https:\/\/cedthu.rwpstaging.site\/wp-content\/uploads\/2024\/11\/default500x400image.png\"},{\"@type\":\"BreadcrumbList\",\"@id\":\"https:\/\/cedthu.rwpstaging.site\/gyevnar-reka-osztonrezdules-xxvi-ifju-koreografusok-foruma\/#breadcrumb\",\"itemListElement\":[{\"@type\":\"ListItem\",\"position\":1,\"name\":\"Home\",\"item\":\"https:\/\/cedthu.rwpstaging.site\/\"},{\"@type\":\"ListItem\",\"position\":2,\"name\":\"Gyevn\u00e1r R\u00e9ka: \u00d6szt\u00f6nrezd\u00fcl\u00e9s (XXVI. Ifj\u00fa Koreogr\u00e1fusok F\u00f3ruma)\"}]},{\"@type\":\"WebSite\",\"@id\":\"https:\/\/cedthu.rwpstaging.site\/#website\",\"url\":\"https:\/\/cedthu.rwpstaging.site\/\",\"name\":\"KET\",\"description\":\"K\u00f6z\u00e9p-Eur\u00f3pa T\u00e1ncsz\u00ednh\u00e1z\",\"publisher\":{\"@id\":\"https:\/\/cedthu.rwpstaging.site\/#organization\"},\"potentialAction\":[{\"@type\":\"SearchAction\",\"target\":{\"@type\":\"EntryPoint\",\"urlTemplate\":\"https:\/\/cedthu.rwpstaging.site\/?s={search_term_string}\"},\"query-input\":{\"@type\":\"PropertyValueSpecification\",\"valueRequired\":true,\"valueName\":\"search_term_string\"}}],\"inLanguage\":\"de\"},{\"@type\":\"Organization\",\"@id\":\"https:\/\/cedthu.rwpstaging.site\/#organization\",\"name\":\"KET\",\"url\":\"https:\/\/cedthu.rwpstaging.site\/\",\"logo\":{\"@type\":\"ImageObject\",\"inLanguage\":\"de\",\"@id\":\"https:\/\/cedthu.rwpstaging.site\/#\/schema\/logo\/image\/\",\"url\":\"https:\/\/cedthu.rwpstaging.site\/wp-content\/uploads\/2024\/03\/cropped-KET-NYomda-logo2.png\",\"contentUrl\":\"https:\/\/cedthu.rwpstaging.site\/wp-content\/uploads\/2024\/03\/cropped-KET-NYomda-logo2.png\",\"width\":300,\"height\":326,\"caption\":\"KET\"},\"image\":{\"@id\":\"https:\/\/cedthu.rwpstaging.site\/#\/schema\/logo\/image\/\"}}]}<\/script>\n<!-- \/ Yoast SEO plugin. -->","yoast_head_json":{"title":"Gyevn\u00e1r R\u00e9ka: \u00d6szt\u00f6nrezd\u00fcl\u00e9s (XXVI. Ifj\u00fa Koreogr\u00e1fusok F\u00f3ruma) - KET","robots":{"index":"index","follow":"follow","max-snippet":"max-snippet:-1","max-image-preview":"max-image-preview:large","max-video-preview":"max-video-preview:-1"},"canonical":"https:\/\/cedthu.rwpstaging.site\/de\/gyevnar-reka-osztonrezdules-xxvi-ifju-koreografusok-foruma\/","twitter_card":"summary_large_image","twitter_title":"Gyevn\u00e1r R\u00e9ka: \u00d6szt\u00f6nrezd\u00fcl\u00e9s (XXVI. Ifj\u00fa Koreogr\u00e1fusok F\u00f3ruma) - KET","twitter_description":"Maciej Ku\u017ami\u0144ski N\u00e9gy \u00e9vszak c\u00edm\u0171 munk\u00e1ja az \u00e9letet \u00fcnnepli, amelyet kaleidoszk\u00f3p-szer\u0171 k\u00e9pekben jelen\u00edt meg egy szinte m\u00e1r hipnotikus \u00e9s \u00f6sszetett t\u00e1nckompoz\u00edci\u00f3ban. Magyarorsz\u00e1g egyik legr\u00e9gebbi t\u00e1ncsz\u00ednh\u00e1za, a K\u00f6z\u00e9p-Eur\u00f3pa T\u00e1ncsz\u00ednh\u00e1z h\u00e9t t\u00e1ncosb\u00f3l \u00e1ll\u00f3 t\u00e1rsulata sz\u00e1m\u00e1ra k\u00e9sz\u00fclt alkot\u00e1s Ku\u017ami\u0144ski koreogr\u00e1fiai st\u00edlus\u00e1nak legjellemz\u0151bb elemeit viszi sz\u00ednpadra, amit a n\u00e9pi hagyom\u00e1nyok \u00fajra\u00e9rtelmez\u00e9s\u00e9vel vegy\u00edt. A N\u00e9gy \u00e9vszak folyamatosan v\u00e1ltoz\u00f3 szerkezet\u00e9ben a [&hellip;]","twitter_image":"https:\/\/cedthu.rwpstaging.site\/wp-content\/uploads\/2024\/11\/default500x400image.png","twitter_misc":{"Gesch\u00e4tzte Lesezeit":"1\u00a0Minute"},"schema":{"@context":"https:\/\/schema.org","@graph":[{"@type":"WebPage","@id":"https:\/\/cedthu.rwpstaging.site\/gyevnar-reka-osztonrezdules-xxvi-ifju-koreografusok-foruma\/","url":"https:\/\/cedthu.rwpstaging.site\/gyevnar-reka-osztonrezdules-xxvi-ifju-koreografusok-foruma\/","name":"Gyevn\u00e1r R\u00e9ka: \u00d6szt\u00f6nrezd\u00fcl\u00e9s (XXVI. Ifj\u00fa Koreogr\u00e1fusok F\u00f3ruma) - KET","isPartOf":{"@id":"https:\/\/cedthu.rwpstaging.site\/#website"},"primaryImageOfPage":{"@id":"https:\/\/cedthu.rwpstaging.site\/gyevnar-reka-osztonrezdules-xxvi-ifju-koreografusok-foruma\/#primaryimage"},"image":{"@id":"https:\/\/cedthu.rwpstaging.site\/gyevnar-reka-osztonrezdules-xxvi-ifju-koreografusok-foruma\/#primaryimage"},"thumbnailUrl":"https:\/\/cedthu.rwpstaging.site\/wp-content\/uploads\/2024\/11\/default500x400image.png","datePublished":"2025-06-03T09:42:18+00:00","dateModified":"2025-06-03T09:43:59+00:00","breadcrumb":{"@id":"https:\/\/cedthu.rwpstaging.site\/gyevnar-reka-osztonrezdules-xxvi-ifju-koreografusok-foruma\/#breadcrumb"},"inLanguage":"de","potentialAction":[{"@type":"ReadAction","target":["https:\/\/cedthu.rwpstaging.site\/gyevnar-reka-osztonrezdules-xxvi-ifju-koreografusok-foruma\/"]}]},{"@type":"ImageObject","inLanguage":"de","@id":"https:\/\/cedthu.rwpstaging.site\/gyevnar-reka-osztonrezdules-xxvi-ifju-koreografusok-foruma\/#primaryimage","url":"https:\/\/cedthu.rwpstaging.site\/wp-content\/uploads\/2024\/11\/default500x400image.png","contentUrl":"https:\/\/cedthu.rwpstaging.site\/wp-content\/uploads\/2024\/11\/default500x400image.png"},{"@type":"BreadcrumbList","@id":"https:\/\/cedthu.rwpstaging.site\/gyevnar-reka-osztonrezdules-xxvi-ifju-koreografusok-foruma\/#breadcrumb","itemListElement":[{"@type":"ListItem","position":1,"name":"Home","item":"https:\/\/cedthu.rwpstaging.site\/"},{"@type":"ListItem","position":2,"name":"Gyevn\u00e1r R\u00e9ka: \u00d6szt\u00f6nrezd\u00fcl\u00e9s (XXVI. Ifj\u00fa Koreogr\u00e1fusok F\u00f3ruma)"}]},{"@type":"WebSite","@id":"https:\/\/cedthu.rwpstaging.site\/#website","url":"https:\/\/cedthu.rwpstaging.site\/","name":"KET","description":"Tanztheater Mitteleuropa","publisher":{"@id":"https:\/\/cedthu.rwpstaging.site\/#organization"},"potentialAction":[{"@type":"SearchAction","target":{"@type":"EntryPoint","urlTemplate":"https:\/\/cedthu.rwpstaging.site\/?s={search_term_string}"},"query-input":{"@type":"PropertyValueSpecification","valueRequired":true,"valueName":"search_term_string"}}],"inLanguage":"de"},{"@type":"Organization","@id":"https:\/\/cedthu.rwpstaging.site\/#organization","name":"KET","url":"https:\/\/cedthu.rwpstaging.site\/","logo":{"@type":"ImageObject","inLanguage":"de","@id":"https:\/\/cedthu.rwpstaging.site\/#\/schema\/logo\/image\/","url":"https:\/\/cedthu.rwpstaging.site\/wp-content\/uploads\/2024\/03\/cropped-KET-NYomda-logo2.png","contentUrl":"https:\/\/cedthu.rwpstaging.site\/wp-content\/uploads\/2024\/03\/cropped-KET-NYomda-logo2.png","width":300,"height":326,"caption":"KET"},"image":{"@id":"https:\/\/cedthu.rwpstaging.site\/#\/schema\/logo\/image\/"}}]}},"_links":{"self":[{"href":"https:\/\/cedthu.rwpstaging.site\/de\/wp-json\/wp\/v2\/pages\/20182","targetHints":{"allow":["GET"]}}],"collection":[{"href":"https:\/\/cedthu.rwpstaging.site\/de\/wp-json\/wp\/v2\/pages"}],"about":[{"href":"https:\/\/cedthu.rwpstaging.site\/de\/wp-json\/wp\/v2\/types\/page"}],"author":[{"embeddable":true,"href":"https:\/\/cedthu.rwpstaging.site\/de\/wp-json\/wp\/v2\/users\/1"}],"replies":[{"embeddable":true,"href":"https:\/\/cedthu.rwpstaging.site\/de\/wp-json\/wp\/v2\/comments?post=20182"}],"version-history":[{"count":5,"href":"https:\/\/cedthu.rwpstaging.site\/de\/wp-json\/wp\/v2\/pages\/20182\/revisions"}],"predecessor-version":[{"id":20213,"href":"https:\/\/cedthu.rwpstaging.site\/de\/wp-json\/wp\/v2\/pages\/20182\/revisions\/20213"}],"wp:attachment":[{"href":"https:\/\/cedthu.rwpstaging.site\/de\/wp-json\/wp\/v2\/media?parent=20182"}],"curies":[{"name":"wp","href":"https:\/\/api.w.org\/{rel}","templated":true}]}}