{"id":18337,"date":"2025-05-15T16:51:08","date_gmt":"2025-05-15T16:51:08","guid":{"rendered":"https:\/\/cedthu.rwpstaging.site\/?page_id=18337"},"modified":"2025-05-15T16:52:00","modified_gmt":"2025-05-15T16:52:00","slug":"xxi-ikf-tehetsegprogram-gobi-rita","status":"publish","type":"page","link":"https:\/\/cedthu.rwpstaging.site\/en\/xxi-ikf-tehetsegprogram-gobi-rita\/","title":{"rendered":"XXI. IKF+ TALENT PROGRAMME - G\u00d3BI RITA"},"content":{"rendered":"<div data-elementor-type=\"wp-page\" data-elementor-id=\"18337\" class=\"elementor elementor-18337\" data-elementor-post-type=\"page\">\n\t\t\t\t\t\t<section class=\"elementor-section elementor-top-section elementor-element elementor-element-8157ce3 elementor-section-boxed elementor-section-height-default elementor-section-height-default\" data-id=\"8157ce3\" data-element_type=\"section\" data-settings=\"{&quot;background_background&quot;:&quot;classic&quot;}\">\n\t\t\t\t\t\t<div class=\"elementor-container elementor-column-gap-default\">\n\t\t\t\t\t<div class=\"elementor-column elementor-col-100 elementor-top-column elementor-element elementor-element-3cbf5779\" data-id=\"3cbf5779\" data-element_type=\"column\">\n\t\t\t<div class=\"elementor-widget-wrap elementor-element-populated\">\n\t\t\t\t\t\t<div class=\"elementor-element elementor-element-56d806f elementor-widget elementor-widget-image\" data-id=\"56d806f\" data-element_type=\"widget\" data-widget_type=\"image.default\">\n\t\t\t\t<div class=\"elementor-widget-container\">\n\t\t\t\t\t\t\t\t\t\t\t\t\t\t\t<img fetchpriority=\"high\" decoding=\"async\" width=\"1706\" height=\"2048\" src=\"https:\/\/cedthu.rwpstaging.site\/wp-content\/uploads\/2021\/05\/G\u00f3bi-Rita-portr\u00e9-Piti-Marcell_ff.jpg\" class=\"attachment-full size-full wp-image-7716\" alt=\"\" srcset=\"https:\/\/cedthu.rwpstaging.site\/wp-content\/uploads\/2021\/05\/G\u00f3bi-Rita-portr\u00e9-Piti-Marcell_ff.jpg 1706w, https:\/\/cedthu.rwpstaging.site\/wp-content\/uploads\/2021\/05\/G\u00f3bi-Rita-portr\u00e9-Piti-Marcell_ff-250x300.jpg 250w, https:\/\/cedthu.rwpstaging.site\/wp-content\/uploads\/2021\/05\/G\u00f3bi-Rita-portr\u00e9-Piti-Marcell_ff-853x1024.jpg 853w, https:\/\/cedthu.rwpstaging.site\/wp-content\/uploads\/2021\/05\/G\u00f3bi-Rita-portr\u00e9-Piti-Marcell_ff-768x922.jpg 768w, https:\/\/cedthu.rwpstaging.site\/wp-content\/uploads\/2021\/05\/G\u00f3bi-Rita-portr\u00e9-Piti-Marcell_ff-1280x1536.jpg 1280w, https:\/\/cedthu.rwpstaging.site\/wp-content\/uploads\/2021\/05\/G\u00f3bi-Rita-portr\u00e9-Piti-Marcell_ff-333x400.jpg 333w, https:\/\/cedthu.rwpstaging.site\/wp-content\/uploads\/2021\/05\/G\u00f3bi-Rita-portr\u00e9-Piti-Marcell_ff-17x20.jpg 17w\" sizes=\"(max-width: 1706px) 100vw, 1706px\" \/>\t\t\t\t\t\t\t\t\t\t\t\t\t\t\t<\/div>\n\t\t\t\t<\/div>\n\t\t\t\t<div class=\"elementor-element elementor-element-4ebb2fa5 elementor-widget elementor-widget-text-editor\" data-id=\"4ebb2fa5\" data-element_type=\"widget\" data-widget_type=\"text-editor.default\">\n\t\t\t\t<div class=\"elementor-widget-container\">\n\t\t\t\t\t\t\t\t\t<div class=\"x11i5rnm xat24cr x1mh8g0r x1vvkbs xtlvy1s\"><div class=\"show-description\"><p>Falka<\/p><p>\u00a0<\/p><p>In recent years, Rita G\u00f3bi has focused mainly inward, her solo lectures have been concerned with the individual, his physical possibilities and his relationship to himself. Continuing this inward journey, this time she explores the relationship between the individual and the community. What does it mean to live in community? Why does the individual seek to find community? Why does a community admit one person while excluding others? Do we want to live in a community out of selfishness or altruism? How far have we moved away from the ancient pack mentality?<\/p><p>Rita G\u00f3bi is a dance artist, choreographer and dance teacher, who researches the specific part of the dance language. She was born in Novi Sad, Vojvodina, where she started her dance studies and graduated from the Hungarian Dance Academy in Budapest. She started her career at the P\u00e9cs Ballet, then \"danced\" the independent dance scene - she danced with the Yvette Bozsik Company, R\u00e9ka Szab\u00f3's T\u00fcnetEgypsie, the Andax\u00ednh\u00e1z, the Natural Nests Collective and the \u00c9va Duda Company, and in 2006 she founded the Rita G\u00f3bi Company. She has created several full-length choreographies, in recent years with foreign partners.<\/p><p>In the last few years, I have mainly choreographed solo and duet performances, but I have a long-standing desire to work with group dynamics. As an independent creator, I cannot sustain a large group or performance; I can only practice large-scale choreographic editing through teaching. So I consider the opportunity offered by the Central European Dance Theatre as a great opportunity.<\/p><p>The production was supported by EMMI.<\/p><\/div><\/div>\t\t\t\t\t\t\t\t<\/div>\n\t\t\t\t<\/div>\n\t\t\t\t<div class=\"elementor-element elementor-element-27675599 elementor-widget elementor-widget-heading\" data-id=\"27675599\" data-element_type=\"widget\" data-widget_type=\"heading.default\">\n\t\t\t\t<div class=\"elementor-widget-container\">\n\t\t\t\t\t<h2 class=\"elementor-heading-title elementor-size-default\">creators<\/h2>\t\t\t\t<\/div>\n\t\t\t\t<\/div>\n\t\t\t\t<div class=\"elementor-element elementor-element-8d39f40 elementor-widget-divider--view-line elementor-widget elementor-widget-divider\" data-id=\"8d39f40\" data-element_type=\"widget\" data-widget_type=\"divider.default\">\n\t\t\t\t<div class=\"elementor-widget-container\">\n\t\t\t\t\t\t\t<div class=\"elementor-divider\">\n\t\t\t<span class=\"elementor-divider-separator\">\n\t\t\t\t\t\t<\/span>\n\t\t<\/div>\n\t\t\t\t\t\t<\/div>\n\t\t\t\t<\/div>\n\t\t\t\t<div class=\"elementor-element elementor-element-6f04a1a7 elementor-widget elementor-widget-text-editor\" data-id=\"6f04a1a7\" data-element_type=\"widget\" data-widget_type=\"text-editor.default\">\n\t\t\t\t<div class=\"elementor-widget-container\">\n\t\t\t\t\t\t\t\t\t<div class=\"show-actors\"><div id=\"nested-actors\"><div class=\"show-actors\"><div id=\"nested-actors\"><div><h3>Presenters<\/h3><ul><li>Kriszti\u00e1n Barna<\/li><li>Lili\u00e1na Bozs\u00e1nyi<\/li><li>R\u00e9ka Gyevn\u00e1r<\/li><li>Adrienn Horv\u00e1th<\/li><li>Ren\u00e1ta Jo\u00f3<\/li><li>Kriszti\u00e1n Ungi<\/li><\/ul><\/div><div><h3>Light<\/h3><ul><li>Zolt\u00e1n Fogarasi<\/li><\/ul><\/div><div><h3>Music<\/h3><ul><li>L\u00e1szl\u00f3 M\u00e1di<\/li><\/ul><\/div><div><h3>Dramaturg<\/h3><ul><li>Tam\u00e1s Somogyi<\/li><\/ul><\/div><div><h3>Costume<\/h3><ul><li>Petra M\u00e1k<\/li><\/ul><\/div><div><h3>Choreographer<\/h3><ul><li>Rita G\u00f3bi<\/li><\/ul><\/div><div><h3>Portrait<\/h3><ul><li>Piti Marcell<\/li><\/ul><\/div><\/div><\/div><\/div><\/div>\t\t\t\t\t\t\t\t<\/div>\n\t\t\t\t<\/div>\n\t\t\t\t\t<\/div>\n\t\t<\/div>\n\t\t\t\t\t<\/div>\n\t\t<\/section>\n\t\t\t\t<\/div>","protected":false},"excerpt":{"rendered":"<p>Falka \u00a0 Go\u0301bi Rita az uto\u0301bbi e\u0301vekben fo\u030bleg befele\u0301 fo\u0301kusza\u0301lt, szo\u0301lo\u0301 elo\u030bada\u0301saiban az egye\u0301nnel, annak fizikai leheto\u030bse\u0301geivel e\u0301s o\u0308nmaga\u0301hoz valo\u0301 viszonya\u0301val foglalkozott. Ennek a belso\u030b u\u0301tnak a folytata\u0301sake\u0301nt, ezu\u0301ttal az individuum e\u0301s a ko\u0308zo\u0308sse\u0301g viszonya\u0301t vizsga\u0301lja. Mit jelent ko\u0308zo\u0308sse\u0301gben e\u0301lni? Mie\u0301rt ce\u0301lja az egye\u0301nnek az, hogy ko\u0308zo\u0308sse\u0301get tala\u0301ljon? Mie\u0301rt enged be valakit maga\u0301ba egy ko\u0308zo\u0308sse\u0301g, [&hellip;]<\/p>","protected":false},"author":1,"featured_media":0,"parent":0,"menu_order":0,"comment_status":"closed","ping_status":"closed","template":"elementor_header_footer","meta":{"footnotes":""},"class_list":["post-18337","page","type-page","status-publish","hentry"],"yoast_head":"<!-- This site is optimized with the Yoast SEO plugin v26.0 - https:\/\/yoast.com\/wordpress\/plugins\/seo\/ -->\n<title>XXI. IKF+ TEHETS\u00c9GPROGRAM \u2013 G\u00d3BI RITA - KET<\/title>\n<meta name=\"robots\" content=\"index, follow, max-snippet:-1, max-image-preview:large, max-video-preview:-1\" \/>\n<link rel=\"canonical\" href=\"https:\/\/cedthu.rwpstaging.site\/en\/xxi-ikf-tehetsegprogram-gobi-rita\/\" \/>\n<meta name=\"twitter:card\" content=\"summary_large_image\" \/>\n<meta name=\"twitter:title\" content=\"XXI. IKF+ TEHETS\u00c9GPROGRAM \u2013 G\u00d3BI RITA - KET\" \/>\n<meta name=\"twitter:description\" content=\"Falka \u00a0 Go\u0301bi Rita az uto\u0301bbi e\u0301vekben fo\u030bleg befele\u0301 fo\u0301kusza\u0301lt, szo\u0301lo\u0301 elo\u030bada\u0301saiban az egye\u0301nnel, annak fizikai leheto\u030bse\u0301geivel e\u0301s o\u0308nmaga\u0301hoz valo\u0301 viszonya\u0301val foglalkozott. Ennek a belso\u030b u\u0301tnak a folytata\u0301sake\u0301nt, ezu\u0301ttal az individuum e\u0301s a ko\u0308zo\u0308sse\u0301g viszonya\u0301t vizsga\u0301lja. Mit jelent ko\u0308zo\u0308sse\u0301gben e\u0301lni? Mie\u0301rt ce\u0301lja az egye\u0301nnek az, hogy ko\u0308zo\u0308sse\u0301get tala\u0301ljon? Mie\u0301rt enged be valakit maga\u0301ba egy ko\u0308zo\u0308sse\u0301g, [&hellip;]\" \/>\n<meta name=\"twitter:label1\" content=\"Est. reading time\" \/>\n\t<meta name=\"twitter:data1\" content=\"2 minutes\" \/>\n<script type=\"application\/ld+json\" class=\"yoast-schema-graph\">{\"@context\":\"https:\/\/schema.org\",\"@graph\":[{\"@type\":\"WebPage\",\"@id\":\"https:\/\/cedthu.rwpstaging.site\/xxi-ikf-tehetsegprogram-gobi-rita\/\",\"url\":\"https:\/\/cedthu.rwpstaging.site\/xxi-ikf-tehetsegprogram-gobi-rita\/\",\"name\":\"XXI. IKF+ TEHETS\u00c9GPROGRAM \u2013 G\u00d3BI RITA - KET\",\"isPartOf\":{\"@id\":\"https:\/\/cedthu.rwpstaging.site\/#website\"},\"datePublished\":\"2025-05-15T16:51:08+00:00\",\"dateModified\":\"2025-05-15T16:52:00+00:00\",\"breadcrumb\":{\"@id\":\"https:\/\/cedthu.rwpstaging.site\/xxi-ikf-tehetsegprogram-gobi-rita\/#breadcrumb\"},\"inLanguage\":\"en-US\",\"potentialAction\":[{\"@type\":\"ReadAction\",\"target\":[\"https:\/\/cedthu.rwpstaging.site\/xxi-ikf-tehetsegprogram-gobi-rita\/\"]}]},{\"@type\":\"BreadcrumbList\",\"@id\":\"https:\/\/cedthu.rwpstaging.site\/xxi-ikf-tehetsegprogram-gobi-rita\/#breadcrumb\",\"itemListElement\":[{\"@type\":\"ListItem\",\"position\":1,\"name\":\"Home\",\"item\":\"https:\/\/cedthu.rwpstaging.site\/\"},{\"@type\":\"ListItem\",\"position\":2,\"name\":\"XXI. IKF+ TEHETS\u00c9GPROGRAM \u2013 G\u00d3BI RITA\"}]},{\"@type\":\"WebSite\",\"@id\":\"https:\/\/cedthu.rwpstaging.site\/#website\",\"url\":\"https:\/\/cedthu.rwpstaging.site\/\",\"name\":\"KET\",\"description\":\"K\u00f6z\u00e9p-Eur\u00f3pa T\u00e1ncsz\u00ednh\u00e1z\",\"publisher\":{\"@id\":\"https:\/\/cedthu.rwpstaging.site\/#organization\"},\"potentialAction\":[{\"@type\":\"SearchAction\",\"target\":{\"@type\":\"EntryPoint\",\"urlTemplate\":\"https:\/\/cedthu.rwpstaging.site\/?s={search_term_string}\"},\"query-input\":{\"@type\":\"PropertyValueSpecification\",\"valueRequired\":true,\"valueName\":\"search_term_string\"}}],\"inLanguage\":\"en-US\"},{\"@type\":\"Organization\",\"@id\":\"https:\/\/cedthu.rwpstaging.site\/#organization\",\"name\":\"KET\",\"url\":\"https:\/\/cedthu.rwpstaging.site\/\",\"logo\":{\"@type\":\"ImageObject\",\"inLanguage\":\"en-US\",\"@id\":\"https:\/\/cedthu.rwpstaging.site\/#\/schema\/logo\/image\/\",\"url\":\"https:\/\/cedthu.rwpstaging.site\/wp-content\/uploads\/2024\/03\/cropped-KET-NYomda-logo2.png\",\"contentUrl\":\"https:\/\/cedthu.rwpstaging.site\/wp-content\/uploads\/2024\/03\/cropped-KET-NYomda-logo2.png\",\"width\":300,\"height\":326,\"caption\":\"KET\"},\"image\":{\"@id\":\"https:\/\/cedthu.rwpstaging.site\/#\/schema\/logo\/image\/\"}}]}<\/script>\n<!-- \/ Yoast SEO plugin. -->","yoast_head_json":{"title":"XXI. IKF+ TEHETS\u00c9GPROGRAM \u2013 G\u00d3BI RITA - KET","robots":{"index":"index","follow":"follow","max-snippet":"max-snippet:-1","max-image-preview":"max-image-preview:large","max-video-preview":"max-video-preview:-1"},"canonical":"https:\/\/cedthu.rwpstaging.site\/en\/xxi-ikf-tehetsegprogram-gobi-rita\/","twitter_card":"summary_large_image","twitter_title":"XXI. IKF+ TEHETS\u00c9GPROGRAM \u2013 G\u00d3BI RITA - KET","twitter_description":"Falka \u00a0 Go\u0301bi Rita az uto\u0301bbi e\u0301vekben fo\u030bleg befele\u0301 fo\u0301kusza\u0301lt, szo\u0301lo\u0301 elo\u030bada\u0301saiban az egye\u0301nnel, annak fizikai leheto\u030bse\u0301geivel e\u0301s o\u0308nmaga\u0301hoz valo\u0301 viszonya\u0301val foglalkozott. Ennek a belso\u030b u\u0301tnak a folytata\u0301sake\u0301nt, ezu\u0301ttal az individuum e\u0301s a ko\u0308zo\u0308sse\u0301g viszonya\u0301t vizsga\u0301lja. Mit jelent ko\u0308zo\u0308sse\u0301gben e\u0301lni? Mie\u0301rt ce\u0301lja az egye\u0301nnek az, hogy ko\u0308zo\u0308sse\u0301get tala\u0301ljon? Mie\u0301rt enged be valakit maga\u0301ba egy ko\u0308zo\u0308sse\u0301g, [&hellip;]","twitter_misc":{"Est. reading time":"2 minutes"},"schema":{"@context":"https:\/\/schema.org","@graph":[{"@type":"WebPage","@id":"https:\/\/cedthu.rwpstaging.site\/xxi-ikf-tehetsegprogram-gobi-rita\/","url":"https:\/\/cedthu.rwpstaging.site\/xxi-ikf-tehetsegprogram-gobi-rita\/","name":"XXI. IKF+ TEHETS\u00c9GPROGRAM \u2013 G\u00d3BI RITA - KET","isPartOf":{"@id":"https:\/\/cedthu.rwpstaging.site\/#website"},"datePublished":"2025-05-15T16:51:08+00:00","dateModified":"2025-05-15T16:52:00+00:00","breadcrumb":{"@id":"https:\/\/cedthu.rwpstaging.site\/xxi-ikf-tehetsegprogram-gobi-rita\/#breadcrumb"},"inLanguage":"en-US","potentialAction":[{"@type":"ReadAction","target":["https:\/\/cedthu.rwpstaging.site\/xxi-ikf-tehetsegprogram-gobi-rita\/"]}]},{"@type":"BreadcrumbList","@id":"https:\/\/cedthu.rwpstaging.site\/xxi-ikf-tehetsegprogram-gobi-rita\/#breadcrumb","itemListElement":[{"@type":"ListItem","position":1,"name":"Home","item":"https:\/\/cedthu.rwpstaging.site\/"},{"@type":"ListItem","position":2,"name":"XXI. IKF+ TEHETS\u00c9GPROGRAM \u2013 G\u00d3BI RITA"}]},{"@type":"WebSite","@id":"https:\/\/cedthu.rwpstaging.site\/#website","url":"https:\/\/cedthu.rwpstaging.site\/","name":"KET","description":"Central Europe Dance Theatre","publisher":{"@id":"https:\/\/cedthu.rwpstaging.site\/#organization"},"potentialAction":[{"@type":"SearchAction","target":{"@type":"EntryPoint","urlTemplate":"https:\/\/cedthu.rwpstaging.site\/?s={search_term_string}"},"query-input":{"@type":"PropertyValueSpecification","valueRequired":true,"valueName":"search_term_string"}}],"inLanguage":"en-US"},{"@type":"Organization","@id":"https:\/\/cedthu.rwpstaging.site\/#organization","name":"KET","url":"https:\/\/cedthu.rwpstaging.site\/","logo":{"@type":"ImageObject","inLanguage":"en-US","@id":"https:\/\/cedthu.rwpstaging.site\/#\/schema\/logo\/image\/","url":"https:\/\/cedthu.rwpstaging.site\/wp-content\/uploads\/2024\/03\/cropped-KET-NYomda-logo2.png","contentUrl":"https:\/\/cedthu.rwpstaging.site\/wp-content\/uploads\/2024\/03\/cropped-KET-NYomda-logo2.png","width":300,"height":326,"caption":"KET"},"image":{"@id":"https:\/\/cedthu.rwpstaging.site\/#\/schema\/logo\/image\/"}}]}},"_links":{"self":[{"href":"https:\/\/cedthu.rwpstaging.site\/en\/wp-json\/wp\/v2\/pages\/18337","targetHints":{"allow":["GET"]}}],"collection":[{"href":"https:\/\/cedthu.rwpstaging.site\/en\/wp-json\/wp\/v2\/pages"}],"about":[{"href":"https:\/\/cedthu.rwpstaging.site\/en\/wp-json\/wp\/v2\/types\/page"}],"author":[{"embeddable":true,"href":"https:\/\/cedthu.rwpstaging.site\/en\/wp-json\/wp\/v2\/users\/1"}],"replies":[{"embeddable":true,"href":"https:\/\/cedthu.rwpstaging.site\/en\/wp-json\/wp\/v2\/comments?post=18337"}],"version-history":[{"count":5,"href":"https:\/\/cedthu.rwpstaging.site\/en\/wp-json\/wp\/v2\/pages\/18337\/revisions"}],"predecessor-version":[{"id":18363,"href":"https:\/\/cedthu.rwpstaging.site\/en\/wp-json\/wp\/v2\/pages\/18337\/revisions\/18363"}],"wp:attachment":[{"href":"https:\/\/cedthu.rwpstaging.site\/en\/wp-json\/wp\/v2\/media?parent=18337"}],"curies":[{"name":"wp","href":"https:\/\/api.w.org\/{rel}","templated":true}]}}