{"id":18759,"date":"2025-05-15T17:35:00","date_gmt":"2025-05-15T17:35:00","guid":{"rendered":"https:\/\/cedthu.rwpstaging.site\/?page_id=18759"},"modified":"2025-05-15T17:37:52","modified_gmt":"2025-05-15T17:37:52","slug":"vii-ikf-tehetsegprogram-gyulai-julia","status":"publish","type":"page","link":"https:\/\/cedthu.rwpstaging.site\/en\/vii-ikf-tehetsegprogram-gyulai-julia\/","title":{"rendered":"VII IKF Talent Programme - J\u00falia Gyulai"},"content":{"rendered":"<div data-elementor-type=\"wp-page\" data-elementor-id=\"18759\" class=\"elementor elementor-18759\" data-elementor-post-type=\"page\">\n\t\t\t\t\t\t<section class=\"elementor-section elementor-top-section elementor-element elementor-element-201f7e37 elementor-section-boxed elementor-section-height-default elementor-section-height-default\" data-id=\"201f7e37\" data-element_type=\"section\" data-settings=\"{&quot;background_background&quot;:&quot;classic&quot;}\">\n\t\t\t\t\t\t<div class=\"elementor-container elementor-column-gap-default\">\n\t\t\t\t\t<div class=\"elementor-column elementor-col-100 elementor-top-column elementor-element elementor-element-4305c6cc\" data-id=\"4305c6cc\" data-element_type=\"column\">\n\t\t\t<div class=\"elementor-widget-wrap elementor-element-populated\">\n\t\t\t\t\t\t<div class=\"elementor-element elementor-element-7b96abd elementor-widget elementor-widget-image\" data-id=\"7b96abd\" data-element_type=\"widget\" data-widget_type=\"image.default\">\n\t\t\t\t<div class=\"elementor-widget-container\">\n\t\t\t\t\t\t\t\t\t\t\t\t\t\t\t<img fetchpriority=\"high\" decoding=\"async\" width=\"300\" height=\"354\" src=\"https:\/\/cedthu.rwpstaging.site\/wp-content\/uploads\/2017\/02\/pic_66.jpg\" class=\"attachment-full size-full wp-image-2235\" alt=\"\" srcset=\"https:\/\/cedthu.rwpstaging.site\/wp-content\/uploads\/2017\/02\/pic_66.jpg 300w, https:\/\/cedthu.rwpstaging.site\/wp-content\/uploads\/2017\/02\/pic_66-254x300.jpg 254w, https:\/\/cedthu.rwpstaging.site\/wp-content\/uploads\/2017\/02\/pic_66-17x20.jpg 17w\" sizes=\"(max-width: 300px) 100vw, 300px\" \/>\t\t\t\t\t\t\t\t\t\t\t\t\t\t\t<\/div>\n\t\t\t\t<\/div>\n\t\t\t\t<div class=\"elementor-element elementor-element-7a51f390 elementor-widget elementor-widget-text-editor\" data-id=\"7a51f390\" data-element_type=\"widget\" data-widget_type=\"text-editor.default\">\n\t\t\t\t<div class=\"elementor-widget-container\">\n\t\t\t\t\t\t\t\t\t<div class=\"x11i5rnm xat24cr x1mh8g0r x1vvkbs xtlvy1s\"><div class=\"show-description\"><p>A study of corporeality based on Ren\u00e9 Magritte's painting Lovers<\/p><p>Launched in 2013, the primary aim of the talent development and research programme is to improve the opportunities for young choreographers and to empower young choreographers. The Central European Dance Theatre has set out to develop a new strategy to continue working with the youngest artists. The IKF's open competition offers young choreographers the opportunity to create. The winners will have the opportunity to work with KET dancers for a week, followed by a public performance and demonstration in a theatre setting at the end of the week.<\/p><p>In January 2015, Julia Gyulai won the opportunity to present:<\/p><p>\"I want to capture a state of mind, raw, honest, disturbing, yet tasteful. I would like to outline a relationship between two people that is still being lived and judged today in a way that is extreme: sexuality is still not, I think, something we can talk about openly. We either treat it as a taboo or we border on pornography. Neither is my aim. I'm trying to make an abstract representation of physicality, of sexuality...\"<\/p><p>Supported by the Imre Zolt\u00e1n Programme of the National Cultural Fund.<\/p><\/div><\/div>\t\t\t\t\t\t\t\t<\/div>\n\t\t\t\t<\/div>\n\t\t\t\t<div class=\"elementor-element elementor-element-47fc6166 elementor-widget elementor-widget-heading\" data-id=\"47fc6166\" data-element_type=\"widget\" data-widget_type=\"heading.default\">\n\t\t\t\t<div class=\"elementor-widget-container\">\n\t\t\t\t\t<h2 class=\"elementor-heading-title elementor-size-default\">creators<\/h2>\t\t\t\t<\/div>\n\t\t\t\t<\/div>\n\t\t\t\t<div class=\"elementor-element elementor-element-55dd097a elementor-widget-divider--view-line elementor-widget elementor-widget-divider\" data-id=\"55dd097a\" data-element_type=\"widget\" data-widget_type=\"divider.default\">\n\t\t\t\t<div class=\"elementor-widget-container\">\n\t\t\t\t\t\t\t<div class=\"elementor-divider\">\n\t\t\t<span class=\"elementor-divider-separator\">\n\t\t\t\t\t\t<\/span>\n\t\t<\/div>\n\t\t\t\t\t\t<\/div>\n\t\t\t\t<\/div>\n\t\t\t\t<div class=\"elementor-element elementor-element-14c6fba4 elementor-widget elementor-widget-text-editor\" data-id=\"14c6fba4\" data-element_type=\"widget\" data-widget_type=\"text-editor.default\">\n\t\t\t\t<div class=\"elementor-widget-container\">\n\t\t\t\t\t\t\t\t\t<div class=\"show-actors\"><div id=\"nested-actors\"><div class=\"show-actors\"><div id=\"nested-actors\"><div class=\"show-actors\"><div id=\"nested-actors\"><div><h3>Choreographer<\/h3><ul><li>Julia Gyulai<\/li><\/ul><\/div><div><h3>Light<\/h3><ul><li>Zolt\u00e1n Fogarasi<\/li><\/ul><\/div><div><h3>Consultant<\/h3><ul><li>When Attila<\/li><\/ul><\/div><div><h3>Presenters<\/h3><ul><li>Mariann Hargitai<\/li><li>Adrienn Horv\u00e1th<\/li><li>Zsanett Jakab<\/li><li>Kim Jihyung<\/li><li>N\u00f3ra Palcs\u00f3<\/li><li>Son Jeemi<\/li><li>\u00c1d\u00e1m Frigy<\/li><li>G\u00e1bor Ivanov<\/li><li>P\u00e9ter Kov\u00e1cs<\/li><li>L\u00e1szl\u00f3 M\u00e1di<\/li><\/ul><\/div><\/div><\/div><div class=\"show-images\"><div class=\"row no-margin\"><div class=\"col-md-12 no-padding\">\u00a0<\/div><\/div><\/div><\/div><\/div><\/div><\/div>\t\t\t\t\t\t\t\t<\/div>\n\t\t\t\t<\/div>\n\t\t\t\t<div class=\"elementor-element elementor-element-75b9bf0c elementor-widget elementor-widget-heading\" data-id=\"75b9bf0c\" data-element_type=\"widget\" data-widget_type=\"heading.default\">\n\t\t\t\t<div class=\"elementor-widget-container\">\n\t\t\t\t\t<h2 class=\"elementor-heading-title elementor-size-default\">VII IKF Talent Programme - J\u00falia Gyulai<\/h2>\t\t\t\t<\/div>\n\t\t\t\t<\/div>\n\t\t\t\t<div class=\"elementor-element elementor-element-729af463 elementor-widget elementor-widget-gallery\" data-id=\"729af463\" data-element_type=\"widget\" data-settings=\"{&quot;columns&quot;:3,&quot;lazyload&quot;:&quot;yes&quot;,&quot;gallery_layout&quot;:&quot;grid&quot;,&quot;columns_tablet&quot;:2,&quot;columns_mobile&quot;:1,&quot;gap&quot;:{&quot;unit&quot;:&quot;px&quot;,&quot;size&quot;:10,&quot;sizes&quot;:[]},&quot;gap_tablet&quot;:{&quot;unit&quot;:&quot;px&quot;,&quot;size&quot;:10,&quot;sizes&quot;:[]},&quot;gap_mobile&quot;:{&quot;unit&quot;:&quot;px&quot;,&quot;size&quot;:10,&quot;sizes&quot;:[]},&quot;link_to&quot;:&quot;file&quot;,&quot;aspect_ratio&quot;:&quot;3:2&quot;,&quot;overlay_background&quot;:&quot;yes&quot;,&quot;content_hover_animation&quot;:&quot;fade-in&quot;}\" data-widget_type=\"gallery.default\">\n\t\t\t\t<div class=\"elementor-widget-container\">\n\t\t\t\t\t\t\t<div class=\"elementor-gallery__container\">\n\t\t\t\t\t\t\t<a class=\"e-gallery-item elementor-gallery-item elementor-animated-content\" href=\"https:\/\/cedthu.rwpstaging.site\/wp-content\/uploads\/2017\/02\/foto_984.jpg\" data-elementor-open-lightbox=\"yes\" data-elementor-lightbox-slideshow=\"729af463\" data-elementor-lightbox-title=\"foto_984\" data-elementor-lightbox-description=\"Dusa G\u00e1bor\/ Gabor Dusa\" data-e-action-hash=\"#elementor-action%3Aaction%3Dlightbox%26settings%3DeyJpZCI6MjIzNiwidXJsIjoiaHR0cHM6XC9cL2NlZHRodS5yd3BzdGFnaW5nLnNpdGVcL3dwLWNvbnRlbnRcL3VwbG9hZHNcLzIwMTdcLzAyXC9mb3RvXzk4NC5qcGciLCJzbGlkZXNob3ciOiI3MjlhZjQ2MyJ9\">\n\t\t\t\t\t<div class=\"e-gallery-image elementor-gallery-item__image\" data-thumbnail=\"https:\/\/cedthu.rwpstaging.site\/wp-content\/uploads\/2017\/02\/foto_984-300x130.jpg\" data-width=\"300\" data-height=\"130\" aria-label=\"\" role=\"img\" ><\/div>\n\t\t\t\t\t\t\t\t\t\t\t<div class=\"elementor-gallery-item__overlay\"><\/div>\n\t\t\t\t\t\t\t\t\t\t\t\t\t\t<\/a>\n\t\t\t\t\t\t\t<a class=\"e-gallery-item elementor-gallery-item elementor-animated-content\" href=\"https:\/\/cedthu.rwpstaging.site\/wp-content\/uploads\/2017\/02\/foto_985.jpg\" data-elementor-open-lightbox=\"yes\" data-elementor-lightbox-slideshow=\"729af463\" data-elementor-lightbox-title=\"foto_985\" data-elementor-lightbox-description=\"Dusa G\u00e1bor\/ Gabor Dusa\" data-e-action-hash=\"#elementor-action%3Aaction%3Dlightbox%26settings%3DeyJpZCI6MjIzNywidXJsIjoiaHR0cHM6XC9cL2NlZHRodS5yd3BzdGFnaW5nLnNpdGVcL3dwLWNvbnRlbnRcL3VwbG9hZHNcLzIwMTdcLzAyXC9mb3RvXzk4NS5qcGciLCJzbGlkZXNob3ciOiI3MjlhZjQ2MyJ9\">\n\t\t\t\t\t<div class=\"e-gallery-image elementor-gallery-item__image\" data-thumbnail=\"https:\/\/cedthu.rwpstaging.site\/wp-content\/uploads\/2017\/02\/foto_985-300x200.jpg\" data-width=\"300\" data-height=\"200\" aria-label=\"\" role=\"img\" ><\/div>\n\t\t\t\t\t\t\t\t\t\t\t<div class=\"elementor-gallery-item__overlay\"><\/div>\n\t\t\t\t\t\t\t\t\t\t\t\t\t\t<\/a>\n\t\t\t\t\t\t\t<a class=\"e-gallery-item elementor-gallery-item elementor-animated-content\" href=\"https:\/\/cedthu.rwpstaging.site\/wp-content\/uploads\/2017\/02\/foto_986.jpg\" data-elementor-open-lightbox=\"yes\" data-elementor-lightbox-slideshow=\"729af463\" data-elementor-lightbox-title=\"foto_986\" data-elementor-lightbox-description=\"Dusa G\u00e1bor\/ Gabor Dusa \" data-e-action-hash=\"#elementor-action%3Aaction%3Dlightbox%26settings%3DeyJpZCI6MjIzOCwidXJsIjoiaHR0cHM6XC9cL2NlZHRodS5yd3BzdGFnaW5nLnNpdGVcL3dwLWNvbnRlbnRcL3VwbG9hZHNcLzIwMTdcLzAyXC9mb3RvXzk4Ni5qcGciLCJzbGlkZXNob3ciOiI3MjlhZjQ2MyJ9\">\n\t\t\t\t\t<div class=\"e-gallery-image elementor-gallery-item__image\" data-thumbnail=\"https:\/\/cedthu.rwpstaging.site\/wp-content\/uploads\/2017\/02\/foto_986-300x200.jpg\" data-width=\"300\" data-height=\"200\" aria-label=\"\" role=\"img\" ><\/div>\n\t\t\t\t\t\t\t\t\t\t\t<div class=\"elementor-gallery-item__overlay\"><\/div>\n\t\t\t\t\t\t\t\t\t\t\t\t\t\t<\/a>\n\t\t\t\t\t<\/div>\n\t\t\t\t\t<\/div>\n\t\t\t\t<\/div>\n\t\t\t\t<div class=\"elementor-element elementor-element-1d8f4307 elementor-widget elementor-widget-heading\" data-id=\"1d8f4307\" data-element_type=\"widget\" data-widget_type=\"heading.default\">\n\t\t\t\t<div class=\"elementor-widget-container\">\n\t\t\t\t\t<h2 class=\"elementor-heading-title elementor-size-default\">Related Press Releases<\/h2>\t\t\t\t<\/div>\n\t\t\t\t<\/div>\n\t\t\t\t<div class=\"elementor-element elementor-element-5ea1f56c elementor-widget-divider--view-line elementor-widget elementor-widget-divider\" data-id=\"5ea1f56c\" data-element_type=\"widget\" data-widget_type=\"divider.default\">\n\t\t\t\t<div class=\"elementor-widget-container\">\n\t\t\t\t\t\t\t<div class=\"elementor-divider\">\n\t\t\t<span class=\"elementor-divider-separator\">\n\t\t\t\t\t\t<\/span>\n\t\t<\/div>\n\t\t\t\t\t\t<\/div>\n\t\t\t\t<\/div>\n\t\t\t\t<div class=\"elementor-element elementor-element-4d5e25 elementor-widget elementor-widget-text-editor\" data-id=\"4d5e25\" data-element_type=\"widget\" data-widget_type=\"text-editor.default\">\n\t\t\t\t<div class=\"elementor-widget-container\">\n\t\t\t\t\t\t\t\t\t<div class=\"pressauthor\"><div class=\"pressauthor\"><div class=\"pressauthor\">Imre Fejes:\u00a0<a href=\"https:\/\/tanckritika.hu\/kategoriak\/interju\/701-nem-letez-kapcsolat-bucsuztatasa\">SAYING GOODBYE TO A NON-EXISTENT RELATIONSHIP\u00a0 <\/a>(Dance review) <span style=\"font-family: -apple-system, BlinkMacSystemFont, 'Segoe UI', Roboto, 'Helvetica Neue', Arial, 'Noto Sans', sans-serif, 'Apple Color Emoji', 'Segoe UI Emoji', 'Segoe UI Symbol', 'Noto Color Emoji';\">&#8211; 15\/01\/2015 <\/span><span style=\"font-family: -apple-system, BlinkMacSystemFont, 'Segoe UI', Roboto, 'Helvetica Neue', Arial, 'Noto Sans', sans-serif, 'Apple Color Emoji', 'Segoe UI Emoji', 'Segoe UI Symbol', 'Noto Color Emoji';\">\"I have a favourite painting, Magritte's Lovers, which is as much a part of the piece as the music. I recently thought that the bags on the figures in the painting could play a big part in the play. Because we need something to take off of us. And I started sewing bags with my mum...\"<\/span><\/div><\/div><\/div>\t\t\t\t\t\t\t\t<\/div>\n\t\t\t\t<\/div>\n\t\t\t\t\t<\/div>\n\t\t<\/div>\n\t\t\t\t\t<\/div>\n\t\t<\/section>\n\t\t\t\t<\/div>","protected":false},"excerpt":{"rendered":"<p>Tanulm\u00e1ny a testis\u00e9gr\u0151l Ren\u00e9 Magritte Szeret\u0151k c\u00edm\u0171 k\u00e9pe alapj\u00e1n A 2013-ban indult tehets\u00e9ggondoz\u00f3- \u00e9s kutat\u00f3program els\u0151dleges c\u00e9lja a koreogr\u00e1fusi ut\u00e1np\u00f3tl\u00e1s lehet\u0151s\u00e9geinek jav\u00edt\u00e1sa, a fiatal koreogr\u00e1fusok helyzetbehoz\u00e1sa. A K\u00f6z\u00e9p-Eur\u00f3pa T\u00e1ncsz\u00ednh\u00e1z \u00faj strat\u00e9gia kidolgoz\u00e1s\u00e1ra v\u00e1llalkozott, hogy folytathassa a legfiatalabb alkot\u00f3kkal val\u00f3 egy\u00fcttm\u0171k\u00f6d\u00e9st. Az IKF ny\u00edlt p\u00e1ly\u00e1zat\u00e1n fiatal koreogr\u00e1fusok kapnak lehet\u0151s\u00e9get az alkot\u00e1sra. A nyertesek egy h\u00e9tig dolgozhatnak [&hellip;]<\/p>","protected":false},"author":1,"featured_media":0,"parent":0,"menu_order":0,"comment_status":"closed","ping_status":"closed","template":"elementor_header_footer","meta":{"footnotes":""},"class_list":["post-18759","page","type-page","status-publish","hentry"],"yoast_head":"<!-- This site is optimized with the Yoast SEO plugin v26.0 - https:\/\/yoast.com\/wordpress\/plugins\/seo\/ -->\n<title>VII. IKF Tehets\u00e9gprogram \u2013 Gyulai J\u00falia - KET<\/title>\n<meta name=\"robots\" content=\"index, follow, max-snippet:-1, max-image-preview:large, max-video-preview:-1\" \/>\n<link rel=\"canonical\" href=\"https:\/\/cedthu.rwpstaging.site\/en\/vii-ikf-tehetsegprogram-gyulai-julia\/\" \/>\n<meta name=\"twitter:card\" content=\"summary_large_image\" \/>\n<meta name=\"twitter:title\" content=\"VII. IKF Tehets\u00e9gprogram \u2013 Gyulai J\u00falia - KET\" \/>\n<meta name=\"twitter:description\" content=\"Tanulm\u00e1ny a testis\u00e9gr\u0151l Ren\u00e9 Magritte Szeret\u0151k c\u00edm\u0171 k\u00e9pe alapj\u00e1n A 2013-ban indult tehets\u00e9ggondoz\u00f3- \u00e9s kutat\u00f3program els\u0151dleges c\u00e9lja a koreogr\u00e1fusi ut\u00e1np\u00f3tl\u00e1s lehet\u0151s\u00e9geinek jav\u00edt\u00e1sa, a fiatal koreogr\u00e1fusok helyzetbehoz\u00e1sa. A K\u00f6z\u00e9p-Eur\u00f3pa T\u00e1ncsz\u00ednh\u00e1z \u00faj strat\u00e9gia kidolgoz\u00e1s\u00e1ra v\u00e1llalkozott, hogy folytathassa a legfiatalabb alkot\u00f3kkal val\u00f3 egy\u00fcttm\u0171k\u00f6d\u00e9st. Az IKF ny\u00edlt p\u00e1ly\u00e1zat\u00e1n fiatal koreogr\u00e1fusok kapnak lehet\u0151s\u00e9get az alkot\u00e1sra. A nyertesek egy h\u00e9tig dolgozhatnak [&hellip;]\" \/>\n<meta name=\"twitter:image\" content=\"https:\/\/cedthu.rwpstaging.site\/wp-content\/uploads\/2017\/02\/pic_66.jpg\" \/>\n<meta name=\"twitter:label1\" content=\"Est. reading time\" \/>\n\t<meta name=\"twitter:data1\" content=\"2 minutes\" \/>\n<script type=\"application\/ld+json\" class=\"yoast-schema-graph\">{\"@context\":\"https:\/\/schema.org\",\"@graph\":[{\"@type\":\"WebPage\",\"@id\":\"https:\/\/cedthu.rwpstaging.site\/vii-ikf-tehetsegprogram-gyulai-julia\/\",\"url\":\"https:\/\/cedthu.rwpstaging.site\/vii-ikf-tehetsegprogram-gyulai-julia\/\",\"name\":\"VII. IKF Tehets\u00e9gprogram \u2013 Gyulai J\u00falia - KET\",\"isPartOf\":{\"@id\":\"https:\/\/cedthu.rwpstaging.site\/#website\"},\"primaryImageOfPage\":{\"@id\":\"https:\/\/cedthu.rwpstaging.site\/vii-ikf-tehetsegprogram-gyulai-julia\/#primaryimage\"},\"image\":{\"@id\":\"https:\/\/cedthu.rwpstaging.site\/vii-ikf-tehetsegprogram-gyulai-julia\/#primaryimage\"},\"thumbnailUrl\":\"https:\/\/cedthu.rwpstaging.site\/wp-content\/uploads\/2017\/02\/pic_66.jpg\",\"datePublished\":\"2025-05-15T17:35:00+00:00\",\"dateModified\":\"2025-05-15T17:37:52+00:00\",\"breadcrumb\":{\"@id\":\"https:\/\/cedthu.rwpstaging.site\/vii-ikf-tehetsegprogram-gyulai-julia\/#breadcrumb\"},\"inLanguage\":\"en-US\",\"potentialAction\":[{\"@type\":\"ReadAction\",\"target\":[\"https:\/\/cedthu.rwpstaging.site\/vii-ikf-tehetsegprogram-gyulai-julia\/\"]}]},{\"@type\":\"ImageObject\",\"inLanguage\":\"en-US\",\"@id\":\"https:\/\/cedthu.rwpstaging.site\/vii-ikf-tehetsegprogram-gyulai-julia\/#primaryimage\",\"url\":\"https:\/\/cedthu.rwpstaging.site\/wp-content\/uploads\/2017\/02\/pic_66.jpg\",\"contentUrl\":\"https:\/\/cedthu.rwpstaging.site\/wp-content\/uploads\/2017\/02\/pic_66.jpg\"},{\"@type\":\"BreadcrumbList\",\"@id\":\"https:\/\/cedthu.rwpstaging.site\/vii-ikf-tehetsegprogram-gyulai-julia\/#breadcrumb\",\"itemListElement\":[{\"@type\":\"ListItem\",\"position\":1,\"name\":\"Home\",\"item\":\"https:\/\/cedthu.rwpstaging.site\/\"},{\"@type\":\"ListItem\",\"position\":2,\"name\":\"VII. IKF Tehets\u00e9gprogram \u2013 Gyulai J\u00falia\"}]},{\"@type\":\"WebSite\",\"@id\":\"https:\/\/cedthu.rwpstaging.site\/#website\",\"url\":\"https:\/\/cedthu.rwpstaging.site\/\",\"name\":\"KET\",\"description\":\"K\u00f6z\u00e9p-Eur\u00f3pa T\u00e1ncsz\u00ednh\u00e1z\",\"publisher\":{\"@id\":\"https:\/\/cedthu.rwpstaging.site\/#organization\"},\"potentialAction\":[{\"@type\":\"SearchAction\",\"target\":{\"@type\":\"EntryPoint\",\"urlTemplate\":\"https:\/\/cedthu.rwpstaging.site\/?s={search_term_string}\"},\"query-input\":{\"@type\":\"PropertyValueSpecification\",\"valueRequired\":true,\"valueName\":\"search_term_string\"}}],\"inLanguage\":\"en-US\"},{\"@type\":\"Organization\",\"@id\":\"https:\/\/cedthu.rwpstaging.site\/#organization\",\"name\":\"KET\",\"url\":\"https:\/\/cedthu.rwpstaging.site\/\",\"logo\":{\"@type\":\"ImageObject\",\"inLanguage\":\"en-US\",\"@id\":\"https:\/\/cedthu.rwpstaging.site\/#\/schema\/logo\/image\/\",\"url\":\"https:\/\/cedthu.rwpstaging.site\/wp-content\/uploads\/2024\/03\/cropped-KET-NYomda-logo2.png\",\"contentUrl\":\"https:\/\/cedthu.rwpstaging.site\/wp-content\/uploads\/2024\/03\/cropped-KET-NYomda-logo2.png\",\"width\":300,\"height\":326,\"caption\":\"KET\"},\"image\":{\"@id\":\"https:\/\/cedthu.rwpstaging.site\/#\/schema\/logo\/image\/\"}}]}<\/script>\n<!-- \/ Yoast SEO plugin. -->","yoast_head_json":{"title":"VII. IKF Tehets\u00e9gprogram \u2013 Gyulai J\u00falia - KET","robots":{"index":"index","follow":"follow","max-snippet":"max-snippet:-1","max-image-preview":"max-image-preview:large","max-video-preview":"max-video-preview:-1"},"canonical":"https:\/\/cedthu.rwpstaging.site\/en\/vii-ikf-tehetsegprogram-gyulai-julia\/","twitter_card":"summary_large_image","twitter_title":"VII. IKF Tehets\u00e9gprogram \u2013 Gyulai J\u00falia - KET","twitter_description":"Tanulm\u00e1ny a testis\u00e9gr\u0151l Ren\u00e9 Magritte Szeret\u0151k c\u00edm\u0171 k\u00e9pe alapj\u00e1n A 2013-ban indult tehets\u00e9ggondoz\u00f3- \u00e9s kutat\u00f3program els\u0151dleges c\u00e9lja a koreogr\u00e1fusi ut\u00e1np\u00f3tl\u00e1s lehet\u0151s\u00e9geinek jav\u00edt\u00e1sa, a fiatal koreogr\u00e1fusok helyzetbehoz\u00e1sa. A K\u00f6z\u00e9p-Eur\u00f3pa T\u00e1ncsz\u00ednh\u00e1z \u00faj strat\u00e9gia kidolgoz\u00e1s\u00e1ra v\u00e1llalkozott, hogy folytathassa a legfiatalabb alkot\u00f3kkal val\u00f3 egy\u00fcttm\u0171k\u00f6d\u00e9st. Az IKF ny\u00edlt p\u00e1ly\u00e1zat\u00e1n fiatal koreogr\u00e1fusok kapnak lehet\u0151s\u00e9get az alkot\u00e1sra. A nyertesek egy h\u00e9tig dolgozhatnak [&hellip;]","twitter_image":"https:\/\/cedthu.rwpstaging.site\/wp-content\/uploads\/2017\/02\/pic_66.jpg","twitter_misc":{"Est. reading time":"2 minutes"},"schema":{"@context":"https:\/\/schema.org","@graph":[{"@type":"WebPage","@id":"https:\/\/cedthu.rwpstaging.site\/vii-ikf-tehetsegprogram-gyulai-julia\/","url":"https:\/\/cedthu.rwpstaging.site\/vii-ikf-tehetsegprogram-gyulai-julia\/","name":"VII. IKF Tehets\u00e9gprogram \u2013 Gyulai J\u00falia - KET","isPartOf":{"@id":"https:\/\/cedthu.rwpstaging.site\/#website"},"primaryImageOfPage":{"@id":"https:\/\/cedthu.rwpstaging.site\/vii-ikf-tehetsegprogram-gyulai-julia\/#primaryimage"},"image":{"@id":"https:\/\/cedthu.rwpstaging.site\/vii-ikf-tehetsegprogram-gyulai-julia\/#primaryimage"},"thumbnailUrl":"https:\/\/cedthu.rwpstaging.site\/wp-content\/uploads\/2017\/02\/pic_66.jpg","datePublished":"2025-05-15T17:35:00+00:00","dateModified":"2025-05-15T17:37:52+00:00","breadcrumb":{"@id":"https:\/\/cedthu.rwpstaging.site\/vii-ikf-tehetsegprogram-gyulai-julia\/#breadcrumb"},"inLanguage":"en-US","potentialAction":[{"@type":"ReadAction","target":["https:\/\/cedthu.rwpstaging.site\/vii-ikf-tehetsegprogram-gyulai-julia\/"]}]},{"@type":"ImageObject","inLanguage":"en-US","@id":"https:\/\/cedthu.rwpstaging.site\/vii-ikf-tehetsegprogram-gyulai-julia\/#primaryimage","url":"https:\/\/cedthu.rwpstaging.site\/wp-content\/uploads\/2017\/02\/pic_66.jpg","contentUrl":"https:\/\/cedthu.rwpstaging.site\/wp-content\/uploads\/2017\/02\/pic_66.jpg"},{"@type":"BreadcrumbList","@id":"https:\/\/cedthu.rwpstaging.site\/vii-ikf-tehetsegprogram-gyulai-julia\/#breadcrumb","itemListElement":[{"@type":"ListItem","position":1,"name":"Home","item":"https:\/\/cedthu.rwpstaging.site\/"},{"@type":"ListItem","position":2,"name":"VII. IKF Tehets\u00e9gprogram \u2013 Gyulai J\u00falia"}]},{"@type":"WebSite","@id":"https:\/\/cedthu.rwpstaging.site\/#website","url":"https:\/\/cedthu.rwpstaging.site\/","name":"KET","description":"Central Europe Dance Theatre","publisher":{"@id":"https:\/\/cedthu.rwpstaging.site\/#organization"},"potentialAction":[{"@type":"SearchAction","target":{"@type":"EntryPoint","urlTemplate":"https:\/\/cedthu.rwpstaging.site\/?s={search_term_string}"},"query-input":{"@type":"PropertyValueSpecification","valueRequired":true,"valueName":"search_term_string"}}],"inLanguage":"en-US"},{"@type":"Organization","@id":"https:\/\/cedthu.rwpstaging.site\/#organization","name":"KET","url":"https:\/\/cedthu.rwpstaging.site\/","logo":{"@type":"ImageObject","inLanguage":"en-US","@id":"https:\/\/cedthu.rwpstaging.site\/#\/schema\/logo\/image\/","url":"https:\/\/cedthu.rwpstaging.site\/wp-content\/uploads\/2024\/03\/cropped-KET-NYomda-logo2.png","contentUrl":"https:\/\/cedthu.rwpstaging.site\/wp-content\/uploads\/2024\/03\/cropped-KET-NYomda-logo2.png","width":300,"height":326,"caption":"KET"},"image":{"@id":"https:\/\/cedthu.rwpstaging.site\/#\/schema\/logo\/image\/"}}]}},"_links":{"self":[{"href":"https:\/\/cedthu.rwpstaging.site\/en\/wp-json\/wp\/v2\/pages\/18759","targetHints":{"allow":["GET"]}}],"collection":[{"href":"https:\/\/cedthu.rwpstaging.site\/en\/wp-json\/wp\/v2\/pages"}],"about":[{"href":"https:\/\/cedthu.rwpstaging.site\/en\/wp-json\/wp\/v2\/types\/page"}],"author":[{"embeddable":true,"href":"https:\/\/cedthu.rwpstaging.site\/en\/wp-json\/wp\/v2\/users\/1"}],"replies":[{"embeddable":true,"href":"https:\/\/cedthu.rwpstaging.site\/en\/wp-json\/wp\/v2\/comments?post=18759"}],"version-history":[{"count":5,"href":"https:\/\/cedthu.rwpstaging.site\/en\/wp-json\/wp\/v2\/pages\/18759\/revisions"}],"predecessor-version":[{"id":18787,"href":"https:\/\/cedthu.rwpstaging.site\/en\/wp-json\/wp\/v2\/pages\/18759\/revisions\/18787"}],"wp:attachment":[{"href":"https:\/\/cedthu.rwpstaging.site\/en\/wp-json\/wp\/v2\/media?parent=18759"}],"curies":[{"name":"wp","href":"https:\/\/api.w.org\/{rel}","templated":true}]}}